{"id":7022027,"date":"2025-05-12T10:15:29","date_gmt":"2025-05-12T08:15:29","guid":{"rendered":"https:\/\/www.homyspace.com\/blog\/?page_id=7022027"},"modified":"2025-06-04T14:29:49","modified_gmt":"2025-06-04T12:29:49","slug":"localizacion-oviedo","status":"publish","type":"page","link":"https:\/\/www.homyspace.com\/blog\/localizacion-oviedo\/","title":{"rendered":"Localizaci\u00f3n Oviedo"},"content":{"rendered":"[vc_row type=\u00bbfull_width_content\u00bb full_screen_row_position=\u00bbmiddle\u00bb column_margin=\u00bb70px\u00bb equal_height=\u00bbyes\u00bb content_placement=\u00bbtop\u00bb column_direction=\u00bbdefault\u00bb column_direction_tablet=\u00bbdefault\u00bb column_direction_phone=\u00bbdefault\u00bb bg_color=\u00bb#f3f4f6&#8243; scene_position=\u00bbcenter\u00bb top_padding=\u00bb6%\u00bb constrain_group_1=\u00bbyes\u00bb bottom_padding=\u00bb6%\u00bb left_padding_desktop=\u00bb12%\u00bb constrain_group_2=\u00bbyes\u00bb right_padding_desktop=\u00bb12%\u00bb left_padding_phone=\u00bb0%\u00bb constrain_group_6=\u00bbyes\u00bb right_padding_phone=\u00bb0%\u00bb text_color=\u00bbdark\u00bb text_align=\u00bbleft\u00bb row_border_radius=\u00bbnone\u00bb row_border_radius_applies=\u00bbbg\u00bb overflow=\u00bbvisible\u00bb overlay_strength=\u00bb0.3&#8243; gradient_direction=\u00bbleft_to_right\u00bb shape_divider_position=\u00bbbottom\u00bb bg_image_animation=\u00bbnone\u00bb gradient_type=\u00bbdefault\u00bb shape_type=\u00bb\u00bb][vc_column column_padding=\u00bbno-extra-padding\u00bb column_padding_tablet=\u00bbinherit\u00bb column_padding_phone=\u00bbinherit\u00bb column_padding_position=\u00bball\u00bb column_element_direction_desktop=\u00bbdefault\u00bb column_element_spacing=\u00bbdefault\u00bb desktop_text_alignment=\u00bbdefault\u00bb tablet_text_alignment=\u00bbdefault\u00bb phone_text_alignment=\u00bbdefault\u00bb background_color_opacity=\u00bb1&#8243; background_hover_color_opacity=\u00bb1&#8243; column_backdrop_filter=\u00bbnone\u00bb column_shadow=\u00bbnone\u00bb column_border_radius=\u00bbnone\u00bb column_link_target=\u00bb_self\u00bb column_position=\u00bbdefault\u00bb gradient_direction=\u00bbleft_to_right\u00bb overlay_strength=\u00bb0.3&#8243; width=\u00bb1\/2&#8243; tablet_width_inherit=\u00bbdefault\u00bb animation_type=\u00bbdefault\u00bb bg_image_animation=\u00bbnone\u00bb border_type=\u00bbsimple\u00bb column_border_width=\u00bbnone\u00bb column_border_style=\u00bbsolid\u00bb][vc_row_inner column_margin=\u00bbdefault\u00bb column_direction=\u00bbdefault\u00bb column_direction_tablet=\u00bbdefault\u00bb column_direction_phone=\u00bbdefault\u00bb text_align=\u00bbleft\u00bb row_position=\u00bbdefault\u00bb row_position_tablet=\u00bbinherit\u00bb row_position_phone=\u00bbinherit\u00bb overflow=\u00bbvisible\u00bb pointer_events=\u00bball\u00bb][vc_column_inner column_padding=\u00bbno-extra-padding\u00bb column_padding_tablet=\u00bbinherit\u00bb column_padding_phone=\u00bbinherit\u00bb column_padding_position=\u00bball\u00bb column_element_direction_desktop=\u00bbdefault\u00bb column_element_spacing=\u00bbdefault\u00bb desktop_text_alignment=\u00bbdefault\u00bb tablet_text_alignment=\u00bbdefault\u00bb phone_text_alignment=\u00bbdefault\u00bb background_color_opacity=\u00bb1&#8243; background_hover_color_opacity=\u00bb1&#8243; column_backdrop_filter=\u00bbnone\u00bb column_shadow=\u00bbnone\u00bb column_border_radius=\u00bbnone\u00bb column_link_target=\u00bb_self\u00bb overflow=\u00bbvisible\u00bb gradient_direction=\u00bbleft_to_right\u00bb overlay_strength=\u00bb0.3&#8243; width=\u00bb1\/1&#8243; tablet_width_inherit=\u00bbdefault\u00bb animation_type=\u00bbdefault\u00bb bg_image_animation=\u00bbnone\u00bb border_type=\u00bbsimple\u00bb column_border_width=\u00bbnone\u00bb column_border_style=\u00bbsolid\u00bb][vc_column_text css=\u00bb\u00bb text_direction=\u00bbdefault\u00bb]\n<h2 style=\"text-align: left;\">Zonas recomendadas para alojamiento temporal en <b>Oviedo<\/b><\/h2>\n[\/vc_column_text][divider line_type=\u00bbNo Line\u00bb custom_height=\u00bb2vw\u00bb][vc_column_text css=\u00bb\u00bb text_direction=\u00bbdefault\u00bb]<span style=\"font-weight: 400;\">En Homyspace ponemos a tu disposici\u00f3n todo nuestro conocimiento del mercado inmobiliario local para ayudarte a encontrar la mejor opci\u00f3n de alquiler temporal en Oviedo, siempre adapt\u00e1ndonos a las necesidades concretas de tu empresa.<\/span><\/p>\n<p><span style=\"font-weight: 400;\">Nos implicamos en cada b\u00fasqueda para proponerte alternativas funcionales, bien ubicadas y acordes a tu presupuesto. Nuestro objetivo es facilitar la estancia de tu equipo para que puedan centrarse en el desarrollo del proyecto sin complicaciones log\u00edsticas.<\/span>[\/vc_column_text][\/vc_column_inner][\/vc_row_inner][vc_row_inner column_margin=\u00bbdefault\u00bb column_direction=\u00bbdefault\u00bb column_direction_tablet=\u00bbdefault\u00bb column_direction_phone=\u00bbdefault\u00bb top_padding=\u00bb6%\u00bb text_align=\u00bbleft\u00bb row_position=\u00bbdefault\u00bb row_position_tablet=\u00bbinherit\u00bb row_position_phone=\u00bbinherit\u00bb overflow=\u00bbvisible\u00bb pointer_events=\u00bball\u00bb][vc_column_inner column_padding=\u00bbno-extra-padding\u00bb column_padding_tablet=\u00bbinherit\u00bb column_padding_phone=\u00bbinherit\u00bb column_padding_position=\u00bball\u00bb column_element_direction_desktop=\u00bbdefault\u00bb column_element_spacing=\u00bbdefault\u00bb desktop_text_alignment=\u00bbleft\u00bb tablet_text_alignment=\u00bbdefault\u00bb phone_text_alignment=\u00bbdefault\u00bb background_color_opacity=\u00bb1&#8243; background_hover_color_opacity=\u00bb1&#8243; column_backdrop_filter=\u00bbnone\u00bb column_shadow=\u00bbnone\u00bb column_border_radius=\u00bbnone\u00bb column_link_target=\u00bb_self\u00bb overflow=\u00bbvisible\u00bb gradient_direction=\u00bbleft_to_right\u00bb overlay_strength=\u00bb0.3&#8243; width=\u00bb1\/1&#8243; tablet_width_inherit=\u00bbdefault\u00bb animation_type=\u00bbdefault\u00bb bg_image_animation=\u00bbnone\u00bb border_type=\u00bbsimple\u00bb column_border_width=\u00bbnone\u00bb column_border_style=\u00bbsolid\u00bb column_padding_type=\u00bbdefault\u00bb gradient_type=\u00bbdefault\u00bb][nectar_btn size=\u00bblarge\u00bb open_new_tab=\u00bbtrue\u00bb button_style=\u00bbregular\u00bb button_color_2=\u00bbAccent-Color\u00bb icon_family=\u00bbnone\u00bb url=\u00bbhttps:\/\/www.homyspace.com\/solicitudes\/new?city=Oviedo%2C+Espa%C3%B1a&amp;request_channel=CITY_LANDING\u00bb text=\u00bbEncontrar alojamiento\u00bb css_animation=\u00bbnone\u00bb margin_bottom=\u00bb-2%\u00bb][nectar_responsive_text inherited_font_style=\u00bbdefault\u00bb font_size_desktop=\u00bb0.8rem\u00bb text_direction=\u00bbdefault\u00bb]en Oviedo[\/nectar_responsive_text][\/vc_column_inner][\/vc_row_inner][\/vc_column][vc_column column_padding=\u00bbno-extra-padding\u00bb column_padding_tablet=\u00bbinherit\u00bb column_padding_phone=\u00bbinherit\u00bb column_padding_position=\u00bball\u00bb column_element_direction_desktop=\u00bbdefault\u00bb column_element_spacing=\u00bbdefault\u00bb desktop_text_alignment=\u00bbdefault\u00bb tablet_text_alignment=\u00bbdefault\u00bb phone_text_alignment=\u00bbdefault\u00bb background_color_opacity=\u00bb1&#8243; background_hover_color_opacity=\u00bb1&#8243; column_backdrop_filter=\u00bbnone\u00bb column_shadow=\u00bbnone\u00bb column_border_radius=\u00bbnone\u00bb column_link_target=\u00bb_self\u00bb column_position=\u00bbdefault\u00bb gradient_direction=\u00bbleft_to_right\u00bb overlay_strength=\u00bb0.3&#8243; width=\u00bb1\/2&#8243; tablet_width_inherit=\u00bbdefault\u00bb animation_type=\u00bbdefault\u00bb bg_image_animation=\u00bbnone\u00bb border_type=\u00bbsimple\u00bb column_border_width=\u00bbnone\u00bb column_border_style=\u00bbsolid\u00bb][toggles style=\u00bbminimal_small\u00bb][toggle color=\u00bbAccent-Color\u00bb heading_tag=\u00bbh6&#8243; heading_tag_functionality=\u00bbdefault\u00bb title=\u00bbSi buscas alquiler temporal dentro de Oviedo\u00bb][vc_column_text css=\u00bb\u00bb text_direction=\u00bbdefault\u00bb]<span style=\"font-weight: 400;\">Cuando es importante optimizar los tiempos de desplazamiento diario, lo m\u00e1s pr\u00e1ctico es alojarse en zonas con buena conexi\u00f3n a los centros empresariales, administrativos y de servicios de la ciudad.<\/span><\/p>\n<h4><b>Alquiler temporal en el Centro \u2013 Casco Hist\u00f3rico, Ur\u00eda, Campo San Francisco<\/b><\/h4>\n<p><span style=\"font-weight: 400;\">Es el n\u00facleo comercial, institucional y cultural de Oviedo. Una zona con gran actividad y todos los servicios a mano, ideal para directivos o equipos que necesitan proximidad a despachos profesionales, organismos p\u00fablicos y centros de negocio.<\/span><\/p>\n<h4><b>Alquiler temporal en Buenavista \u2013 Avenida de Galicia, Plaza de Am\u00e9rica<\/b><\/h4>\n<p><span style=\"font-weight: 400;\">\u00c1rea residencial consolidada y tranquila, con f\u00e1cil acceso a pie al centro y buena comunicaci\u00f3n con edificios administrativos, hospitales y zonas universitarias. Perfecta para estancias prolongadas que requieren comodidad, servicios y cercan\u00eda estrat\u00e9gica.<\/span><\/p>\n<h4><b>Alquiler temporal en Montecerrao y La Florida<\/b><\/h4>\n<p><span style=\"font-weight: 400;\">Barrios modernos, bien equipados y con abundantes espacios verdes. Cuentan con buena salida hacia las principales v\u00edas de entrada y salida de la ciudad. Una opci\u00f3n pr\u00e1ctica para alojar a equipos t\u00e9cnicos o personal administrativo durante proyectos de media o larga duraci\u00f3n.<\/span><\/p>\n<h4><b>Alquiler temporal en Pumar\u00edn y Ventanielles<\/b><\/h4>\n<p><span style=\"font-weight: 400;\">Zonas residenciales bien comunicadas mediante autob\u00fas y con acceso r\u00e1pido al centro y al entorno industrial del sur de la ciudad. Ideales para trabajadores desplazados que buscan un entorno funcional, con servicios y buena conectividad urbana.<\/span>[\/vc_column_text][\/toggle][toggle color=\u00bbAccent-Color\u00bb heading_tag=\u00bbh6&#8243; heading_tag_functionality=\u00bbdefault\u00bb title=\u00bbSi buscas alquiler temporal en el \u00e1rea metropolitana de Oviedo\u00bb][vc_column_text css=\u00bb\u00bb text_direction=\u00bbdefault\u00bb]<span style=\"font-weight: 400;\">Una opci\u00f3n a tener en cuenta para empresas que buscan optimizar costes sin renunciar a una buena conexi\u00f3n con la ciudad y al confort de su equipo.<\/span><\/p>\n<h4><b>Alquiler temporal en Lugones<\/b><\/h4>\n<p><span style=\"font-weight: 400;\">Localidad muy pr\u00f3xima a Oviedo, con acceso directo por autov\u00eda y servicio regular de tren y autob\u00fas. Resulta conveniente para alojar a personal t\u00e9cnico o de obra implicado en proyectos en el entorno industrial de Siero o Granda.<\/span><\/p>\n<h4><b>Alquiler temporal en La Corredoria<\/b><\/h4>\n<p><span style=\"font-weight: 400;\">Zona bien conectada con el Hospital Universitario Central de Asturias y la autopista A-66. Ideal para profesionales vinculados a la sanidad, la investigaci\u00f3n o empresas del sector tecnol\u00f3gico con sede en el norte de Oviedo.<\/span><\/p>\n<h4><b>Alquiler temporal en Colloto<\/b><\/h4>\n<p><span style=\"font-weight: 400;\">Barrio lim\u00edtrofe entre Oviedo y Siero, con buena salida hacia pol\u00edgonos industriales y precios m\u00e1s ajustados que en el centro. Opci\u00f3n recomendable para equipos que se desplazan a diario y prefieren un entorno tranquilo y residencial.<\/span><\/p>\n<h4><b>Alquiler temporal en El Berr\u00f3n y Nore\u00f1a<\/b><\/h4>\n<p><span style=\"font-weight: 400;\">Municipios bien comunicados por carretera y tren, especialmente pr\u00e1cticos para estancias largas de trabajadores implicados en proyectos repartidos entre Oviedo, Siero o incluso Gij\u00f3n. Una alternativa c\u00f3moda para quienes necesitan flexibilidad geogr\u00e1fica.<\/span>[\/vc_column_text][\/toggle][toggle color=\u00bbAccent-Color\u00bb heading_tag=\u00bbh6&#8243; heading_tag_functionality=\u00bbdefault\u00bb title=\u00bbSi buscas reducir costes en tu alojamiento en Oviedo\u00bb][vc_column_text css=\u00bb\u00bb text_direction=\u00bbdefault\u00bb]<span style=\"font-weight: 400;\">Oviedo y su entorno m\u00e1s pr\u00f3ximo ofrecen barrios y n\u00facleos residenciales donde es posible encontrar alquileres temporales m\u00e1s econ\u00f3micos, sin perder conectividad ni seguridad.<\/span><\/p>\n<h4><b>Alquiler temporal en Ventanielles y Pumar\u00edn<\/b><\/h4>\n<p><span style=\"font-weight: 400;\">Barrios con precios m\u00e1s ajustados que el centro, bien dotados de servicios y con conexi\u00f3n directa al resto de la ciudad mediante autobuses urbanos. Recomendables para estancias medias de trabajadores desplazados.<\/span><\/p>\n<h4><b>Alquiler temporal en La Tenderina y La Monxina<\/b><\/h4>\n<p><span style=\"font-weight: 400;\">Zonas al este de la ciudad, con viviendas amplias y buena accesibilidad a trav\u00e9s de la A-66. Muy apropiadas para alojar equipos numerosos implicados en proyectos t\u00e9cnicos o de mantenimiento.<\/span><\/p>\n<h4><b>Alquiler temporal en La Corredoria y Villafr\u00eda<\/b><\/h4>\n<p><span style=\"font-weight: 400;\">\u00c1reas residenciales al norte de Oviedo, con buena relaci\u00f3n calidad-precio, entornos tranquilos y conexi\u00f3n mediante autob\u00fas y cercan\u00edas. Ideales para empresas que buscan alojar personal de forma pr\u00e1ctica y eficiente.<\/span>[\/vc_column_text][\/toggle][toggle color=\u00bbAccent-Color\u00bb heading_tag=\u00bbh6&#8243; heading_tag_functionality=\u00bbdefault\u00bb title=\u00bbSi trabajas en industria y manufactura\u00bb][vc_column_text css=\u00bb\u00bb text_direction=\u00bbdefault\u00bb]<span style=\"font-weight: 400;\">Oviedo y su entorno cuentan con varios polos industriales estrat\u00e9gicos en Asturias, especialmente activos en sectores como la automoci\u00f3n, el metal, la alimentaci\u00f3n y la log\u00edstica.<\/span><\/p>\n<h4><b>Alquiler temporal en el Pol\u00edgono Esp\u00edritu Santo y La Corredoria<\/b><\/h4>\n<p><span style=\"font-weight: 400;\">Zona industrial clave al norte de la ciudad, con presencia de empresas log\u00edsticas, de distribuci\u00f3n y talleres especializados. Bien conectada por la A-66 y pr\u00f3xima a zonas residenciales como La Corredoria, una opci\u00f3n pr\u00e1ctica para alojar personal t\u00e9cnico o de almac\u00e9n.<\/span><\/p>\n<h4><b>Alquiler temporal en el Pol\u00edgono del Parque Empresarial Principado de Asturias (PEPA)<\/b><\/h4>\n<p><span style=\"font-weight: 400;\">\u00c1rea industrial situada en las afueras, entre Oviedo y Avil\u00e9s, con empresas de manufactura, metal y energ\u00eda. Se puede combinar con alojamiento en zonas residenciales de Colloto o en municipios intermedios como Lugones.<\/span><\/p>\n<h4><b>Alquiler temporal en Granda y Meres (Siero)<\/b><\/h4>\n<p><span style=\"font-weight: 400;\">Entorno empresarial pr\u00f3ximo a Oviedo, con pol\u00edgonos activos en log\u00edstica, alimentaci\u00f3n y distribuci\u00f3n. Alojarse en Lugones o El Berr\u00f3n permite acceso r\u00e1pido al \u00e1rea industrial y mayor competitividad en precio.<\/span><\/p>\n<h4><b>Alquiler temporal en Nore\u00f1a y Pol\u00edgono de Bobes<\/b><\/h4>\n<p><span style=\"font-weight: 400;\">Municipios cercanos a la capital, con buena conexi\u00f3n por carretera con los principales centros industriales del eje Oviedo\u2013Siero\u2013Gij\u00f3n. Recomendables para alojar a trabajadores desplazados en proyectos prolongados y con movilidad diaria.<\/span>[\/vc_column_text][\/toggle][toggle color=\u00bbAccent-Color\u00bb heading_tag=\u00bbh6&#8243; heading_tag_functionality=\u00bbdefault\u00bb title=\u00bbSi trabajas en servicios y comercio\u00bb][vc_column_text css=\u00bb\u00bb text_direction=\u00bbdefault\u00bb]<span style=\"font-weight: 400;\">La mejor opci\u00f3n es alojarse temporalmente en zonas c\u00e9ntricas de Oviedo o bien comunicadas, donde se concentra la actividad administrativa, comercial y profesional de la ciudad.<\/span><\/p>\n<h4><b>Alquiler temporal en el centro \u2013 Calle Ur\u00eda, Campo San Francisco y Plaza Longoria<\/b><\/h4>\n<p><span style=\"font-weight: 400;\">Ubicaci\u00f3n privilegiada para perfiles directivos, consultores o profesionales con agenda de reuniones. Es el coraz\u00f3n institucional y comercial de la ciudad, con presencia de oficinas, despachos, entidades financieras y buena conectividad a pie o en transporte p\u00fablico.<\/span><\/p>\n<h4><b>Alquiler temporal en el Casco Antiguo y zona de la Catedral<\/b><\/h4>\n<p><span style=\"font-weight: 400;\">Barrios con personalidad y ambiente cultural, situados a pocos pasos del centro administrativo. Muy recomendables para creativos, profesionales aut\u00f3nomos o peque\u00f1as empresas que valoran un entorno con historia, servicios y vida urbana.<\/span><\/p>\n<h4><b>Alquiler temporal en Avenida Galicia y zona del Auditorio<\/b><\/h4>\n<p><span style=\"font-weight: 400;\">\u00c1rea moderna con gran presencia de oficinas, asesor\u00edas, centros m\u00e9dicos y organismos p\u00fablicos. Ideal para empresas del sector servicios, bufetes o consultoras que buscan una ubicaci\u00f3n accesible y profesional, cerca del centro y con buena movilidad.<\/span>[\/vc_column_text][\/toggle][toggle color=\u00bbAccent-Color\u00bb heading_tag=\u00bbh6&#8243; heading_tag_functionality=\u00bbdefault\u00bb title=\u00bbSi los trabajadores cuentan con veh\u00edculo propio\u00bb][vc_column_text css=\u00bb\u00bb text_direction=\u00bbdefault\u00bb]<span style=\"font-weight: 400;\">La opci\u00f3n m\u00e1s pr\u00e1ctica es alojarse en zonas de Oviedo con buena salida a la A-66, AS-17 o N-634, y donde sea f\u00e1cil encontrar aparcamiento para facilitar los desplazamientos diarios.<\/span><\/p>\n<h4><b>Alquiler temporal en Montecerrao y La Florida<\/b><\/h4>\n<p><span style=\"font-weight: 400;\">Barrios residenciales al oeste de la ciudad, bien conectados con la A-63 y salidas hacia Grado o Avil\u00e9s. Ofrecen viviendas modernas con garaje, calles amplias y buena disponibilidad de aparcamiento, ideales para estancias largas con veh\u00edculo propio.<\/span><\/p>\n<h4><b>Alquiler temporal en Colloto y Parque del Oeste<\/b><\/h4>\n<p><span style=\"font-weight: 400;\">Zonas con excelente acceso por carretera hacia pol\u00edgonos industriales de Siero o Granda. Disponen de viviendas espaciosas, acceso \u00e1gil a la autov\u00eda y mayor facilidad para aparcar, lo que las convierte en una alternativa c\u00f3moda para trabajadores con movilidad diaria.<\/span><\/p>\n<h4><b>Alquiler temporal en Villafr\u00eda y La Tenderina Alta<\/b><\/h4>\n<p><span style=\"font-weight: 400;\">Barrios al este de Oviedo, pr\u00f3ximos a la salida hacia la AS-17 y la zona industrial de San Claudio. Recomendados para equipos t\u00e9cnicos que necesitan moverse con agilidad y prefieren alojarse en un entorno residencial con buenas conexiones.<\/span>[\/vc_column_text][vc_column_text css=\u00bb\u00bb text_direction=\u00bbdefault\u00bb]\n<h3><b>\u00bfC\u00f3mo est\u00e1 el aparcamiento en Oviedo?<\/b><\/h3>\n<p><span style=\"font-weight: 400;\">En el centro de Oviedo, el estacionamiento est\u00e1 regulado por la O.R.A., con horarios limitados y zonas de pago. Sin embargo, en barrios como Montecerrao, Colloto o La Florida, aparcar es m\u00e1s sencillo y gratuito.<\/span><\/p>\n<p><span style=\"font-weight: 400;\">La ciudad tambi\u00e9n cuenta con parkings subterr\u00e1neos con abonos mensuales, y zonas de estacionamiento libre cerca de las principales entradas urbanas como el HUCA o el entorno del Palacio de Exposiciones, desde donde es f\u00e1cil acceder al centro.<\/span>[\/vc_column_text][\/toggle][toggle color=\u00bbAccent-Color\u00bb heading_tag=\u00bbh6&#8243; heading_tag_functionality=\u00bbdefault\u00bb title=\u00bbSi los trabajadores necesitan transporte p\u00fablico\u00bb][vc_column_text css=\u00bb\u00bb text_direction=\u00bbdefault\u00bb]<span style=\"font-weight: 400;\">Oviedo cuenta con una red de autobuses urbanos eficiente y bien distribuida, que facilita los desplazamientos diarios sin necesidad de utilizar coche particular.<\/span><\/p>\n<h4><b>Alquiler temporal en el Centro \u2013 Calle Ur\u00eda, Campo San Francisco, Plaza del Font\u00e1n<\/b><\/h4>\n<p><span style=\"font-weight: 400;\">Zona comercial e institucional con m\u00faltiples paradas de autob\u00fas que conectan con toda la ciudad. Ideal para trabajadores con reuniones frecuentes o actividad profesional en oficinas, juzgados o administraciones.<\/span><\/p>\n<h4><b>Alquiler temporal en Pumar\u00edn y Ventanielles<\/b><\/h4>\n<p><span style=\"font-weight: 400;\">Barrios con varias l\u00edneas de autob\u00fas que enlazan r\u00e1pidamente con el centro, hospitales y zonas industriales. Muy recomendables para equipos con alta movilidad dentro de la ciudad y que necesitan acceso constante al transporte p\u00fablico.<\/span><\/p>\n<h4><b>Alquiler temporal en La Corredoria<\/b><\/h4>\n<p><span style=\"font-weight: 400;\">\u00c1rea residencial bien comunicada mediante tren de cercan\u00edas y varias l\u00edneas de autob\u00fas. Su proximidad al HUCA y a la zona norte de Oviedo la convierte en una opci\u00f3n funcional para estancias laborales de media duraci\u00f3n.<\/span><\/p>\n<h4><b>Alquiler temporal en La Tenderina y San L\u00e1zaro<\/b><\/h4>\n<p><span style=\"font-weight: 400;\">Zonas con buena conectividad en autob\u00fas y acceso a las principales v\u00edas. Cercanas a centros educativos, instalaciones deportivas y \u00e1reas administrativas, ideales para quienes necesitan moverse por distintas zonas sin veh\u00edculo.<\/span>[\/vc_column_text][\/toggle][\/toggles][\/vc_column][\/vc_row][vc_row type=\u00bbfull_width_background\u00bb full_screen_row_position=\u00bbmiddle\u00bb column_margin=\u00bbdefault\u00bb column_direction=\u00bbdefault\u00bb column_direction_tablet=\u00bbdefault\u00bb column_direction_phone=\u00bbdefault\u00bb bg_color=\u00bb#ffffff\u00bb scene_position=\u00bbcenter\u00bb top_padding=\u00bb6%\u00bb bottom_padding=\u00bb6%\u00bb text_color=\u00bbdark\u00bb text_align=\u00bbleft\u00bb row_border_radius=\u00bbnone\u00bb row_border_radius_applies=\u00bbbg\u00bb overflow=\u00bbvisible\u00bb overlay_strength=\u00bb0.3&#8243; gradient_direction=\u00bbleft_to_right\u00bb shape_divider_position=\u00bbbottom\u00bb bg_image_animation=\u00bbnone\u00bb shape_type=\u00bb\u00bb][vc_column column_padding=\u00bbno-extra-padding\u00bb column_padding_tablet=\u00bbinherit\u00bb column_padding_phone=\u00bbinherit\u00bb column_padding_position=\u00bball\u00bb column_element_direction_desktop=\u00bbdefault\u00bb column_element_spacing=\u00bbdefault\u00bb desktop_text_alignment=\u00bbdefault\u00bb tablet_text_alignment=\u00bbdefault\u00bb phone_text_alignment=\u00bbdefault\u00bb background_color_opacity=\u00bb1&#8243; background_hover_color_opacity=\u00bb1&#8243; column_backdrop_filter=\u00bbnone\u00bb column_shadow=\u00bbnone\u00bb column_border_radius=\u00bbnone\u00bb column_link_target=\u00bb_self\u00bb column_position=\u00bbdefault\u00bb gradient_direction=\u00bbleft_to_right\u00bb overlay_strength=\u00bb0.3&#8243; width=\u00bb1\/1&#8243; tablet_width_inherit=\u00bbdefault\u00bb animation_type=\u00bbdefault\u00bb bg_image_animation=\u00bbnone\u00bb border_type=\u00bbsimple\u00bb column_border_width=\u00bbnone\u00bb column_border_style=\u00bbsolid\u00bb][vc_row_inner column_margin=\u00bbdefault\u00bb column_direction=\u00bbdefault\u00bb column_direction_tablet=\u00bbdefault\u00bb column_direction_phone=\u00bbdefault\u00bb text_align=\u00bbleft\u00bb row_position=\u00bbdefault\u00bb row_position_tablet=\u00bbinherit\u00bb row_position_phone=\u00bbinherit\u00bb overflow=\u00bbvisible\u00bb pointer_events=\u00bball\u00bb css=\u00bb.vc_custom_1567864668835{margin-bottom: -20px !important;}\u00bb][vc_column_inner column_padding=\u00bbno-extra-padding\u00bb column_padding_tablet=\u00bbinherit\u00bb column_padding_phone=\u00bbinherit\u00bb column_padding_position=\u00bball\u00bb column_element_direction_desktop=\u00bbdefault\u00bb column_element_spacing=\u00bbdefault\u00bb centered_text=\u00bbtrue\u00bb desktop_text_alignment=\u00bbdefault\u00bb tablet_text_alignment=\u00bbdefault\u00bb phone_text_alignment=\u00bbdefault\u00bb background_color_opacity=\u00bb1&#8243; background_hover_color_opacity=\u00bb1&#8243; column_backdrop_filter=\u00bbnone\u00bb column_shadow=\u00bbnone\u00bb column_border_radius=\u00bbnone\u00bb column_link_target=\u00bb_self\u00bb overflow=\u00bbvisible\u00bb gradient_direction=\u00bbleft_to_right\u00bb overlay_strength=\u00bb0.3&#8243; width=\u00bb1\/1&#8243; tablet_width_inherit=\u00bbdefault\u00bb animation_type=\u00bbdefault\u00bb bg_image_animation=\u00bbnone\u00bb border_type=\u00bbsimple\u00bb column_border_width=\u00bbnone\u00bb column_border_style=\u00bbsolid\u00bb column_padding_type=\u00bbdefault\u00bb gradient_type=\u00bbdefault\u00bb][vc_column_text css=\u00bb\u00bb text_direction=\u00bbdefault\u00bb]\n<h2 style=\"text-align: center;\">Facilitamos la vida a muchas empresas<\/h2>\n[\/vc_column_text][\/vc_column_inner][\/vc_row_inner][carousel script=\u00bbflickity\u00bb flickity_formatting=\u00bbdefault\u00bb desktop_cols_flickity=\u00bb2&#8243; desktop_small_cols_flickity=\u00bb2&#8243; tablet_cols_flickity=\u00bb2&#8243; phone_cols_flickity=\u00bb1&#8243; flickity_controls=\u00bbdefault\u00bb color=\u00bbdefault\u00bb flickity_overflow=\u00bbvisible\u00bb flickity_wrap_around=\u00bbno-wrap\u00bb pagination_alignment_flickity=\u00bbdefault\u00bb flickity_spacing=\u00bbdefault\u00bb flickity_column_vertical_alignment=\u00bbdefault\u00bb column_padding=\u00bb0&#8243; flickity_element_spacing=\u00bbdefault\u00bb border_radius=\u00bbnone\u00bb][item simple_slider_bg_image_position=\u00bbdefault\u00bb simple_slider_overlay_strength=\u00bb0.3&#8243; simple_slider_bg_image_loading=\u00bbdefault\u00bb id=\u00bb1747037307279-6&#8243; title=\u00bbItem\u00bb tab_id=\u00bb1747037307279-6&#8243;][vc_row_inner column_margin=\u00bbdefault\u00bb column_direction=\u00bbdefault\u00bb column_direction_tablet=\u00bbdefault\u00bb column_direction_phone=\u00bbdefault\u00bb text_align=\u00bbleft\u00bb row_position=\u00bbdefault\u00bb row_position_tablet=\u00bbinherit\u00bb row_position_phone=\u00bbinherit\u00bb overflow=\u00bbvisible\u00bb pointer_events=\u00bball\u00bb][vc_column_inner top_padding_desktop=\u00bb6%\u00bb bottom_padding_desktop=\u00bb15%\u00bb left_padding_desktop=\u00bb8%\u00bb constrain_group_101=\u00bbyes\u00bb right_padding_desktop=\u00bb8%\u00bb column_element_direction_desktop=\u00bbdefault\u00bb column_element_spacing=\u00bbdefault\u00bb desktop_text_alignment=\u00bbdefault\u00bb tablet_text_alignment=\u00bbdefault\u00bb phone_text_alignment=\u00bbdefault\u00bb background_color_opacity=\u00bb1&#8243; background_hover_color_opacity=\u00bb1&#8243; column_backdrop_filter=\u00bbnone\u00bb column_shadow=\u00bbnone\u00bb column_border_radius=\u00bb15px\u00bb column_link_target=\u00bb_self\u00bb overflow=\u00bbvisible\u00bb gradient_direction=\u00bbleft_to_right\u00bb overlay_strength=\u00bb0.3&#8243; width=\u00bb1\/1&#8243; tablet_width_inherit=\u00bbdefault\u00bb animation_type=\u00bbdefault\u00bb bg_image_animation=\u00bbnone\u00bb border_type=\u00bbsimple\u00bb column_border_width=\u00bb1px\u00bb column_border_color=\u00bb#e8e8e8&#8243; column_border_style=\u00bbsolid\u00bb column_padding_type=\u00bbadvanced\u00bb gradient_type=\u00bbdefault\u00bb][image_with_animation image_url=\u00bb7021612&#8243; image_size=\u00bbfull\u00bb animation_type=\u00bbentrance\u00bb animation=\u00bbNone\u00bb animation_movement_type=\u00bbtransform_y\u00bb hover_animation=\u00bbnone\u00bb alignment=\u00bb\u00bb border_radius=\u00bbnone\u00bb box_shadow=\u00bbnone\u00bb image_loading=\u00bbdefault\u00bb max_width=\u00bbcustom\u00bb max_width_custom=\u00bb12%\u00bb margin_bottom=\u00bb5%\u00bb]<div class=\"iwithtext\"><div class=\"iwt-icon\"> <i class=\"icon-default-style fa fa-quote-left extra-color-2\"><\/i> <\/div><div class=\"iwt-text\"> \n<h3 class=\"font-medium text-lg text-gray-900\"><strong>Con Homyspace conseguimos facturas por las estancias<\/strong><\/h3>\n<p class=\"text-base text-gray-900 mt-1\">Desde que Homyspace gestiona el alojamiento temporal para nuestros trabajadores, hemos dejado de tener problemas para conseguir las facturas por las estancias. Les decimos lo que necesitamos y en poco nos env\u00edan las mejores opciones. As\u00ed podemos dedicar nuestro tiempo al resto de gestiones de los desplazamientos.<\/p>\n<p><strong>Grupo IC<\/strong><br \/>\n<strong style=\"color: #9ca3af;\">Travel Manager de Grupo IC<\/strong> <\/div><div class=\"clear\"><\/div><\/div>[\/vc_column_inner][\/vc_row_inner][\/item][item simple_slider_bg_image_position=\u00bbdefault\u00bb simple_slider_overlay_strength=\u00bb0.3&#8243; simple_slider_bg_image_loading=\u00bbdefault\u00bb id=\u00bb1747037307353-7&#8243; title=\u00bbItem\u00bb tab_id=\u00bb1747037307353-9&#8243;][vc_row_inner column_margin=\u00bbdefault\u00bb column_direction=\u00bbdefault\u00bb column_direction_tablet=\u00bbdefault\u00bb column_direction_phone=\u00bbdefault\u00bb text_align=\u00bbleft\u00bb row_position=\u00bbdefault\u00bb row_position_tablet=\u00bbinherit\u00bb row_position_phone=\u00bbinherit\u00bb overflow=\u00bbvisible\u00bb pointer_events=\u00bball\u00bb][vc_column_inner top_padding_desktop=\u00bb6%\u00bb bottom_padding_desktop=\u00bb15%\u00bb left_padding_desktop=\u00bb8%\u00bb constrain_group_101=\u00bbyes\u00bb right_padding_desktop=\u00bb8%\u00bb column_element_direction_desktop=\u00bbdefault\u00bb column_element_spacing=\u00bbdefault\u00bb desktop_text_alignment=\u00bbdefault\u00bb tablet_text_alignment=\u00bbdefault\u00bb phone_text_alignment=\u00bbdefault\u00bb background_color_opacity=\u00bb1&#8243; background_hover_color_opacity=\u00bb1&#8243; column_backdrop_filter=\u00bbnone\u00bb column_shadow=\u00bbnone\u00bb column_border_radius=\u00bb15px\u00bb column_link_target=\u00bb_self\u00bb overflow=\u00bbvisible\u00bb gradient_direction=\u00bbleft_to_right\u00bb overlay_strength=\u00bb0.3&#8243; width=\u00bb1\/1&#8243; tablet_width_inherit=\u00bbdefault\u00bb animation_type=\u00bbdefault\u00bb bg_image_animation=\u00bbnone\u00bb border_type=\u00bbsimple\u00bb column_border_width=\u00bb1px\u00bb column_border_color=\u00bb#e8e8e8&#8243; column_border_style=\u00bbsolid\u00bb column_padding_type=\u00bbadvanced\u00bb gradient_type=\u00bbdefault\u00bb][image_with_animation image_url=\u00bb7021626&#8243; image_size=\u00bbfull\u00bb animation_type=\u00bbentrance\u00bb animation=\u00bbNone\u00bb animation_movement_type=\u00bbtransform_y\u00bb hover_animation=\u00bbnone\u00bb alignment=\u00bb\u00bb border_radius=\u00bbnone\u00bb box_shadow=\u00bbnone\u00bb image_loading=\u00bbdefault\u00bb max_width=\u00bbcustom\u00bb max_width_custom=\u00bb30%\u00bb margin_bottom=\u00bb5%\u00bb]<div class=\"iwithtext\"><div class=\"iwt-icon\"> <i class=\"icon-default-style fa fa-quote-left extra-color-2\"><\/i> <\/div><div class=\"iwt-text\"> \n<h3 class=\"font-medium text-lg text-gray-900\"><strong>Ahorro de tiempo y dinero<\/strong><\/h3>\n<p class=\"text-base text-gray-900 mt-1\">El servicio es estupendo y muy r\u00e1pido. Hemos reducido el coste y nos ha facilitado much\u00edsimo la contrataci\u00f3n del alojamiento. Nuestros empleados est\u00e1n muy contentos con los inmuebles y nosotros tambi\u00e9n. Encontramos mejores opciones y m\u00e1s baratas.<\/p>\n<p><strong>Openbank<\/strong><br \/>\n<strong style=\"color: #9ca3af;\">Departamento de RRHH de Openbank<\/strong> <\/div><div class=\"clear\"><\/div><\/div>[\/vc_column_inner][\/vc_row_inner][\/item][item simple_slider_bg_image_position=\u00bbdefault\u00bb simple_slider_overlay_strength=\u00bb0.3&#8243; simple_slider_bg_image_loading=\u00bbdefault\u00bb id=\u00bb1747037307407-6&#8243; title=\u00bbItem\u00bb tab_id=\u00bb1747037307407-1&#8243;][vc_row_inner column_margin=\u00bbdefault\u00bb column_direction=\u00bbdefault\u00bb column_direction_tablet=\u00bbdefault\u00bb column_direction_phone=\u00bbdefault\u00bb text_align=\u00bbleft\u00bb row_position=\u00bbdefault\u00bb row_position_tablet=\u00bbinherit\u00bb row_position_phone=\u00bbinherit\u00bb overflow=\u00bbvisible\u00bb pointer_events=\u00bball\u00bb][vc_column_inner top_padding_desktop=\u00bb6%\u00bb bottom_padding_desktop=\u00bb15%\u00bb left_padding_desktop=\u00bb8%\u00bb constrain_group_101=\u00bbyes\u00bb right_padding_desktop=\u00bb8%\u00bb column_element_direction_desktop=\u00bbdefault\u00bb column_element_spacing=\u00bbdefault\u00bb desktop_text_alignment=\u00bbdefault\u00bb tablet_text_alignment=\u00bbdefault\u00bb phone_text_alignment=\u00bbdefault\u00bb background_color_opacity=\u00bb1&#8243; background_hover_color_opacity=\u00bb1&#8243; column_backdrop_filter=\u00bbnone\u00bb column_shadow=\u00bbnone\u00bb column_border_radius=\u00bb15px\u00bb column_link_target=\u00bb_self\u00bb overflow=\u00bbvisible\u00bb gradient_direction=\u00bbleft_to_right\u00bb overlay_strength=\u00bb0.3&#8243; width=\u00bb1\/1&#8243; tablet_width_inherit=\u00bbdefault\u00bb animation_type=\u00bbdefault\u00bb bg_image_animation=\u00bbnone\u00bb border_type=\u00bbsimple\u00bb column_border_width=\u00bb1px\u00bb column_border_color=\u00bb#e8e8e8&#8243; column_border_style=\u00bbsolid\u00bb column_padding_type=\u00bbadvanced\u00bb gradient_type=\u00bbdefault\u00bb][image_with_animation image_url=\u00bb7021635&#8243; image_size=\u00bbfull\u00bb animation_type=\u00bbentrance\u00bb animation=\u00bbNone\u00bb animation_movement_type=\u00bbtransform_y\u00bb hover_animation=\u00bbnone\u00bb alignment=\u00bb\u00bb border_radius=\u00bbnone\u00bb box_shadow=\u00bbnone\u00bb image_loading=\u00bbdefault\u00bb max_width=\u00bbcustom\u00bb max_width_custom=\u00bb30%\u00bb margin_bottom=\u00bb5%\u00bb]<div class=\"iwithtext\"><div class=\"iwt-icon\"> <i class=\"icon-default-style fa fa-quote-left extra-color-2\"><\/i> <\/div><div class=\"iwt-text\"> \n<h3 class=\"font-medium text-lg text-gray-900\"><strong>Seguimos con Homyspace<\/strong><\/h3>\n<p class=\"text-base text-gray-900 mt-1\">Conocimos Homyspace hace casi tres a\u00f1os. Desde entonces, siempre nos han encontrado las mejores soluciones para alojar a los trabajadores que desplazamos por Espa\u00f1a. Ahorramos mucho tiempo ya que ellos se encargan de todo y nosotros solo tenemos que decidir que alojamiento preferimos.<\/p>\n<p><strong>Obras YUGO<\/strong><br \/>\n<strong style=\"color: #9ca3af;\">Travel Manager de Obras YUGO<\/strong> <\/div><div class=\"clear\"><\/div><\/div>[\/vc_column_inner][\/vc_row_inner][\/item][item simple_slider_bg_image_position=\u00bbdefault\u00bb simple_slider_overlay_strength=\u00bb0.3&#8243; simple_slider_bg_image_loading=\u00bbdefault\u00bb id=\u00bb1747037307448-1&#8243; title=\u00bbItem\u00bb tab_id=\u00bb1747037307448-5&#8243;][vc_row_inner column_margin=\u00bbdefault\u00bb column_direction=\u00bbdefault\u00bb column_direction_tablet=\u00bbdefault\u00bb column_direction_phone=\u00bbdefault\u00bb text_align=\u00bbleft\u00bb row_position=\u00bbdefault\u00bb row_position_tablet=\u00bbinherit\u00bb row_position_phone=\u00bbinherit\u00bb overflow=\u00bbvisible\u00bb pointer_events=\u00bball\u00bb][vc_column_inner top_padding_desktop=\u00bb6%\u00bb bottom_padding_desktop=\u00bb15%\u00bb left_padding_desktop=\u00bb8%\u00bb constrain_group_101=\u00bbyes\u00bb right_padding_desktop=\u00bb8%\u00bb column_element_direction_desktop=\u00bbdefault\u00bb column_element_spacing=\u00bbdefault\u00bb desktop_text_alignment=\u00bbdefault\u00bb tablet_text_alignment=\u00bbdefault\u00bb phone_text_alignment=\u00bbdefault\u00bb background_color_opacity=\u00bb1&#8243; background_hover_color_opacity=\u00bb1&#8243; column_backdrop_filter=\u00bbnone\u00bb column_shadow=\u00bbnone\u00bb column_border_radius=\u00bb15px\u00bb column_link_target=\u00bb_self\u00bb overflow=\u00bbvisible\u00bb gradient_direction=\u00bbleft_to_right\u00bb overlay_strength=\u00bb0.3&#8243; width=\u00bb1\/1&#8243; tablet_width_inherit=\u00bbdefault\u00bb animation_type=\u00bbdefault\u00bb bg_image_animation=\u00bbnone\u00bb border_type=\u00bbsimple\u00bb column_border_width=\u00bb1px\u00bb column_border_color=\u00bb#e8e8e8&#8243; column_border_style=\u00bbsolid\u00bb column_padding_type=\u00bbadvanced\u00bb gradient_type=\u00bbdefault\u00bb][image_with_animation image_url=\u00bb7021637&#8243; image_size=\u00bbfull\u00bb animation_type=\u00bbentrance\u00bb animation=\u00bbNone\u00bb animation_movement_type=\u00bbtransform_y\u00bb hover_animation=\u00bbnone\u00bb alignment=\u00bb\u00bb border_radius=\u00bbnone\u00bb box_shadow=\u00bbnone\u00bb image_loading=\u00bbdefault\u00bb max_width=\u00bbcustom\u00bb max_width_custom=\u00bb40%\u00bb margin_bottom=\u00bb5%\u00bb]<div class=\"iwithtext\"><div class=\"iwt-icon\"> <i class=\"icon-default-style fa fa-quote-left extra-color-2\"><\/i> <\/div><div class=\"iwt-text\"> \n<h3 class=\"font-medium text-lg text-gray-900\"><strong>Nos facilitan alojamiento temporal por meses<\/strong><\/h3>\n<p class=\"text-base text-gray-900 mt-1\">La b\u00fasqueda del alquiler temporal suele ser complicada y estresante. Necesitamos alojar por meses a nuestros trabajadores, y nadie nos ofrec\u00eda un contrato de menos de un a\u00f1o. Agradezco que Homyspace se haga cargo de todos los tr\u00e1mites y me de confianza y seguridad en la elecci\u00f3n del piso.<\/p>\n<p><strong>LedissonAIT<\/strong><br \/>\n<strong style=\"color: #9ca3af;\">Travel Manager de LedissonAIT<\/strong> <\/div><div class=\"clear\"><\/div><\/div>[\/vc_column_inner][\/vc_row_inner][\/item][item simple_slider_bg_image_position=\u00bbdefault\u00bb simple_slider_overlay_strength=\u00bb0.3&#8243; simple_slider_bg_image_loading=\u00bbdefault\u00bb id=\u00bb1747037307492-8&#8243; title=\u00bbItem\u00bb tab_id=\u00bb1747037307492-7&#8243;][vc_row_inner column_margin=\u00bbdefault\u00bb column_direction=\u00bbdefault\u00bb column_direction_tablet=\u00bbdefault\u00bb column_direction_phone=\u00bbdefault\u00bb text_align=\u00bbleft\u00bb row_position=\u00bbdefault\u00bb row_position_tablet=\u00bbinherit\u00bb row_position_phone=\u00bbinherit\u00bb overflow=\u00bbvisible\u00bb pointer_events=\u00bball\u00bb][vc_column_inner top_padding_desktop=\u00bb6%\u00bb bottom_padding_desktop=\u00bb15%\u00bb left_padding_desktop=\u00bb8%\u00bb constrain_group_101=\u00bbyes\u00bb right_padding_desktop=\u00bb8%\u00bb column_element_direction_desktop=\u00bbdefault\u00bb column_element_spacing=\u00bbdefault\u00bb desktop_text_alignment=\u00bbdefault\u00bb tablet_text_alignment=\u00bbdefault\u00bb phone_text_alignment=\u00bbdefault\u00bb background_color_opacity=\u00bb1&#8243; background_hover_color_opacity=\u00bb1&#8243; column_backdrop_filter=\u00bbnone\u00bb column_shadow=\u00bbnone\u00bb column_border_radius=\u00bb15px\u00bb column_link_target=\u00bb_self\u00bb overflow=\u00bbvisible\u00bb gradient_direction=\u00bbleft_to_right\u00bb overlay_strength=\u00bb0.3&#8243; width=\u00bb1\/1&#8243; tablet_width_inherit=\u00bbdefault\u00bb animation_type=\u00bbdefault\u00bb bg_image_animation=\u00bbnone\u00bb border_type=\u00bbsimple\u00bb column_border_width=\u00bb1px\u00bb column_border_color=\u00bb#e8e8e8&#8243; column_border_style=\u00bbsolid\u00bb column_padding_type=\u00bbadvanced\u00bb gradient_type=\u00bbdefault\u00bb][image_with_animation image_url=\u00bb7021640&#8243; image_size=\u00bbfull\u00bb animation_type=\u00bbentrance\u00bb animation=\u00bbNone\u00bb animation_movement_type=\u00bbtransform_y\u00bb hover_animation=\u00bbnone\u00bb alignment=\u00bb\u00bb border_radius=\u00bbnone\u00bb box_shadow=\u00bbnone\u00bb image_loading=\u00bbdefault\u00bb max_width=\u00bbcustom\u00bb max_width_custom=\u00bb40%\u00bb margin_bottom=\u00bb5%\u00bb]<div class=\"iwithtext\"><div class=\"iwt-icon\"> <i class=\"icon-default-style fa fa-quote-left extra-color-2\"><\/i> <\/div><div class=\"iwt-text\"> \n<h3 class=\"font-medium text-lg text-gray-900\"><strong>Est\u00e1is haciendo un buen trabajo<\/strong><\/h3>\n<p class=\"text-base text-gray-900 mt-1\">En general, los clientes solemos decir los que no nos gusta, pero en este caso quiero felicitaros y animaros para que sig\u00e1is trabajando as\u00ed porque para nosotros como clientes, est\u00e1is haciendo un buen trabajo. \u00a1Enhorabuena y \u00e1nimo!<\/p>\n<p><strong>Alcampo<\/strong><br \/>\n<strong style=\"color: #9ca3af;\">Travel Manager de Alcampo<\/strong> <\/div><div class=\"clear\"><\/div><\/div>[\/vc_column_inner][\/vc_row_inner][\/item][item simple_slider_bg_image_position=\u00bbdefault\u00bb simple_slider_overlay_strength=\u00bb0.3&#8243; simple_slider_bg_image_loading=\u00bbdefault\u00bb id=\u00bb1747037307539-7&#8243; title=\u00bbItem\u00bb tab_id=\u00bb1747037307539-2&#8243;][vc_row_inner column_margin=\u00bbdefault\u00bb column_direction=\u00bbdefault\u00bb column_direction_tablet=\u00bbdefault\u00bb column_direction_phone=\u00bbdefault\u00bb text_align=\u00bbleft\u00bb row_position=\u00bbdefault\u00bb row_position_tablet=\u00bbinherit\u00bb row_position_phone=\u00bbinherit\u00bb overflow=\u00bbvisible\u00bb pointer_events=\u00bball\u00bb][vc_column_inner top_padding_desktop=\u00bb6%\u00bb bottom_padding_desktop=\u00bb15%\u00bb left_padding_desktop=\u00bb8%\u00bb constrain_group_101=\u00bbyes\u00bb right_padding_desktop=\u00bb8%\u00bb column_element_direction_desktop=\u00bbdefault\u00bb column_element_spacing=\u00bbdefault\u00bb desktop_text_alignment=\u00bbdefault\u00bb tablet_text_alignment=\u00bbdefault\u00bb phone_text_alignment=\u00bbdefault\u00bb background_color_opacity=\u00bb1&#8243; background_hover_color_opacity=\u00bb1&#8243; column_backdrop_filter=\u00bbnone\u00bb column_shadow=\u00bbnone\u00bb column_border_radius=\u00bb15px\u00bb column_link_target=\u00bb_self\u00bb overflow=\u00bbvisible\u00bb gradient_direction=\u00bbleft_to_right\u00bb overlay_strength=\u00bb0.3&#8243; width=\u00bb1\/1&#8243; tablet_width_inherit=\u00bbdefault\u00bb animation_type=\u00bbdefault\u00bb bg_image_animation=\u00bbnone\u00bb border_type=\u00bbsimple\u00bb column_border_width=\u00bb1px\u00bb column_border_color=\u00bb#e8e8e8&#8243; column_border_style=\u00bbsolid\u00bb column_padding_type=\u00bbadvanced\u00bb gradient_type=\u00bbdefault\u00bb][image_with_animation image_url=\u00bb7021641&#8243; image_size=\u00bbfull\u00bb animation_type=\u00bbentrance\u00bb animation=\u00bbNone\u00bb animation_movement_type=\u00bbtransform_y\u00bb hover_animation=\u00bbnone\u00bb alignment=\u00bb\u00bb border_radius=\u00bbnone\u00bb box_shadow=\u00bbnone\u00bb image_loading=\u00bbdefault\u00bb max_width=\u00bbcustom\u00bb max_width_custom=\u00bb40%\u00bb margin_bottom=\u00bb5%\u00bb]<div class=\"iwithtext\"><div class=\"iwt-icon\"> <i class=\"icon-default-style fa fa-quote-left extra-color-2\"><\/i> <\/div><div class=\"iwt-text\"> \n<h3 class=\"font-medium text-lg text-gray-900\"><strong>Los trabajadores no tienen que preocuparse por encontrar alojamiento<\/strong><\/h3>\n<p class=\"text-base text-gray-900 mt-1\">Estamos agradecidos por el servicio. Nos ha servido para poder quitarles un peso de encima a los trabajadores que pasaban muchas horas despu\u00e9s del trabajo buscando d\u00f3nde alojarse cuando hacemos obras.<\/p>\n<p><strong>Bertol\u00edn<\/strong><br \/>\n<strong style=\"color: #9ca3af;\">Travel Manager de\u00a0Bertol\u00edn<\/strong> <\/div><div class=\"clear\"><\/div><\/div>[\/vc_column_inner][\/vc_row_inner][\/item][item simple_slider_bg_image_position=\u00bbdefault\u00bb simple_slider_overlay_strength=\u00bb0.3&#8243; simple_slider_bg_image_loading=\u00bbdefault\u00bb id=\u00bb1747037307598-2&#8243; title=\u00bbItem\u00bb tab_id=\u00bb1747037307599-9&#8243;][vc_row_inner column_margin=\u00bbdefault\u00bb column_direction=\u00bbdefault\u00bb column_direction_tablet=\u00bbdefault\u00bb column_direction_phone=\u00bbdefault\u00bb text_align=\u00bbleft\u00bb row_position=\u00bbdefault\u00bb row_position_tablet=\u00bbinherit\u00bb row_position_phone=\u00bbinherit\u00bb overflow=\u00bbvisible\u00bb pointer_events=\u00bball\u00bb][vc_column_inner top_padding_desktop=\u00bb6%\u00bb bottom_padding_desktop=\u00bb15%\u00bb left_padding_desktop=\u00bb8%\u00bb constrain_group_101=\u00bbyes\u00bb right_padding_desktop=\u00bb8%\u00bb column_element_direction_desktop=\u00bbdefault\u00bb column_element_spacing=\u00bbdefault\u00bb desktop_text_alignment=\u00bbdefault\u00bb tablet_text_alignment=\u00bbdefault\u00bb phone_text_alignment=\u00bbdefault\u00bb background_color_opacity=\u00bb1&#8243; background_hover_color_opacity=\u00bb1&#8243; column_backdrop_filter=\u00bbnone\u00bb column_shadow=\u00bbnone\u00bb column_border_radius=\u00bb15px\u00bb column_link_target=\u00bb_self\u00bb overflow=\u00bbvisible\u00bb gradient_direction=\u00bbleft_to_right\u00bb overlay_strength=\u00bb0.3&#8243; width=\u00bb1\/1&#8243; tablet_width_inherit=\u00bbdefault\u00bb animation_type=\u00bbdefault\u00bb bg_image_animation=\u00bbnone\u00bb border_type=\u00bbsimple\u00bb column_border_width=\u00bb1px\u00bb column_border_color=\u00bb#e8e8e8&#8243; column_border_style=\u00bbsolid\u00bb column_padding_type=\u00bbadvanced\u00bb gradient_type=\u00bbdefault\u00bb][image_with_animation image_url=\u00bb7021643&#8243; image_size=\u00bbfull\u00bb animation_type=\u00bbentrance\u00bb animation=\u00bbNone\u00bb animation_movement_type=\u00bbtransform_y\u00bb hover_animation=\u00bbnone\u00bb alignment=\u00bb\u00bb border_radius=\u00bbnone\u00bb box_shadow=\u00bbnone\u00bb image_loading=\u00bbdefault\u00bb max_width=\u00bbcustom\u00bb max_width_custom=\u00bb40%\u00bb margin_bottom=\u00bb5%\u00bb]<div class=\"iwithtext\"><div class=\"iwt-icon\"> <i class=\"icon-default-style fa fa-quote-left extra-color-2\"><\/i> <\/div><div class=\"iwt-text\"> \n<h3 class=\"font-medium text-lg text-gray-900\"><strong>Rapidez en la gesti\u00f3n, buen trato y ahorro de tiempo y dinero<\/strong><\/h3>\n<p class=\"text-base text-gray-900 mt-1\">Necesit\u00e1bamos una soluci\u00f3n r\u00e1pida para la b\u00fasqueda de viviendas y Homyspace nos la dio. Lo mejor es la rapidez de la b\u00fasqueda, el trato y el precio. Ahorramos mucho tiempo de b\u00fasqueda del alojamiento para los trabajadores que desplazamos temporalmente.<\/p>\n<p><strong>New Agroinver<\/strong><br \/>\n<strong style=\"color: #9ca3af;\">Travel Manager de New Agroinver<\/strong> <\/div><div class=\"clear\"><\/div><\/div>[\/vc_column_inner][\/vc_row_inner][\/item][item simple_slider_bg_image_position=\u00bbdefault\u00bb simple_slider_overlay_strength=\u00bb0.3&#8243; simple_slider_bg_image_loading=\u00bbdefault\u00bb id=\u00bb1747037307651-8&#8243; title=\u00bbItem\u00bb tab_id=\u00bb1747037307651-6&#8243;][vc_row_inner column_margin=\u00bbdefault\u00bb column_direction=\u00bbdefault\u00bb column_direction_tablet=\u00bbdefault\u00bb column_direction_phone=\u00bbdefault\u00bb text_align=\u00bbleft\u00bb row_position=\u00bbdefault\u00bb row_position_tablet=\u00bbinherit\u00bb row_position_phone=\u00bbinherit\u00bb overflow=\u00bbvisible\u00bb pointer_events=\u00bball\u00bb][vc_column_inner top_padding_desktop=\u00bb6%\u00bb bottom_padding_desktop=\u00bb15%\u00bb left_padding_desktop=\u00bb8%\u00bb constrain_group_101=\u00bbyes\u00bb right_padding_desktop=\u00bb8%\u00bb column_element_direction_desktop=\u00bbdefault\u00bb column_element_spacing=\u00bbdefault\u00bb desktop_text_alignment=\u00bbdefault\u00bb tablet_text_alignment=\u00bbdefault\u00bb phone_text_alignment=\u00bbdefault\u00bb background_color_opacity=\u00bb1&#8243; background_hover_color_opacity=\u00bb1&#8243; column_backdrop_filter=\u00bbnone\u00bb column_shadow=\u00bbnone\u00bb column_border_radius=\u00bb15px\u00bb column_link_target=\u00bb_self\u00bb overflow=\u00bbvisible\u00bb gradient_direction=\u00bbleft_to_right\u00bb overlay_strength=\u00bb0.3&#8243; width=\u00bb1\/1&#8243; tablet_width_inherit=\u00bbdefault\u00bb animation_type=\u00bbdefault\u00bb bg_image_animation=\u00bbnone\u00bb border_type=\u00bbsimple\u00bb column_border_width=\u00bb1px\u00bb column_border_color=\u00bb#e8e8e8&#8243; column_border_style=\u00bbsolid\u00bb column_padding_type=\u00bbadvanced\u00bb gradient_type=\u00bbdefault\u00bb][image_with_animation image_url=\u00bb7021644&#8243; image_size=\u00bbfull\u00bb animation_type=\u00bbentrance\u00bb animation=\u00bbNone\u00bb animation_movement_type=\u00bbtransform_y\u00bb hover_animation=\u00bbnone\u00bb alignment=\u00bb\u00bb border_radius=\u00bbnone\u00bb box_shadow=\u00bbnone\u00bb image_loading=\u00bbdefault\u00bb max_width=\u00bbcustom\u00bb max_width_custom=\u00bb40%\u00bb margin_bottom=\u00bb5%\u00bb]<div class=\"iwithtext\"><div class=\"iwt-icon\"> <i class=\"icon-default-style fa fa-quote-left extra-color-2\"><\/i> <\/div><div class=\"iwt-text\"> \n<h3 class=\"font-medium text-lg text-gray-900\"><strong>Una gesti\u00f3n eficaz y r\u00e1pida<\/strong><\/h3>\n<p class=\"text-base text-gray-900 mt-1\">Si realizase la b\u00fasqueda por mi cuenta, perder\u00eda mucho tiempo revisando inmuebles que no tienen las caracter\u00edsticas que necesitamos. En cambio, con Homyspace mando un correo y en poco tiempo me env\u00edan 4 o 5 opciones que se ajustan a mis necesidades que son m\u00e1s baratas y m\u00e1s c\u00f3modas que un hotel.<\/p>\n<p><strong>Obremo Servicios Integrales 360<\/strong><br \/>\n<strong style=\"color: #9ca3af;\">Travel Manager de Obremo<\/strong> <\/div><div class=\"clear\"><\/div><\/div>[\/vc_column_inner][\/vc_row_inner][\/item][item simple_slider_bg_image_position=\u00bbdefault\u00bb simple_slider_overlay_strength=\u00bb0.3&#8243; simple_slider_bg_image_loading=\u00bbdefault\u00bb id=\u00bb1747037307703-7&#8243; title=\u00bbItem\u00bb tab_id=\u00bb1747037307703-9&#8243;][vc_row_inner column_margin=\u00bbdefault\u00bb column_direction=\u00bbdefault\u00bb column_direction_tablet=\u00bbdefault\u00bb column_direction_phone=\u00bbdefault\u00bb text_align=\u00bbleft\u00bb row_position=\u00bbdefault\u00bb row_position_tablet=\u00bbinherit\u00bb row_position_phone=\u00bbinherit\u00bb overflow=\u00bbvisible\u00bb pointer_events=\u00bball\u00bb][vc_column_inner top_padding_desktop=\u00bb6%\u00bb bottom_padding_desktop=\u00bb15%\u00bb left_padding_desktop=\u00bb8%\u00bb constrain_group_101=\u00bbyes\u00bb right_padding_desktop=\u00bb8%\u00bb column_element_direction_desktop=\u00bbdefault\u00bb column_element_spacing=\u00bbdefault\u00bb desktop_text_alignment=\u00bbdefault\u00bb tablet_text_alignment=\u00bbdefault\u00bb phone_text_alignment=\u00bbdefault\u00bb background_color_opacity=\u00bb1&#8243; background_hover_color_opacity=\u00bb1&#8243; column_backdrop_filter=\u00bbnone\u00bb column_shadow=\u00bbnone\u00bb column_border_radius=\u00bb15px\u00bb column_link_target=\u00bb_self\u00bb overflow=\u00bbvisible\u00bb gradient_direction=\u00bbleft_to_right\u00bb overlay_strength=\u00bb0.3&#8243; width=\u00bb1\/1&#8243; tablet_width_inherit=\u00bbdefault\u00bb animation_type=\u00bbdefault\u00bb bg_image_animation=\u00bbnone\u00bb border_type=\u00bbsimple\u00bb column_border_width=\u00bb1px\u00bb column_border_color=\u00bb#e8e8e8&#8243; column_border_style=\u00bbsolid\u00bb column_padding_type=\u00bbadvanced\u00bb gradient_type=\u00bbdefault\u00bb][image_with_animation image_url=\u00bb7021645&#8243; image_size=\u00bbfull\u00bb animation_type=\u00bbentrance\u00bb animation=\u00bbNone\u00bb animation_movement_type=\u00bbtransform_y\u00bb hover_animation=\u00bbnone\u00bb alignment=\u00bb\u00bb border_radius=\u00bbnone\u00bb box_shadow=\u00bbnone\u00bb image_loading=\u00bbdefault\u00bb max_width=\u00bbcustom\u00bb max_width_custom=\u00bb40%\u00bb margin_bottom=\u00bb5%\u00bb]<div class=\"iwithtext\"><div class=\"iwt-icon\"> <i class=\"icon-default-style fa fa-quote-left extra-color-2\"><\/i> <\/div><div class=\"iwt-text\"> \n<h3 class=\"font-medium text-lg text-gray-900\"><strong>Conoc\u00e9is lo que estoy buscando y solo me ofrec\u00e9is lo que me encaja<\/strong><\/h3>\n<p class=\"text-base text-gray-900 mt-1\">Sab\u00e9is que lo que m\u00e1s aprecio es que conoc\u00e9is lo que estoy buscando y solo me ofrec\u00e9is lo que me encaja. Lo siguiente a destacar ser\u00eda la rapidez y la amabilidad.<\/p>\n<p><strong>AI Controller<\/strong><br \/>\n<strong style=\"color: #9ca3af;\">Travel Manager de AI Controller<\/strong> <\/div><div class=\"clear\"><\/div><\/div>[\/vc_column_inner][\/vc_row_inner][\/item][item simple_slider_bg_image_position=\u00bbdefault\u00bb simple_slider_overlay_strength=\u00bb0.3&#8243; simple_slider_bg_image_loading=\u00bbdefault\u00bb id=\u00bb1747037307745-2&#8243; title=\u00bbItem\u00bb tab_id=\u00bb1747037307746-3&#8243;][vc_row_inner column_margin=\u00bbdefault\u00bb column_direction=\u00bbdefault\u00bb column_direction_tablet=\u00bbdefault\u00bb column_direction_phone=\u00bbdefault\u00bb text_align=\u00bbleft\u00bb row_position=\u00bbdefault\u00bb row_position_tablet=\u00bbinherit\u00bb row_position_phone=\u00bbinherit\u00bb overflow=\u00bbvisible\u00bb pointer_events=\u00bball\u00bb][vc_column_inner top_padding_desktop=\u00bb6%\u00bb bottom_padding_desktop=\u00bb15%\u00bb left_padding_desktop=\u00bb8%\u00bb constrain_group_101=\u00bbyes\u00bb right_padding_desktop=\u00bb8%\u00bb column_element_direction_desktop=\u00bbdefault\u00bb column_element_spacing=\u00bbdefault\u00bb desktop_text_alignment=\u00bbdefault\u00bb tablet_text_alignment=\u00bbdefault\u00bb phone_text_alignment=\u00bbdefault\u00bb background_color_opacity=\u00bb1&#8243; background_hover_color_opacity=\u00bb1&#8243; column_backdrop_filter=\u00bbnone\u00bb column_shadow=\u00bbnone\u00bb column_border_radius=\u00bb15px\u00bb column_link_target=\u00bb_self\u00bb overflow=\u00bbvisible\u00bb gradient_direction=\u00bbleft_to_right\u00bb overlay_strength=\u00bb0.3&#8243; width=\u00bb1\/1&#8243; tablet_width_inherit=\u00bbdefault\u00bb animation_type=\u00bbdefault\u00bb bg_image_animation=\u00bbnone\u00bb border_type=\u00bbsimple\u00bb column_border_width=\u00bb1px\u00bb column_border_color=\u00bb#e8e8e8&#8243; column_border_style=\u00bbsolid\u00bb column_padding_type=\u00bbadvanced\u00bb gradient_type=\u00bbdefault\u00bb][image_with_animation image_url=\u00bb7021646&#8243; image_size=\u00bbfull\u00bb animation_type=\u00bbentrance\u00bb animation=\u00bbNone\u00bb animation_movement_type=\u00bbtransform_y\u00bb hover_animation=\u00bbnone\u00bb alignment=\u00bb\u00bb border_radius=\u00bbnone\u00bb box_shadow=\u00bbnone\u00bb image_loading=\u00bbdefault\u00bb max_width=\u00bbcustom\u00bb max_width_custom=\u00bb40%\u00bb margin_bottom=\u00bb5%\u00bb]<div class=\"iwithtext\"><div class=\"iwt-icon\"> <i class=\"icon-default-style fa fa-quote-left extra-color-2\"><\/i> <\/div><div class=\"iwt-text\"> \n<h3 class=\"font-medium text-lg text-gray-900\"><strong>Lo recomendar\u00eda sin duda<\/strong><\/h3>\n<p class=\"text-base text-gray-900 mt-1\">Tuvieron mucha flexibilidad y rapidez en las respuestas y b\u00fasqueda de piso. Adaptaron las propuestas completamente a nuestras necesidades. Acabamos la obra antes de lo previsto, fueron muy comprensivos y llegamos a un acuerdo enseguida. Lo recomendar\u00eda sin duda.<\/p>\n<p><strong>MINTEC Ingenier\u00eda e Instalaciones<\/strong><br \/>\n<strong style=\"color: #9ca3af;\">Gestor de los desplazamientos<\/strong> <\/div><div class=\"clear\"><\/div><\/div>[\/vc_column_inner][\/vc_row_inner][\/item][\/carousel][vc_row_inner column_margin=\u00bbdefault\u00bb column_direction=\u00bbdefault\u00bb column_direction_tablet=\u00bbdefault\u00bb column_direction_phone=\u00bbdefault\u00bb bottom_padding=\u00bb6%\u00bb top_padding_phone=\u00bb16%\u00bb text_align=\u00bbcenter\u00bb row_position=\u00bbdefault\u00bb row_position_tablet=\u00bbinherit\u00bb row_position_phone=\u00bbinherit\u00bb overflow=\u00bbvisible\u00bb pointer_events=\u00bball\u00bb][vc_column_inner column_padding=\u00bbno-extra-padding\u00bb column_padding_tablet=\u00bbinherit\u00bb column_padding_phone=\u00bbinherit\u00bb column_padding_position=\u00bball\u00bb bottom_margin=\u00bb-10%\u00bb bottom_margin_phone=\u00bb-20%\u00bb column_element_direction_desktop=\u00bbdefault\u00bb column_element_spacing=\u00bbdefault\u00bb centered_text=\u00bbtrue\u00bb desktop_text_alignment=\u00bbcenter\u00bb tablet_text_alignment=\u00bbdefault\u00bb phone_text_alignment=\u00bbdefault\u00bb background_color_opacity=\u00bb1&#8243; background_hover_color_opacity=\u00bb1&#8243; column_backdrop_filter=\u00bbnone\u00bb column_shadow=\u00bbnone\u00bb column_border_radius=\u00bbnone\u00bb column_link_target=\u00bb_self\u00bb overflow=\u00bbvisible\u00bb gradient_direction=\u00bbleft_to_right\u00bb overlay_strength=\u00bb0.3&#8243; width=\u00bb1\/1&#8243; tablet_width_inherit=\u00bbdefault\u00bb animation_type=\u00bbdefault\u00bb bg_image_animation=\u00bbnone\u00bb border_type=\u00bbsimple\u00bb column_border_width=\u00bbnone\u00bb column_border_style=\u00bbsolid\u00bb column_padding_type=\u00bbdefault\u00bb gradient_type=\u00bbdefault\u00bb][nectar_btn size=\u00bblarge\u00bb open_new_tab=\u00bbtrue\u00bb button_style=\u00bbregular\u00bb button_color_2=\u00bbAccent-Color\u00bb icon_family=\u00bbnone\u00bb url=\u00bbhttps:\/\/www.homyspace.com\/solicitudes\/new?city=Oviedo%2C+Espa%C3%B1a&amp;request_channel=CITY_LANDING\u00bb text=\u00bbEncontrar alojamiento\u00bb css_animation=\u00bbnone\u00bb margin_bottom=\u00bb-6%\u00bb][nectar_responsive_text inherited_font_style=\u00bbdefault\u00bb font_size_desktop=\u00bb0.8rem\u00bb text_direction=\u00bbdefault\u00bb]en Oviedo[\/nectar_responsive_text][\/vc_column_inner][\/vc_row_inner][\/vc_column][\/vc_row][vc_row type=\u00bbin_container\u00bb full_screen_row_position=\u00bbmiddle\u00bb column_margin=\u00bbdefault\u00bb column_direction=\u00bbdefault\u00bb column_direction_tablet=\u00bbcolumn_reverse\u00bb column_direction_phone=\u00bbcolumn_reverse\u00bb scene_position=\u00bbcenter\u00bb left_padding_phone=\u00bb5%\u00bb right_padding_phone=\u00bb8%\u00bb text_color=\u00bbdark\u00bb text_align=\u00bbleft\u00bb row_border_radius=\u00bbnone\u00bb row_border_radius_applies=\u00bbbg\u00bb overflow=\u00bbvisible\u00bb overlay_strength=\u00bb0.3&#8243; gradient_direction=\u00bbleft_to_right\u00bb shape_divider_position=\u00bbbottom\u00bb bg_image_animation=\u00bbnone\u00bb gradient_type=\u00bbdefault\u00bb shape_type=\u00bb\u00bb][vc_column column_padding=\u00bbno-extra-padding\u00bb column_padding_tablet=\u00bbinherit\u00bb column_padding_phone=\u00bbinherit\u00bb column_padding_position=\u00bball\u00bb column_element_direction_desktop=\u00bbdefault\u00bb column_element_spacing=\u00bbdefault\u00bb desktop_text_alignment=\u00bbdefault\u00bb tablet_text_alignment=\u00bbdefault\u00bb phone_text_alignment=\u00bbdefault\u00bb background_color_opacity=\u00bb1&#8243; background_hover_color_opacity=\u00bb1&#8243; column_backdrop_filter=\u00bbnone\u00bb column_shadow=\u00bbnone\u00bb column_border_radius=\u00bbnone\u00bb column_link_target=\u00bb_self\u00bb column_position=\u00bbdefault\u00bb gradient_direction=\u00bbleft_to_right\u00bb overlay_strength=\u00bb0.3&#8243; width=\u00bb1\/2&#8243; tablet_width_inherit=\u00bbdefault\u00bb animation_type=\u00bbdefault\u00bb bg_image_animation=\u00bbnone\u00bb border_type=\u00bbsimple\u00bb column_border_width=\u00bbnone\u00bb column_border_style=\u00bbsolid\u00bb][vc_row_inner equal_height=\u00bbyes\u00bb content_placement=\u00bbmiddle\u00bb column_margin=\u00bbdefault\u00bb column_direction=\u00bbdefault\u00bb column_direction_tablet=\u00bbdefault\u00bb column_direction_phone=\u00bbdefault\u00bb top_padding=\u00bb10%\u00bb constrain_group_1=\u00bbyes\u00bb bottom_padding=\u00bb10%\u00bb text_align=\u00bbleft\u00bb row_position=\u00bbdefault\u00bb row_position_tablet=\u00bbinherit\u00bb row_position_phone=\u00bbinherit\u00bb overflow=\u00bbvisible\u00bb pointer_events=\u00bball\u00bb][vc_column_inner column_padding=\u00bbno-extra-padding\u00bb column_padding_tablet=\u00bbinherit\u00bb column_padding_phone=\u00bbinherit\u00bb column_padding_position=\u00bball\u00bb column_element_direction_desktop=\u00bbdefault\u00bb column_element_spacing=\u00bbdefault\u00bb desktop_text_alignment=\u00bbdefault\u00bb tablet_text_alignment=\u00bbdefault\u00bb phone_text_alignment=\u00bbdefault\u00bb background_color_opacity=\u00bb1&#8243; background_hover_color_opacity=\u00bb1&#8243; column_backdrop_filter=\u00bbnone\u00bb column_shadow=\u00bbnone\u00bb column_border_radius=\u00bbnone\u00bb column_link_target=\u00bb_self\u00bb overflow=\u00bbvisible\u00bb gradient_direction=\u00bbleft_to_right\u00bb overlay_strength=\u00bb0.3&#8243; width=\u00bb1\/1&#8243; tablet_width_inherit=\u00bbdefault\u00bb animation_type=\u00bbdefault\u00bb bg_image_animation=\u00bbnone\u00bb border_type=\u00bbsimple\u00bb column_border_width=\u00bbnone\u00bb column_border_style=\u00bbsolid\u00bb][image_with_animation image_url=\u00bb7021801&#8243; image_size=\u00bbfull\u00bb animation_type=\u00bbentrance\u00bb animation=\u00bbNone\u00bb animation_movement_type=\u00bbtransform_y\u00bb hover_animation=\u00bbnone\u00bb alignment=\u00bbcenter\u00bb border_radius=\u00bbnone\u00bb box_shadow=\u00bbnone\u00bb image_loading=\u00bbdefault\u00bb max_width=\u00bb100%\u00bb max_width_mobile=\u00bbdefault\u00bb margin_bottom=\u00bb5%\u00bb][\/vc_column_inner][\/vc_row_inner][\/vc_column][vc_column column_padding=\u00bbno-extra-padding\u00bb column_padding_tablet=\u00bbinherit\u00bb column_padding_phone=\u00bbinherit\u00bb column_padding_position=\u00bball\u00bb column_element_direction_desktop=\u00bbdefault\u00bb column_element_spacing=\u00bbdefault\u00bb desktop_text_alignment=\u00bbdefault\u00bb tablet_text_alignment=\u00bbdefault\u00bb phone_text_alignment=\u00bbdefault\u00bb background_color_opacity=\u00bb1&#8243; background_hover_color_opacity=\u00bb1&#8243; column_backdrop_filter=\u00bbnone\u00bb column_shadow=\u00bbnone\u00bb column_border_radius=\u00bbnone\u00bb column_link_target=\u00bb_self\u00bb column_position=\u00bbdefault\u00bb gradient_direction=\u00bbleft_to_right\u00bb overlay_strength=\u00bb0.3&#8243; width=\u00bb1\/2&#8243; tablet_width_inherit=\u00bbdefault\u00bb animation_type=\u00bbdefault\u00bb bg_image_animation=\u00bbnone\u00bb border_type=\u00bbsimple\u00bb column_border_width=\u00bbnone\u00bb column_border_style=\u00bbsolid\u00bb][vc_column_text css=\u00bb\u00bb text_direction=\u00bbdefault\u00bb]\n<h2><b>Estamos contigo en cada paso<\/b><\/h2>\n<p><span style=\"font-weight: 400;\">Sabemos que gestionar alojamientos temporales en Oviedo puede resultar todo un reto, especialmente si necesitas coordinar varios empleados o adaptarte a cambios inesperados. Por eso, en Homyspace te asignamos un gestor personal que estar\u00e1 a tu lado desde el primer momento hasta el final de la estancia.<\/span><\/p>\n<p><span style=\"font-weight: 400;\">Ser\u00e1 tu persona de referencia en todo el proceso: seleccionar\u00e1 las opciones que mejor encajen con tus necesidades, negociar\u00e1 directamente con los propietarios y se encargar\u00e1 de resolver cualquier imprevisto que pueda surgir.<\/span><\/p>\n<p><span style=\"font-weight: 400;\">\u00bfHay que modificar fechas, cambiar de ubicaci\u00f3n o solucionar una urgencia? No te preocupes: contar\u00e1s con alguien que conoce el terreno y responder\u00e1 con rapidez y eficacia.<\/span><\/p>\n<p><span style=\"font-weight: 400;\">Contacta con tu gestor y deja que nosotros nos encarguemos de todo. En Homyspace te lo ponemos f\u00e1cil para que t\u00fa puedas centrarte en lo que realmente importa: tu proyecto.<\/span>[\/vc_column_text][vc_row_inner column_margin=\u00bbdefault\u00bb column_direction=\u00bbdefault\u00bb column_direction_tablet=\u00bbdefault\u00bb column_direction_phone=\u00bbdefault\u00bb top_padding=\u00bb3%\u00bb text_align=\u00bbleft\u00bb row_position=\u00bbdefault\u00bb row_position_tablet=\u00bbinherit\u00bb row_position_phone=\u00bbinherit\u00bb overflow=\u00bbvisible\u00bb pointer_events=\u00bball\u00bb][vc_column_inner column_padding=\u00bbno-extra-padding\u00bb column_padding_tablet=\u00bbinherit\u00bb column_padding_phone=\u00bbinherit\u00bb column_padding_position=\u00bball\u00bb column_element_direction_desktop=\u00bbdefault\u00bb column_element_spacing=\u00bbdefault\u00bb desktop_text_alignment=\u00bbleft\u00bb tablet_text_alignment=\u00bbdefault\u00bb phone_text_alignment=\u00bbdefault\u00bb background_color_opacity=\u00bb1&#8243; background_hover_color_opacity=\u00bb1&#8243; column_backdrop_filter=\u00bbnone\u00bb column_shadow=\u00bbnone\u00bb column_border_radius=\u00bbnone\u00bb column_link_target=\u00bb_self\u00bb overflow=\u00bbvisible\u00bb gradient_direction=\u00bbleft_to_right\u00bb overlay_strength=\u00bb0.3&#8243; width=\u00bb1\/1&#8243; tablet_width_inherit=\u00bbdefault\u00bb animation_type=\u00bbdefault\u00bb bg_image_animation=\u00bbnone\u00bb border_type=\u00bbsimple\u00bb column_border_width=\u00bbnone\u00bb column_border_style=\u00bbsolid\u00bb column_padding_type=\u00bbdefault\u00bb gradient_type=\u00bbdefault\u00bb][nectar_btn size=\u00bblarge\u00bb open_new_tab=\u00bbtrue\u00bb button_style=\u00bbregular\u00bb button_color_2=\u00bbAccent-Color\u00bb icon_family=\u00bbnone\u00bb url=\u00bbhttps:\/\/www.homyspace.com\/solicitudes\/new?city=Oviedo%2C+Espa%C3%B1a&amp;request_channel=CITY_LANDING\u00bb text=\u00bbEncontrar alojamiento\u00bb css_animation=\u00bbnone\u00bb margin_bottom=\u00bb2%\u00bb][nectar_responsive_text inherited_font_style=\u00bbdefault\u00bb font_size_desktop=\u00bb0.8rem\u00bb text_direction=\u00bbdefault\u00bb]en Oviedo[\/nectar_responsive_text][\/vc_column_inner][\/vc_row_inner][\/vc_column][\/vc_row][vc_row type=\u00bbfull_width_background\u00bb full_screen_row_position=\u00bbmiddle\u00bb column_margin=\u00bbdefault\u00bb column_direction=\u00bbdefault\u00bb column_direction_tablet=\u00bbdefault\u00bb column_direction_phone=\u00bbdefault\u00bb scene_position=\u00bbcenter\u00bb top_padding=\u00bb6%\u00bb bottom_padding=\u00bb6%\u00bb left_padding_phone=\u00bb5%\u00bb right_padding_phone=\u00bb8%\u00bb text_color=\u00bbdark\u00bb text_align=\u00bbleft\u00bb row_border_radius=\u00bbnone\u00bb row_border_radius_applies=\u00bbbg\u00bb overflow=\u00bbvisible\u00bb overlay_strength=\u00bb0.3&#8243; gradient_direction=\u00bbleft_to_right\u00bb shape_divider_position=\u00bbbottom\u00bb bg_image_animation=\u00bbnone\u00bb shape_type=\u00bb\u00bb gradient_type=\u00bbdefault\u00bb][vc_column column_padding=\u00bbno-extra-padding\u00bb column_padding_tablet=\u00bbinherit\u00bb column_padding_phone=\u00bbinherit\u00bb column_padding_position=\u00bball\u00bb column_element_direction_desktop=\u00bbdefault\u00bb column_element_spacing=\u00bbdefault\u00bb desktop_text_alignment=\u00bbdefault\u00bb tablet_text_alignment=\u00bbdefault\u00bb phone_text_alignment=\u00bbdefault\u00bb background_color_opacity=\u00bb1&#8243; background_hover_color_opacity=\u00bb1&#8243; column_backdrop_filter=\u00bbnone\u00bb column_shadow=\u00bbnone\u00bb column_border_radius=\u00bbnone\u00bb column_link_target=\u00bb_self\u00bb column_position=\u00bbdefault\u00bb gradient_direction=\u00bbleft_to_right\u00bb overlay_strength=\u00bb0.3&#8243; width=\u00bb1\/1&#8243; tablet_width_inherit=\u00bbdefault\u00bb animation_type=\u00bbdefault\u00bb bg_image_animation=\u00bbnone\u00bb border_type=\u00bbsimple\u00bb column_border_width=\u00bbnone\u00bb column_border_style=\u00bbsolid\u00bb][vc_column_text css=\u00bb\u00bb text_direction=\u00bbdefault\u00bb]\n<h2 style=\"text-align: center;\"><b>\u00bfC\u00f3mo organizamos tu alquiler temporal en Oviedo?<\/b><\/h2>\n[\/vc_column_text][divider line_type=\u00bbNo Line\u00bb custom_height=\u00bb4vw\u00bb][vc_column_text css=\u00bb\u00bb text_direction=\u00bbdefault\u00bb]\n<p style=\"text-align: center;\"><span style=\"font-weight: 400;\">En Homyspace te ayudamos a encontrar soluciones de alquiler temporal en Oviedo de forma \u00e1gil, c\u00f3moda y adaptada a tu empresa. Conocemos a fondo el mercado local y nos encargamos de la gesti\u00f3n del alojamiento para que no tengas que preocuparte por nada.<\/span><\/p>\n[\/vc_column_text][vc_row_inner equal_height=\u00bbyes\u00bb content_placement=\u00bbmiddle\u00bb column_margin=\u00bbdefault\u00bb column_direction=\u00bbdefault\u00bb column_direction_tablet=\u00bbdefault\u00bb column_direction_phone=\u00bbdefault\u00bb text_align=\u00bbleft\u00bb row_position=\u00bbdefault\u00bb row_position_tablet=\u00bbinherit\u00bb row_position_phone=\u00bbinherit\u00bb overflow=\u00bbvisible\u00bb pointer_events=\u00bball\u00bb css=\u00bb.vc_custom_1741006707052{margin-top: 5% !important;}\u00bb][vc_column_inner column_padding=\u00bbpadding-3-percent\u00bb column_padding_tablet=\u00bbinherit\u00bb column_padding_phone=\u00bbinherit\u00bb column_padding_position=\u00bball\u00bb column_element_direction_desktop=\u00bbdefault\u00bb column_element_spacing=\u00bbdefault\u00bb desktop_text_alignment=\u00bbdefault\u00bb tablet_text_alignment=\u00bbdefault\u00bb phone_text_alignment=\u00bbdefault\u00bb background_color=\u00bb#ffffff\u00bb background_color_opacity=\u00bb1&#8243; background_hover_color_opacity=\u00bb1&#8243; column_backdrop_filter=\u00bbnone\u00bb column_shadow=\u00bbnone\u00bb column_border_radius=\u00bb15px\u00bb column_link_target=\u00bb_self\u00bb overflow=\u00bbvisible\u00bb enable_gradient=\u00bbtrue\u00bb color_overlay_2=\u00bb#f9fafb\u00bb gradient_direction=\u00bbleft_t_to_right_b\u00bb overlay_strength=\u00bb1&#8243; width=\u00bb1\/3&#8243; tablet_width_inherit=\u00bbdefault\u00bb animation_type=\u00bbdefault\u00bb bg_image_animation=\u00bbnone\u00bb border_type=\u00bbsimple\u00bb column_border_width=\u00bb1px\u00bb column_border_color=\u00bb#e8e8e8&#8243; column_border_style=\u00bbsolid\u00bb column_padding_type=\u00bbdefault\u00bb gradient_type=\u00bbdefault\u00bb][vc_column_text css=\u00bb\u00bb text_direction=\u00bbdefault\u00bb]\n<h3><span style=\"color: #33cccc;\"><b>1. Cu\u00e9ntanos tu situaci\u00f3n<\/b><\/span><\/h3>\n<p><span style=\"font-weight: 400;\">Comenzamos con un sencillo formulario donde nos explicas cu\u00e1ntas personas se van a alojar, durante cu\u00e1nto tiempo y en qu\u00e9 zonas prefer\u00eds estar. Con esa informaci\u00f3n, afinamos la b\u00fasqueda desde el primer momento.<\/span>[\/vc_column_text][\/vc_column_inner][vc_column_inner column_padding=\u00bbpadding-3-percent\u00bb column_padding_tablet=\u00bbinherit\u00bb column_padding_phone=\u00bbinherit\u00bb column_padding_position=\u00bball\u00bb column_element_direction_desktop=\u00bbdefault\u00bb column_element_spacing=\u00bbdefault\u00bb desktop_text_alignment=\u00bbdefault\u00bb tablet_text_alignment=\u00bbdefault\u00bb phone_text_alignment=\u00bbdefault\u00bb background_color=\u00bb#ffffff\u00bb background_color_opacity=\u00bb1&#8243; background_hover_color_opacity=\u00bb1&#8243; column_backdrop_filter=\u00bbnone\u00bb column_shadow=\u00bbnone\u00bb column_border_radius=\u00bb15px\u00bb column_link_target=\u00bb_self\u00bb overflow=\u00bbvisible\u00bb enable_gradient=\u00bbtrue\u00bb color_overlay=\u00bb#ffffff\u00bb color_overlay_2=\u00bb#f9fafb\u00bb gradient_direction=\u00bbleft_t_to_right_b\u00bb overlay_strength=\u00bb1&#8243; width=\u00bb1\/3&#8243; tablet_width_inherit=\u00bbdefault\u00bb animation_type=\u00bbdefault\u00bb bg_image_animation=\u00bbnone\u00bb border_type=\u00bbsimple\u00bb column_border_width=\u00bb1px\u00bb column_border_color=\u00bb#e8e8e8&#8243; column_border_style=\u00bbsolid\u00bb column_padding_type=\u00bbdefault\u00bb gradient_type=\u00bbdefault\u00bb][vc_column_text css=\u00bb\u00bb text_direction=\u00bbdefault\u00bb]\n<h3><span style=\"color: #33cccc;\"><b>2. Te contactamos para entender tus necesidades<\/b><\/span><\/h3>\n<p><span style=\"font-weight: 400;\">Uno de nuestros gestores especializados en Oviedo se pondr\u00e1 en contacto contigo para conocer tu caso en detalle y proponerte opciones viables seg\u00fan tus prioridades.<\/span>[\/vc_column_text][\/vc_column_inner][vc_column_inner column_padding=\u00bbpadding-3-percent\u00bb column_padding_tablet=\u00bbinherit\u00bb column_padding_phone=\u00bbinherit\u00bb column_padding_position=\u00bball\u00bb column_element_direction_desktop=\u00bbdefault\u00bb column_element_spacing=\u00bbdefault\u00bb desktop_text_alignment=\u00bbdefault\u00bb tablet_text_alignment=\u00bbdefault\u00bb phone_text_alignment=\u00bbdefault\u00bb background_color_opacity=\u00bb1&#8243; background_hover_color_opacity=\u00bb1&#8243; column_backdrop_filter=\u00bbnone\u00bb column_shadow=\u00bbnone\u00bb column_border_radius=\u00bb15px\u00bb column_link_target=\u00bb_self\u00bb overflow=\u00bbvisible\u00bb enable_gradient=\u00bbtrue\u00bb color_overlay_2=\u00bb#f9fafb\u00bb gradient_direction=\u00bbleft_t_to_right_b\u00bb overlay_strength=\u00bb1&#8243; width=\u00bb1\/3&#8243; tablet_width_inherit=\u00bbdefault\u00bb animation_type=\u00bbdefault\u00bb bg_image_animation=\u00bbnone\u00bb border_type=\u00bbsimple\u00bb column_border_width=\u00bb1px\u00bb column_border_color=\u00bb#e8e8e8&#8243; column_border_style=\u00bbsolid\u00bb column_padding_type=\u00bbdefault\u00bb gradient_type=\u00bbdefault\u00bb][vc_column_text css=\u00bb\u00bb text_direction=\u00bbdefault\u00bb]\n<h3><span style=\"color: #33cccc;\"><b>3. Buscamos por ti<\/b><\/span><\/h3>\n<p><span style=\"font-weight: 400;\">Nos ponemos manos a la obra para localizar las viviendas m\u00e1s adecuadas seg\u00fan vuestro presupuesto, ubicaci\u00f3n deseada y tipo de proyecto. Nos encargamos tambi\u00e9n de negociar con los propietarios para conseguirte las mejores condiciones.<\/span>[\/vc_column_text][\/vc_column_inner][\/vc_row_inner][vc_row_inner equal_height=\u00bbyes\u00bb content_placement=\u00bbmiddle\u00bb column_margin=\u00bbdefault\u00bb column_direction=\u00bbdefault\u00bb column_direction_tablet=\u00bbdefault\u00bb column_direction_phone=\u00bbdefault\u00bb text_align=\u00bbleft\u00bb row_position=\u00bbdefault\u00bb row_position_tablet=\u00bbinherit\u00bb row_position_phone=\u00bbinherit\u00bb overflow=\u00bbvisible\u00bb pointer_events=\u00bball\u00bb css=\u00bb.vc_custom_1741006707052{margin-top: 5% !important;}\u00bb][vc_column_inner column_padding=\u00bbpadding-3-percent\u00bb column_padding_tablet=\u00bbinherit\u00bb column_padding_phone=\u00bbinherit\u00bb column_padding_position=\u00bball\u00bb column_element_direction_desktop=\u00bbdefault\u00bb column_element_spacing=\u00bbdefault\u00bb desktop_text_alignment=\u00bbdefault\u00bb tablet_text_alignment=\u00bbdefault\u00bb phone_text_alignment=\u00bbdefault\u00bb background_color=\u00bb#ffffff\u00bb background_color_opacity=\u00bb1&#8243; background_hover_color_opacity=\u00bb1&#8243; column_backdrop_filter=\u00bbnone\u00bb column_shadow=\u00bbnone\u00bb column_border_radius=\u00bb15px\u00bb column_link_target=\u00bb_self\u00bb overflow=\u00bbvisible\u00bb enable_gradient=\u00bbtrue\u00bb color_overlay_2=\u00bb#f9fafb\u00bb gradient_direction=\u00bbleft_t_to_right_b\u00bb overlay_strength=\u00bb1&#8243; width=\u00bb1\/2&#8243; tablet_width_inherit=\u00bbdefault\u00bb animation_type=\u00bbdefault\u00bb bg_image_animation=\u00bbnone\u00bb border_type=\u00bbsimple\u00bb column_border_width=\u00bb1px\u00bb column_border_color=\u00bb#e8e8e8&#8243; column_border_style=\u00bbsolid\u00bb column_padding_type=\u00bbdefault\u00bb gradient_type=\u00bbdefault\u00bb][vc_column_text css=\u00bb\u00bb text_direction=\u00bbdefault\u00bb]\n<h3><span style=\"color: #33cccc;\"><b>4. Recibes propuestas\u00a0<\/b><\/span><\/h3>\n<p><span style=\"font-weight: 400;\">Te enviamos una selecci\u00f3n de alojamientos que encajan con lo que buscas: desde apartamentos individuales hasta pisos compartidos para equipos. T\u00fa eliges, nosotros nos ocupamos de todo lo dem\u00e1s.<\/span>[\/vc_column_text][\/vc_column_inner][vc_column_inner column_padding=\u00bbpadding-3-percent\u00bb column_padding_tablet=\u00bbinherit\u00bb column_padding_phone=\u00bbinherit\u00bb column_padding_position=\u00bball\u00bb column_element_direction_desktop=\u00bbdefault\u00bb column_element_spacing=\u00bbdefault\u00bb desktop_text_alignment=\u00bbdefault\u00bb tablet_text_alignment=\u00bbdefault\u00bb phone_text_alignment=\u00bbdefault\u00bb background_color=\u00bb#ffffff\u00bb background_color_opacity=\u00bb1&#8243; background_hover_color_opacity=\u00bb1&#8243; column_backdrop_filter=\u00bbnone\u00bb column_shadow=\u00bbnone\u00bb column_border_radius=\u00bb15px\u00bb column_link_target=\u00bb_self\u00bb overflow=\u00bbvisible\u00bb enable_gradient=\u00bbtrue\u00bb color_overlay=\u00bb#ffffff\u00bb color_overlay_2=\u00bb#f9fafb\u00bb gradient_direction=\u00bbleft_t_to_right_b\u00bb overlay_strength=\u00bb1&#8243; width=\u00bb1\/2&#8243; tablet_width_inherit=\u00bbdefault\u00bb animation_type=\u00bbdefault\u00bb bg_image_animation=\u00bbnone\u00bb border_type=\u00bbsimple\u00bb column_border_width=\u00bb1px\u00bb column_border_color=\u00bb#e8e8e8&#8243; column_border_style=\u00bbsolid\u00bb column_padding_type=\u00bbdefault\u00bb gradient_type=\u00bbdefault\u00bb][vc_column_text css=\u00bb\u00bb text_direction=\u00bbdefault\u00bb]\n<h3><span style=\"color: #33cccc;\"><b>5. Seguimiento y soporte durante la estancia<\/b><\/span><\/h3>\n<p><span style=\"font-weight: 400;\">Nos encargamos de los contratos, la facturaci\u00f3n y cualquier gesti\u00f3n que pueda surgir. Estamos a tu disposici\u00f3n antes, durante y despu\u00e9s de la estancia para asegurar que todo vaya sobre ruedas.<\/span>[\/vc_column_text][\/vc_column_inner][\/vc_row_inner][vc_row_inner column_margin=\u00bbdefault\u00bb column_direction=\u00bbdefault\u00bb column_direction_tablet=\u00bbdefault\u00bb column_direction_phone=\u00bbdefault\u00bb top_padding=\u00bb2%\u00bb text_align=\u00bbcenter\u00bb row_position=\u00bbdefault\u00bb row_position_tablet=\u00bbinherit\u00bb row_position_phone=\u00bbinherit\u00bb overflow=\u00bbvisible\u00bb pointer_events=\u00bball\u00bb][vc_column_inner column_padding=\u00bbno-extra-padding\u00bb column_padding_tablet=\u00bbinherit\u00bb column_padding_phone=\u00bbinherit\u00bb column_padding_position=\u00bball\u00bb column_element_direction_desktop=\u00bbdefault\u00bb column_element_spacing=\u00bbdefault\u00bb centered_text=\u00bbtrue\u00bb desktop_text_alignment=\u00bbcenter\u00bb tablet_text_alignment=\u00bbdefault\u00bb phone_text_alignment=\u00bbdefault\u00bb background_color_opacity=\u00bb1&#8243; background_hover_color_opacity=\u00bb1&#8243; column_backdrop_filter=\u00bbnone\u00bb column_shadow=\u00bbnone\u00bb column_border_radius=\u00bbnone\u00bb column_link_target=\u00bb_self\u00bb overflow=\u00bbvisible\u00bb gradient_direction=\u00bbleft_to_right\u00bb overlay_strength=\u00bb0.3&#8243; width=\u00bb1\/1&#8243; tablet_width_inherit=\u00bbdefault\u00bb animation_type=\u00bbdefault\u00bb bg_image_animation=\u00bbnone\u00bb border_type=\u00bbsimple\u00bb column_border_width=\u00bbnone\u00bb column_border_style=\u00bbsolid\u00bb column_padding_type=\u00bbdefault\u00bb gradient_type=\u00bbdefault\u00bb][nectar_btn size=\u00bblarge\u00bb open_new_tab=\u00bbtrue\u00bb button_style=\u00bbregular\u00bb button_color_2=\u00bbAccent-Color\u00bb icon_family=\u00bbnone\u00bb url=\u00bbhttps:\/\/www.homyspace.com\/solicitudes\/new?city=Oviedo%2C+Espa%C3%B1a&amp;request_channel=CITY_LANDING\u00bb text=\u00bbEncontrar alojamiento\u00bb css_animation=\u00bbnone\u00bb margin_bottom=\u00bb-2%\u00bb][nectar_responsive_text inherited_font_style=\u00bbdefault\u00bb font_size_desktop=\u00bb0.8rem\u00bb text_direction=\u00bbdefault\u00bb]en Oviedo[\/nectar_responsive_text][\/vc_column_inner][\/vc_row_inner][\/vc_column][\/vc_row][vc_row type=\u00bbfull_width_background\u00bb full_screen_row_position=\u00bbmiddle\u00bb column_margin=\u00bbdefault\u00bb column_direction=\u00bbdefault\u00bb column_direction_tablet=\u00bbdefault\u00bb column_direction_phone=\u00bbdefault\u00bb bg_color=\u00bb#f9fafb\u00bb scene_position=\u00bbcenter\u00bb top_padding=\u00bb6%\u00bb bottom_padding=\u00bb6%\u00bb left_padding_phone=\u00bb5%\u00bb right_padding_phone=\u00bb8%\u00bb text_color=\u00bbdark\u00bb text_align=\u00bbleft\u00bb row_border_radius=\u00bbnone\u00bb row_border_radius_applies=\u00bbbg\u00bb overflow=\u00bbvisible\u00bb overlay_strength=\u00bb0.3&#8243; gradient_direction=\u00bbleft_to_right\u00bb shape_divider_position=\u00bbbottom\u00bb bg_image_animation=\u00bbnone\u00bb shape_type=\u00bb\u00bb gradient_type=\u00bbdefault\u00bb][vc_column column_padding=\u00bbno-extra-padding\u00bb column_padding_tablet=\u00bbinherit\u00bb column_padding_phone=\u00bbinherit\u00bb column_padding_position=\u00bball\u00bb column_element_direction_desktop=\u00bbdefault\u00bb column_element_spacing=\u00bbdefault\u00bb desktop_text_alignment=\u00bbdefault\u00bb tablet_text_alignment=\u00bbdefault\u00bb phone_text_alignment=\u00bbdefault\u00bb background_color_opacity=\u00bb1&#8243; background_hover_color_opacity=\u00bb1&#8243; column_backdrop_filter=\u00bbnone\u00bb column_shadow=\u00bbnone\u00bb column_border_radius=\u00bbnone\u00bb column_link_target=\u00bb_self\u00bb column_position=\u00bbdefault\u00bb gradient_direction=\u00bbleft_to_right\u00bb overlay_strength=\u00bb0.3&#8243; width=\u00bb1\/1&#8243; tablet_width_inherit=\u00bbdefault\u00bb animation_type=\u00bbdefault\u00bb bg_image_animation=\u00bbnone\u00bb border_type=\u00bbsimple\u00bb column_border_width=\u00bbnone\u00bb column_border_style=\u00bbsolid\u00bb][vc_column_text css=\u00bb\u00bb text_direction=\u00bbdefault\u00bb]\n<h2 style=\"text-align: center;\">Movilidad y transporte en Oviedo<\/h2>\n[\/vc_column_text][vc_column_text css=\u00bb\u00bb text_direction=\u00bbdefault\u00bb]\n<p style=\"text-align: center;\"><span style=\"font-weight: 400;\">Oviedo es una ciudad dise\u00f1ada para desplazarse con comodidad, gracias a su tama\u00f1o accesible, una red de transporte p\u00fablico bien distribuida y buenas conexiones con las localidades cercanas del \u00e1rea central asturiana.<\/span><\/p>\n<p style=\"text-align: center;\"><span style=\"font-weight: 400;\">Ya sea caminando, en autob\u00fas urbano, bicicleta o veh\u00edculo privado, moverse por Oviedo resulta sencillo, permitiendo llegar f\u00e1cilmente a zonas empresariales, centros administrativos, hospitales, \u00e1reas comerciales o pol\u00edgonos industriales.<\/span><\/p>\n[\/vc_column_text][vc_row_inner column_margin=\u00bbdefault\u00bb column_direction=\u00bbdefault\u00bb column_direction_tablet=\u00bbdefault\u00bb column_direction_phone=\u00bbdefault\u00bb top_padding=\u00bb5%\u00bb left_padding_phone=\u00bb5%\u00bb right_padding_phone=\u00bb8%\u00bb text_align=\u00bbleft\u00bb row_position=\u00bbdefault\u00bb row_position_tablet=\u00bbinherit\u00bb row_position_phone=\u00bbinherit\u00bb overflow=\u00bbvisible\u00bb pointer_events=\u00bball\u00bb][vc_column_inner column_padding=\u00bbno-extra-padding\u00bb column_padding_tablet=\u00bbinherit\u00bb column_padding_phone=\u00bbinherit\u00bb column_padding_position=\u00bball\u00bb column_element_direction_desktop=\u00bbhorizontal\u00bb column_element_alignment=\u00bbflex-start\u00bb column_element_spacing=\u00bbdefault\u00bb desktop_text_alignment=\u00bbdefault\u00bb tablet_text_alignment=\u00bbdefault\u00bb phone_text_alignment=\u00bbdefault\u00bb background_color_opacity=\u00bb1&#8243; background_hover_color_opacity=\u00bb1&#8243; column_backdrop_filter=\u00bbnone\u00bb column_shadow=\u00bbnone\u00bb column_border_radius=\u00bbnone\u00bb column_link_target=\u00bb_self\u00bb overflow=\u00bbvisible\u00bb gradient_direction=\u00bbleft_to_right\u00bb overlay_strength=\u00bb0.3&#8243; width=\u00bb1\/2&#8243; tablet_width_inherit=\u00bbdefault\u00bb animation_type=\u00bbdefault\u00bb bg_image_animation=\u00bbnone\u00bb border_type=\u00bbsimple\u00bb column_border_width=\u00bbnone\u00bb column_border_style=\u00bbsolid\u00bb column_padding_type=\u00bbdefault\u00bb gradient_type=\u00bbdefault\u00bb][nectar_icon icon_family=\u00bbiconsmind\u00bb icon_style=\u00bbdefault\u00bb icon_color_type=\u00bbcolor_scheme\u00bb icon_color=\u00bbAccent-Color\u00bb icon_padding=\u00bb10px\u00bb pointer_events=\u00bball\u00bb icon_iconsmind=\u00bbiconsmind-Add\u00bb icon_size=\u00bb24&#8243; margin_right=\u00bb2%\u00bb][vc_column_text css=\u00bb\u00bb text_direction=\u00bbdefault\u00bb]\n<h3><b>Moverse a pie o en bicicleta<\/b><\/h3>\n<p><span style=\"font-weight: 400;\">El centro de Oviedo es perfecto para caminar, especialmente por zonas como la Calle Ur\u00eda, el entorno del Campo San Francisco, el Casco Antiguo o la Plaza del Ayuntamiento, donde se concentran numerosos servicios, oficinas y comercios en distancias muy cortas.<\/span>[\/vc_column_text][\/vc_column_inner][vc_column_inner column_padding=\u00bbno-extra-padding\u00bb column_padding_tablet=\u00bbinherit\u00bb column_padding_phone=\u00bbinherit\u00bb column_padding_position=\u00bball\u00bb column_element_direction_desktop=\u00bbhorizontal\u00bb column_element_alignment=\u00bbflex-start\u00bb column_element_spacing=\u00bbdefault\u00bb desktop_text_alignment=\u00bbdefault\u00bb tablet_text_alignment=\u00bbdefault\u00bb phone_text_alignment=\u00bbdefault\u00bb background_color_opacity=\u00bb1&#8243; background_hover_color_opacity=\u00bb1&#8243; column_backdrop_filter=\u00bbnone\u00bb column_shadow=\u00bbnone\u00bb column_border_radius=\u00bbnone\u00bb column_link_target=\u00bb_self\u00bb overflow=\u00bbvisible\u00bb gradient_direction=\u00bbleft_to_right\u00bb overlay_strength=\u00bb0.3&#8243; width=\u00bb1\/2&#8243; tablet_width_inherit=\u00bbdefault\u00bb animation_type=\u00bbdefault\u00bb bg_image_animation=\u00bbnone\u00bb border_type=\u00bbsimple\u00bb column_border_width=\u00bbnone\u00bb column_border_style=\u00bbsolid\u00bb column_padding_type=\u00bbdefault\u00bb gradient_type=\u00bbdefault\u00bb][nectar_icon icon_family=\u00bbiconsmind\u00bb icon_style=\u00bbdefault\u00bb icon_color_type=\u00bbcolor_scheme\u00bb icon_color=\u00bbAccent-Color\u00bb icon_padding=\u00bb10px\u00bb pointer_events=\u00bball\u00bb icon_iconsmind=\u00bbiconsmind-Add\u00bb icon_size=\u00bb24&#8243; margin_right=\u00bb2%\u00bb][vc_column_text css=\u00bb\u00bb text_direction=\u00bbdefault\u00bb]\n<h3><b>Bicicletas p\u00fablicas y carriles bici<\/b><\/h3>\n<p><span style=\"font-weight: 400;\">Aunque Oviedo a\u00fan est\u00e1 en desarrollo en cuanto a infraestructuras ciclistas comparado con otras ciudades, dispone de carriles bici en expansi\u00f3n y caminos seguros para desplazamientos cotidianos. Adem\u00e1s, el sistema de bicicleta p\u00fablica <\/span><b>Ovibici<\/b><span style=\"font-weight: 400;\"> permite a los usuarios recorrer trayectos urbanos de forma sostenible, sobre todo en zonas llanas y accesibles del centro y los barrios m\u00e1s conectados.<\/span>[\/vc_column_text][\/vc_column_inner][\/vc_row_inner][vc_row_inner column_margin=\u00bbdefault\u00bb column_direction=\u00bbdefault\u00bb column_direction_tablet=\u00bbdefault\u00bb column_direction_phone=\u00bbdefault\u00bb top_padding=\u00bb5%\u00bb left_padding_phone=\u00bb5%\u00bb right_padding_phone=\u00bb8%\u00bb text_align=\u00bbleft\u00bb row_position=\u00bbdefault\u00bb row_position_tablet=\u00bbinherit\u00bb row_position_phone=\u00bbinherit\u00bb overflow=\u00bbvisible\u00bb pointer_events=\u00bball\u00bb][vc_column_inner column_padding=\u00bbno-extra-padding\u00bb column_padding_tablet=\u00bbinherit\u00bb column_padding_phone=\u00bbinherit\u00bb column_padding_position=\u00bball\u00bb column_element_direction_desktop=\u00bbhorizontal\u00bb column_element_alignment=\u00bbflex-start\u00bb column_element_spacing=\u00bbdefault\u00bb desktop_text_alignment=\u00bbdefault\u00bb tablet_text_alignment=\u00bbdefault\u00bb phone_text_alignment=\u00bbdefault\u00bb background_color_opacity=\u00bb1&#8243; background_hover_color_opacity=\u00bb1&#8243; column_backdrop_filter=\u00bbnone\u00bb column_shadow=\u00bbnone\u00bb column_border_radius=\u00bbnone\u00bb column_link_target=\u00bb_self\u00bb overflow=\u00bbvisible\u00bb gradient_direction=\u00bbleft_to_right\u00bb overlay_strength=\u00bb0.3&#8243; width=\u00bb1\/2&#8243; tablet_width_inherit=\u00bbdefault\u00bb animation_type=\u00bbdefault\u00bb bg_image_animation=\u00bbnone\u00bb border_type=\u00bbsimple\u00bb column_border_width=\u00bbnone\u00bb column_border_style=\u00bbsolid\u00bb column_padding_type=\u00bbdefault\u00bb gradient_type=\u00bbdefault\u00bb][nectar_icon icon_family=\u00bbiconsmind\u00bb icon_style=\u00bbdefault\u00bb icon_color_type=\u00bbcolor_scheme\u00bb icon_color=\u00bbAccent-Color\u00bb icon_padding=\u00bb10px\u00bb pointer_events=\u00bball\u00bb icon_iconsmind=\u00bbiconsmind-Add\u00bb icon_size=\u00bb24&#8243; margin_right=\u00bb2%\u00bb][vc_column_text css=\u00bb\u00bb text_direction=\u00bbdefault\u00bb]\n<h3><b>Transporte p\u00fablico en Oviedo<\/b><\/h3>\n<p><span style=\"font-weight: 400;\">El sistema de transporte urbano en Oviedo est\u00e1 gestionado por <\/span><b>TUA (Transportes Unidos de Asturias)<\/b><span style=\"font-weight: 400;\">, que opera una red de autobuses eficiente y bien distribuida, conectando todos los barrios con los principales puntos de inter\u00e9s de la ciudad.<\/span><\/p>\n<h4><b>Tarifas y abonos<\/b><\/h4>\n<p><span style=\"font-weight: 400;\">El servicio funciona con la <\/span><b>tarjeta CONECTA<\/b><span style=\"font-weight: 400;\">, una tarjeta recargable que permite pagar los viajes con tarifas reducidas.<\/span><\/p>\n<ul>\n<li style=\"font-weight: 400;\" aria-level=\"1\"><span style=\"font-weight: 400;\">El abono mensual ronda los <\/span><b>30 \u20ac<\/b><span style=\"font-weight: 400;\">, e incluye trayectos ilimitados dentro del t\u00e9rmino municipal.<\/span><\/li>\n<li style=\"font-weight: 400;\" aria-level=\"1\"><span style=\"font-weight: 400;\">Tambi\u00e9n existen opciones de pago por saldo, muy pr\u00e1cticas para quienes se alojan durante estancias temporales o realizan desplazamientos espor\u00e1dicos.<\/span><\/li>\n<\/ul>\n<p><span style=\"font-weight: 400;\">La red de TUA est\u00e1 pensada como una alternativa c\u00f3moda al uso del coche, facilitando la movilidad entre zonas residenciales, centros de trabajo, hospitales y espacios administrativos.<\/span>[\/vc_column_text][\/vc_column_inner][vc_column_inner column_padding=\u00bbno-extra-padding\u00bb column_padding_tablet=\u00bbinherit\u00bb column_padding_phone=\u00bbinherit\u00bb column_padding_position=\u00bball\u00bb column_element_direction_desktop=\u00bbdefault\u00bb column_element_spacing=\u00bbdefault\u00bb desktop_text_alignment=\u00bbdefault\u00bb tablet_text_alignment=\u00bbdefault\u00bb phone_text_alignment=\u00bbdefault\u00bb background_color_opacity=\u00bb1&#8243; background_hover_color_opacity=\u00bb1&#8243; column_backdrop_filter=\u00bbnone\u00bb column_shadow=\u00bbnone\u00bb column_border_radius=\u00bbnone\u00bb column_link_target=\u00bb_self\u00bb overflow=\u00bbvisible\u00bb gradient_direction=\u00bbleft_to_right\u00bb overlay_strength=\u00bb0.3&#8243; width=\u00bb1\/2&#8243; tablet_width_inherit=\u00bbdefault\u00bb animation_type=\u00bbdefault\u00bb bg_image_animation=\u00bbnone\u00bb border_type=\u00bbsimple\u00bb column_border_width=\u00bbnone\u00bb column_border_style=\u00bbsolid\u00bb]<div class=\"nectar-fancy-ul\" data-list-icon=\"fa fa-caret-right\" data-animation=\"false\" data-animation-delay=\"0\" data-color=\"accent-color\" data-spacing=\"default\" data-alignment=\"left\"> \n<h4><b>Cercan\u00edas RENFE en Oviedo<\/b><\/h4>\n<p><span style=\"font-weight: 400;\">Aunque Oviedo no cuenta con tranv\u00eda, dispone de una red de <\/span><b>trenes de cercan\u00edas<\/b><span style=\"font-weight: 400;\"> que enlaza la ciudad con otras localidades del \u00e1rea central asturiana como Gij\u00f3n, Avil\u00e9s, Siero o Mieres. Es una opci\u00f3n r\u00e1pida para trabajadores que deben desplazarse entre municipios de forma regular.<\/span><\/p>\n<h4><b>Autobuses de TUA<\/b><\/h4>\n<p><span style=\"font-weight: 400;\">Los autobuses urbanos cubren todos los distritos de Oviedo, enlazando con lugares clave como el <\/span><b>Hospital Universitario Central de Asturias (HUCA)<\/b><span style=\"font-weight: 400;\">, la <\/span><b>Universidad<\/b><span style=\"font-weight: 400;\">, los <\/span><b>juzgados<\/b><span style=\"font-weight: 400;\">, la estaci\u00f3n de tren y los pol\u00edgonos pr\u00f3ximos. La principal estaci\u00f3n de autobuses est\u00e1 en la calle Pepe Cosmen, junto a la estaci\u00f3n de tren.<\/span><\/p>\n<h4><b>Accesibilidad y horarios<\/b><\/h4>\n<p><span style=\"font-weight: 400;\">El servicio cuenta con frecuencias regulares y horarios amplios, especialmente en l\u00edneas que conectan con centros sanitarios, zonas industriales o \u00e1reas administrativas. Es una opci\u00f3n muy \u00fatil para quienes no disponen de veh\u00edculo propio durante su estancia laboral.<\/span> <\/div>[\/vc_column_inner][\/vc_row_inner][\/vc_column][\/vc_row][vc_row type=\u00bbfull_width_content\u00bb full_screen_row_position=\u00bbmiddle\u00bb column_margin=\u00bb70px\u00bb equal_height=\u00bbyes\u00bb content_placement=\u00bbtop\u00bb column_direction=\u00bbdefault\u00bb column_direction_tablet=\u00bbdefault\u00bb column_direction_phone=\u00bbdefault\u00bb bg_color=\u00bb#f3f4f6&#8243; scene_position=\u00bbcenter\u00bb top_padding=\u00bb6%\u00bb constrain_group_1=\u00bbyes\u00bb bottom_padding=\u00bb6%\u00bb left_padding_desktop=\u00bb12%\u00bb constrain_group_2=\u00bbyes\u00bb right_padding_desktop=\u00bb12%\u00bb left_padding_phone=\u00bb0%\u00bb constrain_group_6=\u00bbyes\u00bb right_padding_phone=\u00bb0%\u00bb text_color=\u00bbdark\u00bb text_align=\u00bbleft\u00bb row_border_radius=\u00bbnone\u00bb row_border_radius_applies=\u00bbbg\u00bb overflow=\u00bbvisible\u00bb overlay_strength=\u00bb0.3&#8243; gradient_direction=\u00bbleft_to_right\u00bb shape_divider_position=\u00bbbottom\u00bb bg_image_animation=\u00bbnone\u00bb gradient_type=\u00bbdefault\u00bb shape_type=\u00bb\u00bb][vc_column column_padding=\u00bbno-extra-padding\u00bb column_padding_tablet=\u00bbinherit\u00bb column_padding_phone=\u00bbinherit\u00bb column_padding_position=\u00bball\u00bb column_element_direction_desktop=\u00bbdefault\u00bb column_element_spacing=\u00bbdefault\u00bb desktop_text_alignment=\u00bbdefault\u00bb tablet_text_alignment=\u00bbdefault\u00bb phone_text_alignment=\u00bbdefault\u00bb background_color_opacity=\u00bb1&#8243; background_hover_color_opacity=\u00bb1&#8243; column_backdrop_filter=\u00bbnone\u00bb column_shadow=\u00bbnone\u00bb column_border_radius=\u00bbnone\u00bb column_link_target=\u00bb_self\u00bb column_position=\u00bbdefault\u00bb gradient_direction=\u00bbleft_to_right\u00bb overlay_strength=\u00bb0.3&#8243; width=\u00bb1\/2&#8243; tablet_width_inherit=\u00bbdefault\u00bb animation_type=\u00bbdefault\u00bb bg_image_animation=\u00bbnone\u00bb border_type=\u00bbsimple\u00bb column_border_width=\u00bbnone\u00bb column_border_style=\u00bbsolid\u00bb][vc_row_inner column_margin=\u00bbdefault\u00bb column_direction=\u00bbdefault\u00bb column_direction_tablet=\u00bbdefault\u00bb column_direction_phone=\u00bbdefault\u00bb text_align=\u00bbleft\u00bb row_position=\u00bbdefault\u00bb row_position_tablet=\u00bbinherit\u00bb row_position_phone=\u00bbinherit\u00bb overflow=\u00bbvisible\u00bb pointer_events=\u00bball\u00bb][vc_column_inner column_padding=\u00bbno-extra-padding\u00bb column_padding_tablet=\u00bbinherit\u00bb column_padding_phone=\u00bbinherit\u00bb column_padding_position=\u00bball\u00bb column_element_direction_desktop=\u00bbdefault\u00bb column_element_spacing=\u00bbdefault\u00bb desktop_text_alignment=\u00bbdefault\u00bb tablet_text_alignment=\u00bbdefault\u00bb phone_text_alignment=\u00bbcenter\u00bb background_color_opacity=\u00bb1&#8243; background_hover_color_opacity=\u00bb1&#8243; column_backdrop_filter=\u00bbnone\u00bb column_shadow=\u00bbnone\u00bb column_border_radius=\u00bbnone\u00bb column_link_target=\u00bb_self\u00bb overflow=\u00bbvisible\u00bb gradient_direction=\u00bbleft_to_right\u00bb overlay_strength=\u00bb0.3&#8243; width=\u00bb1\/1&#8243; tablet_width_inherit=\u00bbdefault\u00bb animation_type=\u00bbdefault\u00bb bg_image_animation=\u00bbnone\u00bb border_type=\u00bbsimple\u00bb column_border_width=\u00bbnone\u00bb column_border_style=\u00bbsolid\u00bb column_padding_type=\u00bbdefault\u00bb gradient_type=\u00bbdefault\u00bb][nectar_highlighted_text color_type=\u00bbregular\u00bb style=\u00bbhalf_text\u00bb text_direction=\u00bbdefault\u00bb]\n<h3><b>Si vienes en coche, esto te interesa<\/b><\/h3>\n[\/nectar_highlighted_text][divider line_type=\u00bbNo Line\u00bb custom_height=\u00bb2vw\u00bb][vc_column_text css=\u00bb\u00bb text_direction=\u00bbdefault\u00bb]<span style=\"font-weight: 400;\">Oviedo est\u00e1 perfectamente comunicada por carretera a trav\u00e9s de la <\/span><b>A-66 (Autov\u00eda Ruta de la Plata)<\/b><span style=\"font-weight: 400;\">, que enlaza con Le\u00f3n y el sur de la pen\u00ednsula, y la <\/span><b>AS-II y A-8<\/b><span style=\"font-weight: 400;\">, que facilitan los desplazamientos hacia la costa asturiana.<\/span><\/p>\n<p><span style=\"font-weight: 400;\">Su situaci\u00f3n en el centro del Principado la convierte en un punto estrat\u00e9gico para empresas y profesionales que operan en varias zonas de Asturias y necesitan moverse por carretera con frecuencia.<\/span>[\/vc_column_text][\/vc_column_inner][\/vc_row_inner][vc_row_inner column_margin=\u00bbdefault\u00bb column_direction=\u00bbdefault\u00bb column_direction_tablet=\u00bbdefault\u00bb column_direction_phone=\u00bbdefault\u00bb top_padding=\u00bb6%\u00bb text_align=\u00bbleft\u00bb row_position=\u00bbdefault\u00bb row_position_tablet=\u00bbinherit\u00bb row_position_phone=\u00bbinherit\u00bb overflow=\u00bbvisible\u00bb pointer_events=\u00bball\u00bb][vc_column_inner column_padding=\u00bbno-extra-padding\u00bb column_padding_tablet=\u00bbinherit\u00bb column_padding_phone=\u00bbinherit\u00bb column_padding_position=\u00bball\u00bb column_element_direction_desktop=\u00bbdefault\u00bb column_element_spacing=\u00bbdefault\u00bb centered_text=\u00bbtrue\u00bb desktop_text_alignment=\u00bbcenter\u00bb tablet_text_alignment=\u00bbdefault\u00bb phone_text_alignment=\u00bbdefault\u00bb background_color_opacity=\u00bb1&#8243; background_hover_color_opacity=\u00bb1&#8243; column_backdrop_filter=\u00bbnone\u00bb column_shadow=\u00bbnone\u00bb column_border_radius=\u00bbnone\u00bb column_link_target=\u00bb_self\u00bb overflow=\u00bbvisible\u00bb gradient_direction=\u00bbleft_to_right\u00bb overlay_strength=\u00bb0.3&#8243; width=\u00bb1\/1&#8243; tablet_width_inherit=\u00bbdefault\u00bb animation_type=\u00bbdefault\u00bb bg_image_animation=\u00bbnone\u00bb border_type=\u00bbsimple\u00bb column_border_width=\u00bbnone\u00bb column_border_style=\u00bbsolid\u00bb column_padding_type=\u00bbdefault\u00bb gradient_type=\u00bbdefault\u00bb][nectar_btn size=\u00bblarge\u00bb open_new_tab=\u00bbtrue\u00bb button_style=\u00bbregular\u00bb button_color_2=\u00bbAccent-Color\u00bb icon_family=\u00bbnone\u00bb url=\u00bbhttps:\/\/www.homyspace.com\/solicitudes\/new?city=Oviedo%2C+Espa%C3%B1a&amp;request_channel=CITY_LANDING\u00bb text=\u00bbEncontrar alojamiento\u00bb css_animation=\u00bbnone\u00bb margin_bottom=\u00bb-2%\u00bb][nectar_responsive_text inherited_font_style=\u00bbdefault\u00bb font_size_desktop=\u00bb0.8rem\u00bb text_direction=\u00bbdefault\u00bb]en Oviedo[\/nectar_responsive_text][\/vc_column_inner][\/vc_row_inner][\/vc_column][vc_column column_padding=\u00bbno-extra-padding\u00bb column_padding_tablet=\u00bbinherit\u00bb column_padding_phone=\u00bbinherit\u00bb column_padding_position=\u00bball\u00bb column_element_direction_desktop=\u00bbdefault\u00bb column_element_spacing=\u00bbdefault\u00bb desktop_text_alignment=\u00bbdefault\u00bb tablet_text_alignment=\u00bbdefault\u00bb phone_text_alignment=\u00bbdefault\u00bb background_color_opacity=\u00bb1&#8243; background_hover_color_opacity=\u00bb1&#8243; column_backdrop_filter=\u00bbnone\u00bb column_shadow=\u00bbnone\u00bb column_border_radius=\u00bbnone\u00bb column_link_target=\u00bb_self\u00bb column_position=\u00bbdefault\u00bb gradient_direction=\u00bbleft_to_right\u00bb overlay_strength=\u00bb0.3&#8243; width=\u00bb1\/2&#8243; tablet_width_inherit=\u00bbdefault\u00bb animation_type=\u00bbdefault\u00bb bg_image_animation=\u00bbnone\u00bb border_type=\u00bbsimple\u00bb column_border_width=\u00bbnone\u00bb column_border_style=\u00bbsolid\u00bb][nectar_highlighted_text color_type=\u00bbregular\u00bb style=\u00bbhalf_text\u00bb text_direction=\u00bbdefault\u00bb]\n<h4><b>Principales v\u00edas de acceso a Oviedo<\/b><\/h4>\n[\/nectar_highlighted_text][toggles style=\u00bbminimal_small\u00bb][toggle color=\u00bbAccent-Color\u00bb heading_tag=\u00bbh6&#8243; heading_tag_functionality=\u00bbdefault\u00bb title=\u00bbA-66 \/ Autov\u00eda Ruta de la Plata\u00bb][vc_column_text css=\u00bb\u00bb text_direction=\u00bbdefault\u00bb]<span style=\"font-weight: 400;\">Conecta Oviedo con Le\u00f3n, Zamora y el centro peninsular. Es una de las principales rutas para el transporte de mercanc\u00edas y desplazamientos profesionales entre Asturias y el interior de Espa\u00f1a.<\/span>[\/vc_column_text][\/toggle][toggle color=\u00bbAccent-Color\u00bb heading_tag=\u00bbh6&#8243; heading_tag_functionality=\u00bbdefault\u00bb title=\u00bbAS-17 \/ Acceso desde el oriente industrial\u00bb][vc_column_text css=\u00bb\u00bb text_direction=\u00bbdefault\u00bb]<span style=\"font-weight: 400;\">Une Oviedo con Siero, Langreo y otras zonas industriales del valle del Nal\u00f3n. Muy utilizada por empresas que operan en sectores log\u00edsticos, energ\u00e9ticos o de manufactura en el centro y este de Asturias.<\/span>[\/vc_column_text][\/toggle][toggle color=\u00bbAccent-Color\u00bb heading_tag=\u00bbh6&#8243; heading_tag_functionality=\u00bbdefault\u00bb title=\u00bbA-8 \/ Autov\u00eda del Cant\u00e1brico\u00bb][vc_column_text css=\u00bb\u00bb text_direction=\u00bbdefault\u00bb]<span style=\"font-weight: 400;\">Aunque no cruza directamente Oviedo, se accede a ella f\u00e1cilmente a trav\u00e9s de la A-66. Es clave para desplazamientos hacia Gij\u00f3n, Avil\u00e9s o incluso hacia Galicia, Cantabria y el Pa\u00eds Vasco.<\/span>[\/vc_column_text][\/toggle][toggle color=\u00bbAccent-Color\u00bb heading_tag=\u00bbh6&#8243; heading_tag_functionality=\u00bbdefault\u00bb title=\u00bbN-634 y AS-II \/ Accesos metropolitanos\u00bb][vc_column_text css=\u00bb\u00bb text_direction=\u00bbdefault\u00bb]<span style=\"font-weight: 400;\">V\u00edas comarcales y nacionales que enlazan Oviedo con municipios como Nore\u00f1a, Grado o Mieres. Son muy \u00fatiles para trabajadores alojados en zonas del entorno metropolitano.<\/span>[\/vc_column_text][\/toggle][\/toggles][\/vc_column][\/vc_row][vc_row type=\u00bbfull_width_background\u00bb full_screen_row_position=\u00bbmiddle\u00bb column_margin=\u00bbdefault\u00bb equal_height=\u00bbyes\u00bb content_placement=\u00bbmiddle\u00bb column_direction=\u00bbdefault\u00bb column_direction_tablet=\u00bbdefault\u00bb column_direction_phone=\u00bbdefault\u00bb bg_color=\u00bb#f9fafb\u00bb scene_position=\u00bbcenter\u00bb top_padding=\u00bb8%\u00bb bottom_padding=\u00bb3%\u00bb left_padding_phone=\u00bb5%\u00bb right_padding_phone=\u00bb8%\u00bb text_color=\u00bbdark\u00bb text_align=\u00bbleft\u00bb row_border_radius=\u00bbnone\u00bb row_border_radius_applies=\u00bbbg\u00bb overflow=\u00bbvisible\u00bb id=\u00bbsteps\u00bb row_name=\u00bbSign Up Steps\u00bb overlay_strength=\u00bb0.3&#8243; gradient_direction=\u00bbleft_to_right\u00bb shape_divider_position=\u00bbbottom\u00bb bg_image_animation=\u00bbnone\u00bb shape_type=\u00bb\u00bb gradient_type=\u00bbdefault\u00bb][vc_column column_padding=\u00bbpadding-2-percent\u00bb column_padding_tablet=\u00bbinherit\u00bb column_padding_phone=\u00bbinherit\u00bb column_padding_position=\u00bbtop-bottom\u00bb column_element_direction_desktop=\u00bbdefault\u00bb column_element_spacing=\u00bbdefault\u00bb desktop_text_alignment=\u00bbdefault\u00bb tablet_text_alignment=\u00bbdefault\u00bb phone_text_alignment=\u00bbdefault\u00bb background_color_opacity=\u00bb1&#8243; background_hover_color_opacity=\u00bb1&#8243; column_backdrop_filter=\u00bbnone\u00bb column_shadow=\u00bbnone\u00bb column_border_radius=\u00bbnone\u00bb column_link_target=\u00bb_self\u00bb column_position=\u00bbdefault\u00bb gradient_direction=\u00bbleft_to_right\u00bb overlay_strength=\u00bb0.3&#8243; width=\u00bb1\/1&#8243; tablet_width_inherit=\u00bbdefault\u00bb animation_type=\u00bbdefault\u00bb bg_image_animation=\u00bbnone\u00bb border_type=\u00bbsimple\u00bb column_border_width=\u00bbnone\u00bb column_border_style=\u00bbsolid\u00bb offset=\u00bbvc_col-xs-12&#8243;][vc_row_inner equal_height=\u00bbyes\u00bb content_placement=\u00bbmiddle\u00bb column_margin=\u00bbdefault\u00bb column_direction=\u00bbdefault\u00bb column_direction_tablet=\u00bbdefault\u00bb column_direction_phone=\u00bbdefault\u00bb text_align=\u00bbleft\u00bb row_position=\u00bbdefault\u00bb row_position_tablet=\u00bbinherit\u00bb row_position_phone=\u00bbinherit\u00bb overflow=\u00bbvisible\u00bb pointer_events=\u00bball\u00bb][vc_column_inner column_padding=\u00bbno-extra-padding\u00bb column_padding_tablet=\u00bbinherit\u00bb column_padding_phone=\u00bbinherit\u00bb column_padding_position=\u00bball\u00bb column_element_direction_desktop=\u00bbdefault\u00bb column_element_spacing=\u00bbdefault\u00bb desktop_text_alignment=\u00bbdefault\u00bb tablet_text_alignment=\u00bbdefault\u00bb phone_text_alignment=\u00bbdefault\u00bb background_color_opacity=\u00bb1&#8243; background_hover_color_opacity=\u00bb1&#8243; column_backdrop_filter=\u00bbnone\u00bb column_shadow=\u00bbnone\u00bb column_border_radius=\u00bbnone\u00bb column_link_target=\u00bb_self\u00bb overflow=\u00bbvisible\u00bb gradient_direction=\u00bbleft_to_right\u00bb overlay_strength=\u00bb0.3&#8243; width=\u00bb1\/2&#8243; tablet_width_inherit=\u00bbdefault\u00bb animation_type=\u00bbdefault\u00bb bg_image_animation=\u00bbnone\u00bb border_type=\u00bbsimple\u00bb column_border_width=\u00bbnone\u00bb column_border_style=\u00bbsolid\u00bb][nectar_highlighted_text color_type=\u00bbregular\u00bb style=\u00bbhalf_text\u00bb text_direction=\u00bbdefault\u00bb]\n<h3><b>\u00bfY los peajes?<\/b><\/h3>\n[\/nectar_highlighted_text][vc_column_text css=\u00bb\u00bb text_direction=\u00bbdefault\u00bb]<span style=\"font-weight: 400;\">Asturias cuenta con muy pocos tramos de autopista de pago. Las principales v\u00edas que conectan Oviedo con el resto de la comunidad y la meseta son gratuitas, lo que permite una movilidad \u00e1gil sin costes adicionales. Esto resulta especialmente ventajoso para empresas con equipos m\u00f3viles o en proyectos distribuidos por distintos puntos de la regi\u00f3n.<\/span>[\/vc_column_text][\/vc_column_inner][vc_column_inner column_padding=\u00bbno-extra-padding\u00bb column_padding_tablet=\u00bbinherit\u00bb column_padding_phone=\u00bbinherit\u00bb column_padding_position=\u00bball\u00bb column_element_direction_desktop=\u00bbdefault\u00bb column_element_spacing=\u00bbdefault\u00bb desktop_text_alignment=\u00bbdefault\u00bb tablet_text_alignment=\u00bbdefault\u00bb phone_text_alignment=\u00bbdefault\u00bb background_color_opacity=\u00bb1&#8243; background_hover_color_opacity=\u00bb1&#8243; column_backdrop_filter=\u00bbnone\u00bb column_shadow=\u00bbnone\u00bb column_border_radius=\u00bbnone\u00bb column_link_target=\u00bb_self\u00bb overflow=\u00bbvisible\u00bb gradient_direction=\u00bbleft_to_right\u00bb overlay_strength=\u00bb0.3&#8243; width=\u00bb1\/2&#8243; tablet_width_inherit=\u00bbdefault\u00bb animation_type=\u00bbdefault\u00bb bg_image_animation=\u00bbnone\u00bb border_type=\u00bbsimple\u00bb column_border_width=\u00bbnone\u00bb column_border_style=\u00bbsolid\u00bb][image_with_animation image_url=\u00bb7021543&#8243; image_size=\u00bblarge_featured\u00bb animation_type=\u00bbentrance\u00bb animation=\u00bbFade In\u00bb animation_easing=\u00bbdefault\u00bb animation_movement_type=\u00bbtransform_y\u00bb hover_animation=\u00bbzoom-crop\u00bb alignment=\u00bb\u00bb img_link_large=\u00bbyes\u00bb border_radius=\u00bbnone\u00bb box_shadow=\u00bbnone\u00bb image_loading=\u00bbdefault\u00bb max_width=\u00bb100%\u00bb max_width_mobile=\u00bbdefault\u00bb][\/vc_column_inner][\/vc_row_inner][\/vc_column][\/vc_row][vc_row type=\u00bbfull_width_background\u00bb full_screen_row_position=\u00bbmiddle\u00bb column_margin=\u00bbdefault\u00bb column_direction=\u00bbdefault\u00bb column_direction_tablet=\u00bbdefault\u00bb column_direction_phone=\u00bbdefault\u00bb bg_color=\u00bb#ffffff\u00bb scene_position=\u00bbcenter\u00bb top_padding=\u00bb6%\u00bb bottom_padding=\u00bb6%\u00bb constrain_group_2=\u00bbyes\u00bb left_padding_phone=\u00bb4%\u00bb constrain_group_6=\u00bbyes\u00bb right_padding_phone=\u00bb4%\u00bb text_color=\u00bbdark\u00bb text_align=\u00bbleft\u00bb row_border_radius=\u00bbnone\u00bb row_border_radius_applies=\u00bbbg\u00bb overflow=\u00bbvisible\u00bb overlay_strength=\u00bb0.3&#8243; gradient_direction=\u00bbleft_to_right\u00bb shape_divider_position=\u00bbbottom\u00bb bg_image_animation=\u00bbnone\u00bb shape_type=\u00bb\u00bb gradient_type=\u00bbdefault\u00bb][vc_column column_padding=\u00bbno-extra-padding\u00bb column_padding_tablet=\u00bbinherit\u00bb column_padding_phone=\u00bbinherit\u00bb column_padding_position=\u00bball\u00bb column_element_direction_desktop=\u00bbdefault\u00bb column_element_spacing=\u00bbdefault\u00bb desktop_text_alignment=\u00bbdefault\u00bb tablet_text_alignment=\u00bbdefault\u00bb phone_text_alignment=\u00bbdefault\u00bb background_color_opacity=\u00bb1&#8243; background_hover_color_opacity=\u00bb1&#8243; column_backdrop_filter=\u00bbnone\u00bb column_shadow=\u00bbnone\u00bb column_border_radius=\u00bbnone\u00bb column_link_target=\u00bb_self\u00bb column_position=\u00bbdefault\u00bb gradient_direction=\u00bbleft_to_right\u00bb overlay_strength=\u00bb0.3&#8243; width=\u00bb1\/1&#8243; tablet_width_inherit=\u00bbdefault\u00bb animation_type=\u00bbdefault\u00bb bg_image_animation=\u00bbnone\u00bb border_type=\u00bbsimple\u00bb column_border_width=\u00bbnone\u00bb column_border_style=\u00bbsolid\u00bb][vc_row_inner equal_height=\u00bbyes\u00bb content_placement=\u00bbmiddle\u00bb column_margin=\u00bb70px\u00bb column_direction=\u00bbdefault\u00bb column_direction_tablet=\u00bbcolumn_reverse\u00bb column_direction_phone=\u00bbcolumn_reverse\u00bb text_align=\u00bbleft\u00bb row_position=\u00bbdefault\u00bb row_position_tablet=\u00bbinherit\u00bb row_position_phone=\u00bbinherit\u00bb overflow=\u00bbvisible\u00bb pointer_events=\u00bball\u00bb][vc_column_inner column_padding=\u00bbno-extra-padding\u00bb column_padding_tablet=\u00bbinherit\u00bb column_padding_phone=\u00bbinherit\u00bb column_padding_position=\u00bball\u00bb column_element_direction_desktop=\u00bbdefault\u00bb column_element_spacing=\u00bbdefault\u00bb desktop_text_alignment=\u00bbdefault\u00bb tablet_text_alignment=\u00bbdefault\u00bb phone_text_alignment=\u00bbdefault\u00bb background_color_opacity=\u00bb1&#8243; background_hover_color_opacity=\u00bb1&#8243; column_backdrop_filter=\u00bbnone\u00bb column_shadow=\u00bbnone\u00bb column_border_radius=\u00bbnone\u00bb column_link_target=\u00bb_self\u00bb overflow=\u00bbvisible\u00bb gradient_direction=\u00bbleft_to_right\u00bb overlay_strength=\u00bb0.3&#8243; width=\u00bb1\/2&#8243; tablet_width_inherit=\u00bbdefault\u00bb animation_type=\u00bbdefault\u00bb bg_image_animation=\u00bbnone\u00bb border_type=\u00bbsimple\u00bb column_border_width=\u00bbnone\u00bb column_border_style=\u00bbsolid\u00bb][image_with_animation image_url=\u00bb7021592&#8243; image_size=\u00bbfull\u00bb animation_type=\u00bbentrance\u00bb animation=\u00bbNone\u00bb animation_movement_type=\u00bbtransform_y\u00bb hover_animation=\u00bbnone\u00bb alignment=\u00bb\u00bb border_radius=\u00bbnone\u00bb box_shadow=\u00bbnone\u00bb image_loading=\u00bbdefault\u00bb max_width=\u00bb100%\u00bb max_width_mobile=\u00bbdefault\u00bb][\/vc_column_inner][vc_column_inner column_padding=\u00bbno-extra-padding\u00bb column_padding_tablet=\u00bbinherit\u00bb column_padding_phone=\u00bbinherit\u00bb column_padding_position=\u00bball\u00bb column_element_direction_desktop=\u00bbdefault\u00bb column_element_spacing=\u00bbdefault\u00bb desktop_text_alignment=\u00bbdefault\u00bb tablet_text_alignment=\u00bbdefault\u00bb phone_text_alignment=\u00bbdefault\u00bb background_color_opacity=\u00bb1&#8243; background_hover_color_opacity=\u00bb1&#8243; column_backdrop_filter=\u00bbnone\u00bb column_shadow=\u00bbnone\u00bb column_border_radius=\u00bbnone\u00bb column_link_target=\u00bb_self\u00bb overflow=\u00bbvisible\u00bb gradient_direction=\u00bbleft_to_right\u00bb overlay_strength=\u00bb0.3&#8243; width=\u00bb1\/2&#8243; tablet_width_inherit=\u00bbdefault\u00bb animation_type=\u00bbdefault\u00bb bg_image_animation=\u00bbnone\u00bb border_type=\u00bbsimple\u00bb column_border_width=\u00bbnone\u00bb column_border_style=\u00bbsolid\u00bb][vc_column_text css=\u00bb\u00bb text_direction=\u00bbdefault\u00bb]\n<h2><b>Alquiler temporal en Oviedo, sin complicaciones y pensado para empresas<\/b><\/h2>\n<p><span style=\"font-weight: 400;\">En Homyspace te facilitamos la b\u00fasqueda de <\/span><b>alquiler temporal en Oviedo<\/b><span style=\"font-weight: 400;\">, ajust\u00e1ndonos a las necesidades reales de tu empresa. Porque entendemos que el alojamiento debe ayudarte a avanzar con tu proyecto, no entorpecerlo.<\/span><\/p>\n<p><span style=\"font-weight: 400;\">Ponemos a tu disposici\u00f3n una <\/span><b>red de apartamentos y viviendas<\/b><span style=\"font-weight: 400;\"> equipadas para estancias cortas, medias o prolongadas, ideales para equipos desplazados por motivos laborales.<\/span><\/p>\n<p><span style=\"font-weight: 400;\">Un <\/span><b>gestor personal<\/b><span style=\"font-weight: 400;\"> con conocimiento del mercado inmobiliario local se encargar\u00e1 de todo por ti: b\u00fasqueda, negociaci\u00f3n, tr\u00e1mites y soporte durante la estancia. T\u00fa solo tendr\u00e1s que elegir lo que mejor encaje.<\/span><\/p>\n<p><span style=\"font-weight: 400;\">\u00bfTienes que alojar a tu equipo en Oviedo y no sabes por d\u00f3nde empezar? \u00bfBuscas una alternativa pr\u00e1ctica y flexible al hotel tradicional? En Homyspace te ofrecemos una soluci\u00f3n corporativa segura, eficiente y adaptada al ritmo de tu empresa.<\/span>[\/vc_column_text][\/vc_column_inner][\/vc_row_inner][\/vc_column][\/vc_row][vc_row type=\u00bbfull_width_background\u00bb full_screen_row_position=\u00bbmiddle\u00bb column_margin=\u00bbdefault\u00bb column_direction=\u00bbdefault\u00bb column_direction_tablet=\u00bbdefault\u00bb column_direction_phone=\u00bbdefault\u00bb bg_color=\u00bb#f9fafb\u00bb scene_position=\u00bbcenter\u00bb top_padding=\u00bb6%\u00bb bottom_padding=\u00bb6%\u00bb left_padding_phone=\u00bb4%\u00bb constrain_group_6=\u00bbyes\u00bb right_padding_phone=\u00bb4%\u00bb text_color=\u00bbdark\u00bb text_align=\u00bbleft\u00bb row_border_radius=\u00bbnone\u00bb row_border_radius_applies=\u00bbbg\u00bb overflow=\u00bbvisible\u00bb overlay_strength=\u00bb0.3&#8243; gradient_direction=\u00bbleft_to_right\u00bb shape_divider_position=\u00bbbottom\u00bb bg_image_animation=\u00bbnone\u00bb shape_type=\u00bb\u00bb gradient_type=\u00bbdefault\u00bb][vc_column column_padding=\u00bbno-extra-padding\u00bb column_padding_tablet=\u00bbinherit\u00bb column_padding_phone=\u00bbinherit\u00bb column_padding_position=\u00bball\u00bb column_element_direction_desktop=\u00bbdefault\u00bb column_element_spacing=\u00bbdefault\u00bb desktop_text_alignment=\u00bbdefault\u00bb tablet_text_alignment=\u00bbdefault\u00bb phone_text_alignment=\u00bbdefault\u00bb background_color_opacity=\u00bb1&#8243; background_hover_color_opacity=\u00bb1&#8243; column_backdrop_filter=\u00bbnone\u00bb column_shadow=\u00bbnone\u00bb column_border_radius=\u00bbnone\u00bb column_link_target=\u00bb_self\u00bb column_position=\u00bbdefault\u00bb gradient_direction=\u00bbleft_to_right\u00bb overlay_strength=\u00bb0.3&#8243; width=\u00bb1\/1&#8243; tablet_width_inherit=\u00bbdefault\u00bb animation_type=\u00bbdefault\u00bb bg_image_animation=\u00bbnone\u00bb border_type=\u00bbsimple\u00bb column_border_width=\u00bbnone\u00bb column_border_style=\u00bbsolid\u00bb][vc_row_inner column_margin=\u00bbdefault\u00bb column_direction=\u00bbdefault\u00bb column_direction_tablet=\u00bbdefault\u00bb column_direction_phone=\u00bbdefault\u00bb text_align=\u00bbleft\u00bb row_position=\u00bbdefault\u00bb row_position_tablet=\u00bbinherit\u00bb row_position_phone=\u00bbinherit\u00bb overflow=\u00bbvisible\u00bb pointer_events=\u00bball\u00bb css=\u00bb.vc_custom_1567864668835{margin-bottom: -20px !important;}\u00bb][vc_column_inner column_padding=\u00bbno-extra-padding\u00bb column_padding_tablet=\u00bbinherit\u00bb column_padding_phone=\u00bbinherit\u00bb column_padding_position=\u00bball\u00bb column_element_direction_desktop=\u00bbdefault\u00bb column_element_spacing=\u00bbdefault\u00bb desktop_text_alignment=\u00bbdefault\u00bb tablet_text_alignment=\u00bbdefault\u00bb phone_text_alignment=\u00bbdefault\u00bb background_color_opacity=\u00bb1&#8243; background_hover_color_opacity=\u00bb1&#8243; column_backdrop_filter=\u00bbnone\u00bb column_shadow=\u00bbnone\u00bb column_border_radius=\u00bbnone\u00bb column_link_target=\u00bb_self\u00bb overflow=\u00bbvisible\u00bb gradient_direction=\u00bbleft_to_right\u00bb overlay_strength=\u00bb0.3&#8243; width=\u00bb1\/2&#8243; tablet_width_inherit=\u00bbdefault\u00bb animation_type=\u00bbdefault\u00bb bg_image_animation=\u00bbnone\u00bb border_type=\u00bbsimple\u00bb column_border_width=\u00bbnone\u00bb column_border_style=\u00bbsolid\u00bb column_padding_type=\u00bbdefault\u00bb gradient_type=\u00bbdefault\u00bb][vc_column_text css=\u00bb\u00bb text_direction=\u00bbdefault\u00bb]\n<h2><b>Calidad de vida, operatividad y entorno profesional<\/b><\/h2>\n[\/vc_column_text][vc_column_text css=\u00bb\u00bb text_direction=\u00bbdefault\u00bb]<span style=\"font-weight: 400;\">Oviedo combina un entorno urbano amable con una excelente infraestructura para la actividad empresarial. Es una ciudad ordenada, segura y bien comunicada, perfecta para compa\u00f1\u00edas que valoran la eficiencia sin renunciar al bienestar de sus empleados.<\/span><\/p>\n<p><span style=\"font-weight: 400;\">Cuenta con un tejido econ\u00f3mico diverso en el que conviven empresas del sector servicios, industria, tecnolog\u00eda, sanidad, educaci\u00f3n y administraci\u00f3n p\u00fablica. Todo ello en una ciudad con ritmo tranquilo, buena oferta cultural, excelente gastronom\u00eda y un entorno natural pr\u00f3ximo que mejora la calidad de vida y favorece la concentraci\u00f3n y el rendimiento de los equipos desplazados.<\/span>[\/vc_column_text][\/vc_column_inner][vc_column_inner column_padding=\u00bbno-extra-padding\u00bb column_padding_tablet=\u00bbinherit\u00bb column_padding_phone=\u00bbinherit\u00bb column_padding_position=\u00bball\u00bb column_element_direction_desktop=\u00bbdefault\u00bb column_element_spacing=\u00bbdefault\u00bb desktop_text_alignment=\u00bbdefault\u00bb tablet_text_alignment=\u00bbdefault\u00bb phone_text_alignment=\u00bbdefault\u00bb background_color_opacity=\u00bb1&#8243; background_hover_color_opacity=\u00bb1&#8243; column_backdrop_filter=\u00bbnone\u00bb column_shadow=\u00bbnone\u00bb column_border_radius=\u00bbnone\u00bb column_link_target=\u00bb_self\u00bb overflow=\u00bbvisible\u00bb gradient_direction=\u00bbleft_to_right\u00bb overlay_strength=\u00bb0.3&#8243; width=\u00bb1\/2&#8243; tablet_width_inherit=\u00bbdefault\u00bb animation_type=\u00bbdefault\u00bb bg_image_animation=\u00bbnone\u00bb border_type=\u00bbsimple\u00bb column_border_width=\u00bbnone\u00bb column_border_style=\u00bbsolid\u00bb column_padding_type=\u00bbdefault\u00bb gradient_type=\u00bbdefault\u00bb][image_with_animation image_url=\u00bb7022030&#8243; image_size=\u00bbportfolio-thumb_large\u00bb animation_type=\u00bbentrance\u00bb animation=\u00bbNone\u00bb animation_movement_type=\u00bbtransform_y\u00bb hover_animation=\u00bbnone\u00bb alignment=\u00bbcenter\u00bb border_radius=\u00bbnone\u00bb box_shadow=\u00bbnone\u00bb image_loading=\u00bbdefault\u00bb max_width=\u00bb100%\u00bb max_width_mobile=\u00bbdefault\u00bb position_desktop=\u00bbrelative\u00bb][\/vc_column_inner][\/vc_row_inner][vc_row_inner column_margin=\u00bbdefault\u00bb column_direction=\u00bbdefault\u00bb column_direction_tablet=\u00bbdefault\u00bb column_direction_phone=\u00bbdefault\u00bb top_padding=\u00bb10%\u00bb text_align=\u00bbleft\u00bb row_position=\u00bbdefault\u00bb row_position_tablet=\u00bbinherit\u00bb row_position_phone=\u00bbinherit\u00bb overflow=\u00bbvisible\u00bb pointer_events=\u00bball\u00bb css=\u00bb.vc_custom_1741878586999{margin-bottom: -20px !important;}\u00bb][vc_column_inner column_padding=\u00bbno-extra-padding\u00bb column_padding_tablet=\u00bbinherit\u00bb column_padding_phone=\u00bbinherit\u00bb column_padding_position=\u00bball\u00bb column_element_direction_desktop=\u00bbdefault\u00bb column_element_spacing=\u00bbdefault\u00bb centered_text=\u00bbtrue\u00bb desktop_text_alignment=\u00bbdefault\u00bb tablet_text_alignment=\u00bbdefault\u00bb phone_text_alignment=\u00bbdefault\u00bb background_color_opacity=\u00bb1&#8243; background_hover_color_opacity=\u00bb1&#8243; column_backdrop_filter=\u00bbnone\u00bb column_shadow=\u00bbnone\u00bb column_border_radius=\u00bbnone\u00bb column_link_target=\u00bb_self\u00bb overflow=\u00bbvisible\u00bb gradient_direction=\u00bbleft_to_right\u00bb overlay_strength=\u00bb0.3&#8243; width=\u00bb1\/1&#8243; tablet_width_inherit=\u00bbdefault\u00bb animation_type=\u00bbdefault\u00bb bg_image_animation=\u00bbnone\u00bb border_type=\u00bbsimple\u00bb column_border_width=\u00bbnone\u00bb column_border_style=\u00bbsolid\u00bb column_padding_type=\u00bbdefault\u00bb gradient_type=\u00bbdefault\u00bb][vc_column_text css=\u00bb\u00bb text_direction=\u00bbdefault\u00bb]\n<h2><b>\u00c1reas empresariales de referencia en Oviedo<\/b><\/h2>\n[\/vc_column_text][\/vc_column_inner][\/vc_row_inner][carousel script=\u00bbflickity\u00bb flickity_formatting=\u00bbdefault\u00bb desktop_cols_flickity=\u00bb2&#8243; desktop_small_cols_flickity=\u00bb2&#8243; tablet_cols_flickity=\u00bb2&#8243; phone_cols_flickity=\u00bb1&#8243; flickity_controls=\u00bbdefault\u00bb color=\u00bbaccent-color\u00bb flickity_overflow=\u00bbvisible\u00bb flickity_wrap_around=\u00bbno-wrap\u00bb pagination_alignment_flickity=\u00bbdefault\u00bb flickity_spacing=\u00bbdefault\u00bb flickity_column_vertical_alignment=\u00bbdefault\u00bb column_padding=\u00bb0&#8243; flickity_element_spacing=\u00bbdefault\u00bb border_radius=\u00bbnone\u00bb][item simple_slider_bg_image_position=\u00bbdefault\u00bb simple_slider_overlay_strength=\u00bb0.3&#8243; simple_slider_bg_image_loading=\u00bbdefault\u00bb id=\u00bb1747037309219-9&#8243; title=\u00bbItem\u00bb tab_id=\u00bb1747037309219-7&#8243;][vc_row_inner equal_height=\u00bbyes\u00bb content_placement=\u00bbmiddle\u00bb column_margin=\u00bbdefault\u00bb column_direction=\u00bbdefault\u00bb column_direction_tablet=\u00bbdefault\u00bb column_direction_phone=\u00bbdefault\u00bb text_align=\u00bbleft\u00bb row_position=\u00bbdefault\u00bb row_position_tablet=\u00bbinherit\u00bb row_position_phone=\u00bbinherit\u00bb overflow=\u00bbvisible\u00bb pointer_events=\u00bball\u00bb css=\u00bb.vc_custom_1741006707052{margin-top: 5% !important;}\u00bb][vc_column_inner column_padding=\u00bbpadding-3-percent\u00bb column_padding_tablet=\u00bbinherit\u00bb column_padding_phone=\u00bbinherit\u00bb column_padding_position=\u00bball\u00bb column_element_direction_desktop=\u00bbdefault\u00bb column_element_spacing=\u00bbdefault\u00bb desktop_text_alignment=\u00bbdefault\u00bb tablet_text_alignment=\u00bbdefault\u00bb phone_text_alignment=\u00bbdefault\u00bb background_color=\u00bb#ffffff\u00bb background_color_opacity=\u00bb1&#8243; background_hover_color_opacity=\u00bb1&#8243; column_backdrop_filter=\u00bbnone\u00bb column_shadow=\u00bbnone\u00bb column_border_radius=\u00bb15px\u00bb column_link_target=\u00bb_self\u00bb overflow=\u00bbvisible\u00bb enable_gradient=\u00bbtrue\u00bb color_overlay_2=\u00bb#f9fafb\u00bb gradient_direction=\u00bbleft_t_to_right_b\u00bb overlay_strength=\u00bb1&#8243; width=\u00bb1\/1&#8243; tablet_width_inherit=\u00bbdefault\u00bb animation_type=\u00bbdefault\u00bb bg_image_animation=\u00bbnone\u00bb border_type=\u00bbsimple\u00bb column_border_width=\u00bb1px\u00bb column_border_color=\u00bb#e8e8e8&#8243; column_border_style=\u00bbsolid\u00bb column_padding_type=\u00bbdefault\u00bb gradient_type=\u00bbdefault\u00bb][vc_column_text css=\u00bb\u00bb text_direction=\u00bbdefault\u00bb]\n<h3><b>Zona Administrativa \u2013 Centro de Oviedo<\/b><\/h3>\n<p><span style=\"font-weight: 400;\">En el entorno de la Calle Ur\u00eda, la Plaza del Font\u00e1n y la Avenida Galicia se concentran organismos p\u00fablicos, sedes institucionales, despachos jur\u00eddicos, asesor\u00edas, bancos y oficinas de representaci\u00f3n. Es el n\u00facleo profesional y administrativo de la ciudad.<\/span>[\/vc_column_text][nectar_btn size=\u00bblarge\u00bb open_new_tab=\u00bbtrue\u00bb button_style=\u00bbregular\u00bb button_color_2=\u00bbAccent-Color\u00bb icon_family=\u00bbnone\u00bb url=\u00bbhttps:\/\/www.homyspace.com\/solicitudes\/new?city=Oviedo%2C+Oviedo%2C+Espa\u00f1a&amp;request_channel=CITY_LANDING\u00bb text=\u00bbEncontrar alojamiento\u00bb css_animation=\u00bbnone\u00bb margin_bottom=\u00bb-2%\u00bb][nectar_responsive_text inherited_font_style=\u00bbdefault\u00bb font_size_desktop=\u00bb0.8rem\u00bb text_direction=\u00bbdefault\u00bb]en Oviedo[\/nectar_responsive_text][\/vc_column_inner][\/vc_row_inner][\/item][item simple_slider_bg_image_position=\u00bbdefault\u00bb simple_slider_overlay_strength=\u00bb0.3&#8243; simple_slider_bg_image_loading=\u00bbdefault\u00bb id=\u00bb1747037309288-9&#8243; title=\u00bbItem\u00bb tab_id=\u00bb1747037309288-7&#8243;][vc_row_inner equal_height=\u00bbyes\u00bb content_placement=\u00bbmiddle\u00bb column_margin=\u00bbdefault\u00bb column_direction=\u00bbdefault\u00bb column_direction_tablet=\u00bbdefault\u00bb column_direction_phone=\u00bbdefault\u00bb text_align=\u00bbleft\u00bb row_position=\u00bbdefault\u00bb row_position_tablet=\u00bbinherit\u00bb row_position_phone=\u00bbinherit\u00bb overflow=\u00bbvisible\u00bb pointer_events=\u00bball\u00bb css=\u00bb.vc_custom_1741006707052{margin-top: 5% !important;}\u00bb][vc_column_inner column_padding=\u00bbpadding-3-percent\u00bb column_padding_tablet=\u00bbinherit\u00bb column_padding_phone=\u00bbinherit\u00bb column_padding_position=\u00bball\u00bb column_element_direction_desktop=\u00bbdefault\u00bb column_element_spacing=\u00bbdefault\u00bb desktop_text_alignment=\u00bbdefault\u00bb tablet_text_alignment=\u00bbdefault\u00bb phone_text_alignment=\u00bbdefault\u00bb background_color=\u00bb#ffffff\u00bb background_color_opacity=\u00bb1&#8243; background_hover_color_opacity=\u00bb1&#8243; column_backdrop_filter=\u00bbnone\u00bb column_shadow=\u00bbnone\u00bb column_border_radius=\u00bb15px\u00bb column_link_target=\u00bb_self\u00bb overflow=\u00bbvisible\u00bb enable_gradient=\u00bbtrue\u00bb color_overlay_2=\u00bb#f9fafb\u00bb gradient_direction=\u00bbleft_t_to_right_b\u00bb overlay_strength=\u00bb1&#8243; width=\u00bb1\/1&#8243; tablet_width_inherit=\u00bbdefault\u00bb animation_type=\u00bbdefault\u00bb bg_image_animation=\u00bbnone\u00bb border_type=\u00bbsimple\u00bb column_border_width=\u00bb1px\u00bb column_border_color=\u00bb#e8e8e8&#8243; column_border_style=\u00bbsolid\u00bb column_padding_type=\u00bbdefault\u00bb gradient_type=\u00bbdefault\u00bb][vc_column_text css=\u00bb\u00bb text_direction=\u00bbdefault\u00bb]\n<h3><b>Pol\u00edgono Esp\u00edritu Santo<\/b><\/h3>\n<p><span style=\"font-weight: 400;\">Situado al norte de Oviedo, con acceso directo por la A-66, acoge empresas de log\u00edstica, automoci\u00f3n, alimentaci\u00f3n y distribuci\u00f3n. Es uno de los principales focos industriales del \u00e1rea central asturiana.<\/span>[\/vc_column_text][nectar_btn size=\u00bblarge\u00bb open_new_tab=\u00bbtrue\u00bb button_style=\u00bbregular\u00bb button_color_2=\u00bbAccent-Color\u00bb icon_family=\u00bbnone\u00bb url=\u00bbhttps:\/\/www.homyspace.com\/solicitudes\/new?city=Pol\u00edgono+Esp\u00edritu+Santo%2C+Oviedo%2C+Espa\u00f1a&amp;request_channel=CITY_LANDING\u00bb text=\u00bbEncontrar alojamiento\u00bb css_animation=\u00bbnone\u00bb margin_bottom=\u00bb-2%\u00bb][nectar_responsive_text inherited_font_style=\u00bbdefault\u00bb font_size_desktop=\u00bb0.8rem\u00bb text_direction=\u00bbdefault\u00bb]en Pol\u00edgono Esp\u00edritu Santo[\/nectar_responsive_text][\/vc_column_inner][\/vc_row_inner][\/item][item simple_slider_bg_image_position=\u00bbdefault\u00bb simple_slider_overlay_strength=\u00bb0.3&#8243; simple_slider_bg_image_loading=\u00bbdefault\u00bb id=\u00bb1747037309362-1&#8243; title=\u00bbItem\u00bb tab_id=\u00bb1747037309363-8&#8243;][vc_row_inner equal_height=\u00bbyes\u00bb content_placement=\u00bbmiddle\u00bb column_margin=\u00bbdefault\u00bb column_direction=\u00bbdefault\u00bb column_direction_tablet=\u00bbdefault\u00bb column_direction_phone=\u00bbdefault\u00bb text_align=\u00bbleft\u00bb row_position=\u00bbdefault\u00bb row_position_tablet=\u00bbinherit\u00bb row_position_phone=\u00bbinherit\u00bb overflow=\u00bbvisible\u00bb pointer_events=\u00bball\u00bb css=\u00bb.vc_custom_1741006707052{margin-top: 5% !important;}\u00bb][vc_column_inner column_padding=\u00bbpadding-3-percent\u00bb column_padding_tablet=\u00bbinherit\u00bb column_padding_phone=\u00bbinherit\u00bb column_padding_position=\u00bball\u00bb column_element_direction_desktop=\u00bbdefault\u00bb column_element_spacing=\u00bbdefault\u00bb desktop_text_alignment=\u00bbdefault\u00bb tablet_text_alignment=\u00bbdefault\u00bb phone_text_alignment=\u00bbdefault\u00bb background_color=\u00bb#ffffff\u00bb background_color_opacity=\u00bb1&#8243; background_hover_color_opacity=\u00bb1&#8243; column_backdrop_filter=\u00bbnone\u00bb column_shadow=\u00bbnone\u00bb column_border_radius=\u00bb15px\u00bb column_link_target=\u00bb_self\u00bb overflow=\u00bbvisible\u00bb enable_gradient=\u00bbtrue\u00bb color_overlay_2=\u00bb#f9fafb\u00bb gradient_direction=\u00bbleft_t_to_right_b\u00bb overlay_strength=\u00bb1&#8243; width=\u00bb1\/1&#8243; tablet_width_inherit=\u00bbdefault\u00bb animation_type=\u00bbdefault\u00bb bg_image_animation=\u00bbnone\u00bb border_type=\u00bbsimple\u00bb column_border_width=\u00bb1px\u00bb column_border_color=\u00bb#e8e8e8&#8243; column_border_style=\u00bbsolid\u00bb column_padding_type=\u00bbdefault\u00bb gradient_type=\u00bbdefault\u00bb][vc_column_text css=\u00bb\u00bb text_direction=\u00bbdefault\u00bb]\n<h3><b>Parque Empresarial Principado de Asturias (PEPA)<\/b><\/h3>\n<p><span style=\"font-weight: 400;\">A menos de 20 minutos de Oviedo, entre Avil\u00e9s y el centro de Asturias, este parque tecnol\u00f3gico re\u00fane empresas del sector industrial, medioambiental, I+D y tecnolog\u00eda. Mantiene v\u00ednculos con centros de formaci\u00f3n profesional y universidades.<\/span>[\/vc_column_text][nectar_btn size=\u00bblarge\u00bb open_new_tab=\u00bbtrue\u00bb button_style=\u00bbregular\u00bb button_color_2=\u00bbAccent-Color\u00bb icon_family=\u00bbnone\u00bb url=\u00bbhttps:\/\/www.homyspace.com\/solicitudes\/new?city=PEPA%2C+Oviedo%2C+Espa\u00f1a&amp;request_channel=CITY_LANDING\u00bb text=\u00bbEncontrar alojamiento\u00bb css_animation=\u00bbnone\u00bb margin_bottom=\u00bb-2%\u00bb][nectar_responsive_text inherited_font_style=\u00bbdefault\u00bb font_size_desktop=\u00bb0.8rem\u00bb text_direction=\u00bbdefault\u00bb]en Parque Empresarial Principado de Asturias[\/nectar_responsive_text][\/vc_column_inner][\/vc_row_inner][\/item][item simple_slider_bg_image_position=\u00bbdefault\u00bb simple_slider_overlay_strength=\u00bb0.3&#8243; simple_slider_bg_image_loading=\u00bbdefault\u00bb id=\u00bb1747037309411-7&#8243; title=\u00bbItem\u00bb tab_id=\u00bb1747037309411-2&#8243;][vc_row_inner equal_height=\u00bbyes\u00bb content_placement=\u00bbmiddle\u00bb column_margin=\u00bbdefault\u00bb column_direction=\u00bbdefault\u00bb column_direction_tablet=\u00bbdefault\u00bb column_direction_phone=\u00bbdefault\u00bb text_align=\u00bbleft\u00bb row_position=\u00bbdefault\u00bb row_position_tablet=\u00bbinherit\u00bb row_position_phone=\u00bbinherit\u00bb overflow=\u00bbvisible\u00bb pointer_events=\u00bball\u00bb css=\u00bb.vc_custom_1741006707052{margin-top: 5% !important;}\u00bb][vc_column_inner column_padding=\u00bbpadding-3-percent\u00bb column_padding_tablet=\u00bbinherit\u00bb column_padding_phone=\u00bbinherit\u00bb column_padding_position=\u00bball\u00bb column_element_direction_desktop=\u00bbdefault\u00bb column_element_spacing=\u00bbdefault\u00bb desktop_text_alignment=\u00bbdefault\u00bb tablet_text_alignment=\u00bbdefault\u00bb phone_text_alignment=\u00bbdefault\u00bb background_color=\u00bb#ffffff\u00bb background_color_opacity=\u00bb1&#8243; background_hover_color_opacity=\u00bb1&#8243; column_backdrop_filter=\u00bbnone\u00bb column_shadow=\u00bbnone\u00bb column_border_radius=\u00bb15px\u00bb column_link_target=\u00bb_self\u00bb overflow=\u00bbvisible\u00bb enable_gradient=\u00bbtrue\u00bb color_overlay_2=\u00bb#f9fafb\u00bb gradient_direction=\u00bbleft_t_to_right_b\u00bb overlay_strength=\u00bb1&#8243; width=\u00bb1\/1&#8243; tablet_width_inherit=\u00bbdefault\u00bb animation_type=\u00bbdefault\u00bb bg_image_animation=\u00bbnone\u00bb border_type=\u00bbsimple\u00bb column_border_width=\u00bb1px\u00bb column_border_color=\u00bb#e8e8e8&#8243; column_border_style=\u00bbsolid\u00bb column_padding_type=\u00bbdefault\u00bb gradient_type=\u00bbdefault\u00bb][vc_column_text css=\u00bb\u00bb text_direction=\u00bbdefault\u00bb]\n<h3><b>Zona de Granda y Meres (Siero)<\/b><\/h3>\n<p><span style=\"font-weight: 400;\">\u00c1rea empresarial muy pr\u00f3xima a Oviedo, con presencia de oficinas t\u00e9cnicas, centros log\u00edsticos, empresas de servicios y laboratorios. Excelente conectividad con el eje Oviedo\u2013Gij\u00f3n.<\/span>[\/vc_column_text][nectar_btn size=\u00bblarge\u00bb open_new_tab=\u00bbtrue\u00bb button_style=\u00bbregular\u00bb button_color_2=\u00bbAccent-Color\u00bb icon_family=\u00bbnone\u00bb url=\u00bbhttps:\/\/www.homyspace.com\/solicitudes\/new?city=Siero%2C+Oviedo%2C+Espa\u00f1a&amp;request_channel=CITY_LANDING\u00bb text=\u00bbEncontrar alojamiento\u00bb css_animation=\u00bbnone\u00bb margin_bottom=\u00bb-2%\u00bb][nectar_responsive_text inherited_font_style=\u00bbdefault\u00bb font_size_desktop=\u00bb0.8rem\u00bb text_direction=\u00bbdefault\u00bb]en Siero[\/nectar_responsive_text][\/vc_column_inner][\/vc_row_inner][\/item][item simple_slider_bg_image_position=\u00bbdefault\u00bb simple_slider_overlay_strength=\u00bb0.3&#8243; simple_slider_bg_image_loading=\u00bbdefault\u00bb id=\u00bb1747037309455-9&#8243; title=\u00bbItem\u00bb tab_id=\u00bb1747037309455-2&#8243;][vc_row_inner equal_height=\u00bbyes\u00bb content_placement=\u00bbmiddle\u00bb column_margin=\u00bbdefault\u00bb column_direction=\u00bbdefault\u00bb column_direction_tablet=\u00bbdefault\u00bb column_direction_phone=\u00bbdefault\u00bb text_align=\u00bbleft\u00bb row_position=\u00bbdefault\u00bb row_position_tablet=\u00bbinherit\u00bb row_position_phone=\u00bbinherit\u00bb overflow=\u00bbvisible\u00bb pointer_events=\u00bball\u00bb css=\u00bb.vc_custom_1741006707052{margin-top: 5% !important;}\u00bb][vc_column_inner column_padding=\u00bbpadding-3-percent\u00bb column_padding_tablet=\u00bbinherit\u00bb column_padding_phone=\u00bbinherit\u00bb column_padding_position=\u00bball\u00bb column_element_direction_desktop=\u00bbdefault\u00bb column_element_spacing=\u00bbdefault\u00bb desktop_text_alignment=\u00bbdefault\u00bb tablet_text_alignment=\u00bbdefault\u00bb phone_text_alignment=\u00bbdefault\u00bb background_color=\u00bb#ffffff\u00bb background_color_opacity=\u00bb1&#8243; background_hover_color_opacity=\u00bb1&#8243; column_backdrop_filter=\u00bbnone\u00bb column_shadow=\u00bbnone\u00bb column_border_radius=\u00bb15px\u00bb column_link_target=\u00bb_self\u00bb overflow=\u00bbvisible\u00bb enable_gradient=\u00bbtrue\u00bb color_overlay_2=\u00bb#f9fafb\u00bb gradient_direction=\u00bbleft_t_to_right_b\u00bb overlay_strength=\u00bb1&#8243; width=\u00bb1\/1&#8243; tablet_width_inherit=\u00bbdefault\u00bb animation_type=\u00bbdefault\u00bb bg_image_animation=\u00bbnone\u00bb border_type=\u00bbsimple\u00bb column_border_width=\u00bb1px\u00bb column_border_color=\u00bb#e8e8e8&#8243; column_border_style=\u00bbsolid\u00bb column_padding_type=\u00bbdefault\u00bb gradient_type=\u00bbdefault\u00bb][vc_column_text css=\u00bb\u00bb text_direction=\u00bbdefault\u00bb]\n<h3><b>Centro de Transportes de Asturias (CTA)<\/b><\/h3>\n<p><span style=\"font-weight: 400;\">Infraestructura log\u00edstica clave ubicada en Viella (Siero), a pocos minutos de Oviedo. Act\u00faa como plataforma intermodal para transporte y distribuci\u00f3n, conectando empresas con los principales corredores del norte peninsular.<\/span>[\/vc_column_text][nectar_btn size=\u00bblarge\u00bb open_new_tab=\u00bbtrue\u00bb button_style=\u00bbregular\u00bb button_color_2=\u00bbAccent-Color\u00bb icon_family=\u00bbnone\u00bb url=\u00bbhttps:\/\/www.homyspace.com\/solicitudes\/new?city=CTA%2C+Oviedo%2C+Espa\u00f1a&amp;request_channel=CITY_LANDING\u00bb text=\u00bbEncontrar alojamiento\u00bb css_animation=\u00bbnone\u00bb margin_bottom=\u00bb-2%\u00bb][nectar_responsive_text inherited_font_style=\u00bbdefault\u00bb font_size_desktop=\u00bb0.8rem\u00bb text_direction=\u00bbdefault\u00bb]en Centro de Transportes de Asturias[\/nectar_responsive_text][\/vc_column_inner][\/vc_row_inner][\/item][\/carousel][divider line_type=\u00bbNo Line\u00bb custom_height=\u00bb2vw\u00bb][\/vc_column][\/vc_row][vc_row type=\u00bbfull_width_background\u00bb full_screen_row_position=\u00bbmiddle\u00bb column_margin=\u00bbdefault\u00bb column_direction=\u00bbdefault\u00bb column_direction_tablet=\u00bbdefault\u00bb column_direction_phone=\u00bbdefault\u00bb bg_color=\u00bb#ffffff\u00bb scene_position=\u00bbcenter\u00bb top_padding=\u00bb6%\u00bb bottom_padding=\u00bb6%\u00bb left_padding_phone=\u00bb5%\u00bb right_padding_phone=\u00bb8%\u00bb text_color=\u00bbdark\u00bb text_align=\u00bbleft\u00bb row_border_radius=\u00bbnone\u00bb row_border_radius_applies=\u00bbbg\u00bb overflow=\u00bbvisible\u00bb overlay_strength=\u00bb0.3&#8243; gradient_direction=\u00bbleft_to_right\u00bb shape_divider_position=\u00bbbottom\u00bb bg_image_animation=\u00bbnone\u00bb shape_type=\u00bb\u00bb gradient_type=\u00bbdefault\u00bb][vc_column column_padding=\u00bbno-extra-padding\u00bb column_padding_tablet=\u00bbinherit\u00bb column_padding_phone=\u00bbinherit\u00bb column_padding_position=\u00bball\u00bb column_element_direction_desktop=\u00bbdefault\u00bb column_element_spacing=\u00bbdefault\u00bb desktop_text_alignment=\u00bbdefault\u00bb tablet_text_alignment=\u00bbdefault\u00bb phone_text_alignment=\u00bbdefault\u00bb background_color_opacity=\u00bb1&#8243; background_hover_color_opacity=\u00bb1&#8243; column_backdrop_filter=\u00bbnone\u00bb column_shadow=\u00bbnone\u00bb column_border_radius=\u00bbnone\u00bb column_link_target=\u00bb_self\u00bb column_position=\u00bbdefault\u00bb gradient_direction=\u00bbleft_to_right\u00bb overlay_strength=\u00bb0.3&#8243; width=\u00bb1\/1&#8243; tablet_width_inherit=\u00bbdefault\u00bb animation_type=\u00bbdefault\u00bb bg_image_animation=\u00bbnone\u00bb border_type=\u00bbsimple\u00bb column_border_width=\u00bbnone\u00bb column_border_style=\u00bbsolid\u00bb][vc_column_text css=\u00bb\u00bb text_direction=\u00bbdefault\u00bb]\n<h2 style=\"text-align: center;\"><b>Bleisure en Oviedo: negocios, cultura y naturaleza asturiana<\/b><\/h2>\n[\/vc_column_text][divider line_type=\u00bbNo Line\u00bb custom_height=\u00bb4vw\u00bb][vc_column_text css=\u00bb\u00bb text_direction=\u00bbdefault\u00bb]\n<p style=\"text-align: center;\"><span style=\"font-weight: 400;\">Oviedo no solo ofrece un entorno profesional eficiente, sino tambi\u00e9n una ciudad donde se disfruta del tiempo libre. Es perfecta para quienes combinan trabajo y ocio \u2014el llamado <\/span><i><span style=\"font-weight: 400;\">bleisure<\/span><\/i><span style=\"font-weight: 400;\">\u2014 y quieren sacar el m\u00e1ximo partido a su estancia laboral.<\/span><\/p>\n<p style=\"text-align: center;\"><span style=\"font-weight: 400;\">Tras la jornada, Oviedo invita a perderse entre sidras, arquitectura monumental y rincones verdes. Una ciudad que no solo se trabaja, tambi\u00e9n se saborea y se respira.<\/span><\/p>\n[\/vc_column_text][tabbed_section style=\u00bbminimal_flexible\u00bb tab_color=\u00bbAccent-Color\u00bb vs_content_animation=\u00bbfade\u00bb vs_link_animation=\u00bbopacity\u00bb vs_navigation_alignment=\u00bbleft\u00bb vs_navigation_width_2=\u00bb25%\u00bb vs_navigation_func=\u00bbdefault\u00bb vs_navigation_width=\u00bbregular\u00bb vs_navigation_spacing=\u00bb15px\u00bb vs_navigation_mobile_display=\u00bbvisible\u00bb vs_tab_spacing=\u00bb5%\u00bb icon_size=\u00bb32&#8243;][tab icon_family=\u00bbiconsmind\u00bb title=\u00bbTurismo urbano y patrimonio\u00bb id=\u00bb1747037309719-0&#8243; tab_id=\u00bb1747037309720-4&#8243;][vc_row_inner equal_height=\u00bbyes\u00bb content_placement=\u00bbmiddle\u00bb column_margin=\u00bb90px\u00bb column_direction=\u00bbdefault\u00bb column_direction_tablet=\u00bbdefault\u00bb column_direction_phone=\u00bbdefault\u00bb top_padding=\u00bb3%\u00bb bottom_padding=\u00bb3%\u00bb text_align=\u00bbleft\u00bb row_position=\u00bbdefault\u00bb row_position_tablet=\u00bbinherit\u00bb row_position_phone=\u00bbinherit\u00bb overflow=\u00bbvisible\u00bb pointer_events=\u00bball\u00bb][vc_column_inner column_padding=\u00bbno-extra-padding\u00bb column_padding_tablet=\u00bbinherit\u00bb column_padding_phone=\u00bbinherit\u00bb column_padding_position=\u00bball\u00bb column_element_direction_desktop=\u00bbdefault\u00bb column_element_spacing=\u00bbdefault\u00bb desktop_text_alignment=\u00bbdefault\u00bb tablet_text_alignment=\u00bbdefault\u00bb phone_text_alignment=\u00bbdefault\u00bb background_color_opacity=\u00bb1&#8243; background_hover_color_opacity=\u00bb1&#8243; column_backdrop_filter=\u00bbnone\u00bb column_shadow=\u00bbnone\u00bb column_border_radius=\u00bbnone\u00bb column_link_target=\u00bb_self\u00bb overflow=\u00bbvisible\u00bb gradient_direction=\u00bbleft_to_right\u00bb overlay_strength=\u00bb0.3&#8243; width=\u00bb1\/2&#8243; tablet_width_inherit=\u00bbdefault\u00bb animation_type=\u00bbdefault\u00bb bg_image_animation=\u00bbnone\u00bb border_type=\u00bbsimple\u00bb column_border_width=\u00bbnone\u00bb column_border_style=\u00bbsolid\u00bb][vc_column_text css=\u00bb\u00bb text_direction=\u00bbdefault\u00bb]\n<h3><b>Historia, arte y tradici\u00f3n en el coraz\u00f3n de Asturias<\/b><\/h3>\n[\/vc_column_text][vc_column_text css_animation=\u00bbnone\u00bb css=\u00bb.vc_custom_1747035888028{margin-top: 15px !important;}\u00bb max_width=\u00bb500&#8243; text_direction=\u00bbdefault\u00bb]\n<ul>\n<li style=\"font-weight: 400;\" aria-level=\"1\"><b>Artium Museoa \u2013 Centro-Museo Vasco de Arte Contempor\u00e1neo: <\/b><span style=\"font-weight: 400;\">un espacio cultural de referencia, con exposiciones de arte contempor\u00e1neo, actividades educativas y una arquitectura que dialoga con el Casco Medieval.<\/span><\/li>\n<li style=\"font-weight: 400;\" aria-level=\"1\"><b>Museo de Bellas Artes y Museo de Ciencias Naturales: <\/b><span style=\"font-weight: 400;\">ubicados en el Palacio de Benda\u00f1a y el Palacio de Montehermoso, permiten descubrir desde arte cl\u00e1sico hasta la riqueza geol\u00f3gica y biol\u00f3gica de \u00c1lava.<\/span><\/li>\n<li style=\"font-weight: 400;\" aria-level=\"1\"><b>Teatro Principal Antzokia y Palacio de Congresos Europa: <\/b><span style=\"font-weight: 400;\">ofrecen una programaci\u00f3n variada de m\u00fasica, danza y teatro. El Palacio Europa, adem\u00e1s, es un referente en sostenibilidad arquitect\u00f3nica y congresual.<\/span><\/li>\n<li style=\"font-weight: 400;\" aria-level=\"1\"><b>Casco Hist\u00f3rico de Vitoria-Gasteiz: <\/b><span style=\"font-weight: 400;\">uno de los mejor conservados del norte de Espa\u00f1a. Pasear por sus calles empedradas es viajar en el tiempo y descubrir rincones como la Catedral de Santa Mar\u00eda o la Plaza del Machete.<\/span><\/li>\n<\/ul>\n[\/vc_column_text][nectar_btn size=\u00bblarge\u00bb open_new_tab=\u00bbtrue\u00bb button_style=\u00bbregular\u00bb button_color_2=\u00bbAccent-Color\u00bb icon_family=\u00bbnone\u00bb url=\u00bbhttps:\/\/www.homyspace.com\/solicitudes\/new?city=Oviedo%2C+Espa%C3%B1a&amp;request_channel=CITY_LANDING\u00bb text=\u00bbEncontrar alojamiento\u00bb css_animation=\u00bbnone\u00bb margin_bottom=\u00bb-2%\u00bb][nectar_responsive_text inherited_font_style=\u00bbdefault\u00bb font_size_desktop=\u00bb0.8rem\u00bb text_direction=\u00bbdefault\u00bb]en Oviedo[\/nectar_responsive_text][\/vc_column_inner][vc_column_inner column_padding=\u00bbno-extra-padding\u00bb column_padding_tablet=\u00bbinherit\u00bb column_padding_phone=\u00bbinherit\u00bb column_padding_position=\u00bball\u00bb column_element_direction_desktop=\u00bbdefault\u00bb column_element_spacing=\u00bbdefault\u00bb desktop_text_alignment=\u00bbdefault\u00bb tablet_text_alignment=\u00bbdefault\u00bb phone_text_alignment=\u00bbdefault\u00bb background_color_opacity=\u00bb1&#8243; background_hover_color_opacity=\u00bb1&#8243; column_backdrop_filter=\u00bbnone\u00bb column_shadow=\u00bbnone\u00bb column_border_radius=\u00bbnone\u00bb column_link_target=\u00bb_self\u00bb overflow=\u00bbvisible\u00bb gradient_direction=\u00bbleft_to_right\u00bb overlay_strength=\u00bb0.3&#8243; width=\u00bb1\/2&#8243; tablet_width_inherit=\u00bbdefault\u00bb animation_type=\u00bbdefault\u00bb bg_image_animation=\u00bbnone\u00bb border_type=\u00bbsimple\u00bb column_border_width=\u00bbnone\u00bb column_border_style=\u00bbsolid\u00bb][image_with_animation image_url=\u00bb7022031&#8243; image_size=\u00bbfull\u00bb animation_type=\u00bbentrance\u00bb animation=\u00bbFade In\u00bb animation_easing=\u00bbdefault\u00bb animation_movement_type=\u00bbtransform_y\u00bb hover_animation=\u00bbzoom-crop\u00bb alignment=\u00bb\u00bb img_link_large=\u00bbyes\u00bb border_radius=\u00bbnone\u00bb box_shadow=\u00bbnone\u00bb image_loading=\u00bbdefault\u00bb max_width=\u00bb100%\u00bb max_width_mobile=\u00bbdefault\u00bb][\/vc_column_inner][\/vc_row_inner][\/tab][tab icon_family=\u00bbiconsmind\u00bb title=\u00bbNaturaleza y escapadas\u00bb id=\u00bb1747037309876-6&#8243; tab_id=\u00bb1747037309877-3&#8243;][vc_row_inner equal_height=\u00bbyes\u00bb content_placement=\u00bbmiddle\u00bb column_margin=\u00bb90px\u00bb column_direction=\u00bbdefault\u00bb column_direction_tablet=\u00bbdefault\u00bb column_direction_phone=\u00bbdefault\u00bb top_padding=\u00bb3%\u00bb bottom_padding=\u00bb3%\u00bb text_align=\u00bbleft\u00bb row_position=\u00bbdefault\u00bb row_position_tablet=\u00bbinherit\u00bb row_position_phone=\u00bbinherit\u00bb overflow=\u00bbvisible\u00bb pointer_events=\u00bball\u00bb][vc_column_inner column_padding=\u00bbpadding-3-percent\u00bb column_padding_tablet=\u00bbinherit\u00bb column_padding_phone=\u00bbinherit\u00bb column_padding_position=\u00bball\u00bb column_element_direction_desktop=\u00bbdefault\u00bb column_element_spacing=\u00bbdefault\u00bb desktop_text_alignment=\u00bbdefault\u00bb tablet_text_alignment=\u00bbdefault\u00bb phone_text_alignment=\u00bbdefault\u00bb background_color_opacity=\u00bb1&#8243; background_hover_color_opacity=\u00bb1&#8243; column_backdrop_filter=\u00bbnone\u00bb column_shadow=\u00bbnone\u00bb column_border_radius=\u00bbnone\u00bb column_link_target=\u00bb_self\u00bb overflow=\u00bbvisible\u00bb gradient_direction=\u00bbleft_to_right\u00bb overlay_strength=\u00bb0.3&#8243; width=\u00bb1\/2&#8243; tablet_width_inherit=\u00bbdefault\u00bb animation_type=\u00bbdefault\u00bb bg_image_animation=\u00bbnone\u00bb border_type=\u00bbsimple\u00bb column_border_width=\u00bbnone\u00bb column_border_style=\u00bbsolid\u00bb column_padding_type=\u00bbdefault\u00bb gradient_type=\u00bbdefault\u00bb][image_with_animation image_url=\u00bb7022034&#8243; image_size=\u00bbfull\u00bb animation_type=\u00bbentrance\u00bb animation=\u00bbFade In\u00bb animation_easing=\u00bbdefault\u00bb animation_movement_type=\u00bbtransform_y\u00bb hover_animation=\u00bbzoom-crop\u00bb alignment=\u00bb\u00bb img_link_large=\u00bbyes\u00bb border_radius=\u00bbnone\u00bb box_shadow=\u00bbnone\u00bb image_loading=\u00bbdefault\u00bb max_width=\u00bb100%\u00bb max_width_mobile=\u00bbdefault\u00bb][\/vc_column_inner][vc_column_inner column_padding=\u00bbno-extra-padding\u00bb column_padding_tablet=\u00bbinherit\u00bb column_padding_phone=\u00bbinherit\u00bb column_padding_position=\u00bball\u00bb column_element_direction_desktop=\u00bbdefault\u00bb column_element_spacing=\u00bbdefault\u00bb desktop_text_alignment=\u00bbdefault\u00bb tablet_text_alignment=\u00bbdefault\u00bb phone_text_alignment=\u00bbdefault\u00bb background_color_opacity=\u00bb1&#8243; background_hover_color_opacity=\u00bb1&#8243; column_backdrop_filter=\u00bbnone\u00bb column_shadow=\u00bbnone\u00bb column_border_radius=\u00bbnone\u00bb column_link_target=\u00bb_self\u00bb overflow=\u00bbvisible\u00bb gradient_direction=\u00bbleft_to_right\u00bb overlay_strength=\u00bb0.3&#8243; width=\u00bb1\/2&#8243; tablet_width_inherit=\u00bbdefault\u00bb animation_type=\u00bbdefault\u00bb bg_image_animation=\u00bbnone\u00bb border_type=\u00bbsimple\u00bb column_border_width=\u00bbnone\u00bb column_border_style=\u00bbsolid\u00bb][vc_column_text css=\u00bb\u00bb text_direction=\u00bbdefault\u00bb]\n<h3><b>Naturaleza urbana para desconectar sin salir de la ciudad<\/b><\/h3>\n[\/vc_column_text][vc_column_text css_animation=\u00bbnone\u00bb css=\u00bb.vc_custom_1747035902473{margin-top: 15px !important;}\u00bb max_width=\u00bb500&#8243; text_direction=\u00bbdefault\u00bb]\n<ul>\n<li style=\"font-weight: 400;\" aria-level=\"1\"><b>Parque San Francisco<\/b><span style=\"font-weight: 400;\">: pulm\u00f3n verde del centro, con paseos, estanques y esculturas entre \u00e1rboles centenarios. Lugar favorito para desconectar entre reuniones o estirar las piernas tras una jornada de trabajo.<\/span><\/li>\n<li style=\"font-weight: 400;\" aria-level=\"1\"><b>Monte Naranco<\/b><span style=\"font-weight: 400;\">: a pocos minutos del centro, ofrece senderos naturales, vistas panor\u00e1micas de la ciudad y dos joyas prerrom\u00e1nicas Patrimonio de la Humanidad: Santa Mar\u00eda del Naranco y San Miguel de Lillo.<\/span><\/li>\n<li style=\"font-weight: 400;\" aria-level=\"1\"><b>Senda Verde del Nora<\/b><span style=\"font-weight: 400;\">: ideal para quienes buscan correr, caminar o pedalear junto al r\u00edo, en un entorno natural que conecta Oviedo con municipios cercanos.<\/span><\/li>\n<\/ul>\n[\/vc_column_text][nectar_btn size=\u00bblarge\u00bb open_new_tab=\u00bbtrue\u00bb button_style=\u00bbregular\u00bb button_color_2=\u00bbAccent-Color\u00bb icon_family=\u00bbnone\u00bb url=\u00bbhttps:\/\/www.homyspace.com\/solicitudes\/new?city=Oviedo%2C+Espa%C3%B1a&amp;request_channel=CITY_LANDING\u00bb text=\u00bbEncontrar alojamiento\u00bb css_animation=\u00bbnone\u00bb margin_bottom=\u00bb-2%\u00bb][nectar_responsive_text inherited_font_style=\u00bbdefault\u00bb font_size_desktop=\u00bb0.8rem\u00bb text_direction=\u00bbdefault\u00bb]en Oviedo[\/nectar_responsive_text][\/vc_column_inner][\/vc_row_inner][\/tab][\/tabbed_section][\/vc_column][\/vc_row][vc_row type=\u00bbfull_width_content\u00bb full_screen_row_position=\u00bbmiddle\u00bb column_margin=\u00bb70px\u00bb equal_height=\u00bbyes\u00bb content_placement=\u00bbmiddle\u00bb column_direction=\u00bbdefault\u00bb column_direction_tablet=\u00bbdefault\u00bb column_direction_phone=\u00bbdefault\u00bb bg_color=\u00bb#f3f4f6&#8243; scene_position=\u00bbcenter\u00bb top_padding=\u00bb6%\u00bb constrain_group_1=\u00bbyes\u00bb bottom_padding=\u00bb6%\u00bb left_padding_desktop=\u00bb12%\u00bb constrain_group_2=\u00bbyes\u00bb right_padding_desktop=\u00bb12%\u00bb left_padding_phone=\u00bb0%\u00bb constrain_group_6=\u00bbyes\u00bb right_padding_phone=\u00bb0%\u00bb text_color=\u00bbdark\u00bb text_align=\u00bbleft\u00bb row_border_radius=\u00bbnone\u00bb row_border_radius_applies=\u00bbbg\u00bb overflow=\u00bbvisible\u00bb overlay_strength=\u00bb0.3&#8243; gradient_direction=\u00bbleft_to_right\u00bb shape_divider_position=\u00bbbottom\u00bb bg_image_animation=\u00bbnone\u00bb gradient_type=\u00bbdefault\u00bb shape_type=\u00bb\u00bb][vc_column column_padding=\u00bbno-extra-padding\u00bb column_padding_tablet=\u00bbinherit\u00bb column_padding_phone=\u00bbinherit\u00bb column_padding_position=\u00bball\u00bb column_element_direction_desktop=\u00bbdefault\u00bb column_element_spacing=\u00bbdefault\u00bb desktop_text_alignment=\u00bbdefault\u00bb tablet_text_alignment=\u00bbdefault\u00bb phone_text_alignment=\u00bbdefault\u00bb background_color_opacity=\u00bb1&#8243; background_hover_color_opacity=\u00bb1&#8243; column_backdrop_filter=\u00bbnone\u00bb column_shadow=\u00bbnone\u00bb column_border_radius=\u00bbnone\u00bb column_link_target=\u00bb_self\u00bb column_position=\u00bbdefault\u00bb gradient_direction=\u00bbleft_to_right\u00bb overlay_strength=\u00bb0.3&#8243; width=\u00bb1\/2&#8243; tablet_width_inherit=\u00bbdefault\u00bb animation_type=\u00bbdefault\u00bb bg_image_animation=\u00bbnone\u00bb border_type=\u00bbsimple\u00bb column_border_width=\u00bbnone\u00bb column_border_style=\u00bbsolid\u00bb][vc_row_inner column_margin=\u00bbdefault\u00bb column_direction=\u00bbdefault\u00bb column_direction_tablet=\u00bbdefault\u00bb column_direction_phone=\u00bbdefault\u00bb text_align=\u00bbleft\u00bb row_position=\u00bbdefault\u00bb row_position_tablet=\u00bbinherit\u00bb row_position_phone=\u00bbinherit\u00bb overflow=\u00bbvisible\u00bb pointer_events=\u00bball\u00bb][vc_column_inner column_padding=\u00bbno-extra-padding\u00bb column_padding_tablet=\u00bbinherit\u00bb column_padding_phone=\u00bbinherit\u00bb column_padding_position=\u00bball\u00bb column_element_direction_desktop=\u00bbdefault\u00bb column_element_spacing=\u00bbdefault\u00bb desktop_text_alignment=\u00bbdefault\u00bb tablet_text_alignment=\u00bbdefault\u00bb phone_text_alignment=\u00bbdefault\u00bb background_color_opacity=\u00bb1&#8243; background_hover_color_opacity=\u00bb1&#8243; column_backdrop_filter=\u00bbnone\u00bb column_shadow=\u00bbnone\u00bb column_border_radius=\u00bbnone\u00bb column_link_target=\u00bb_self\u00bb overflow=\u00bbvisible\u00bb gradient_direction=\u00bbleft_to_right\u00bb overlay_strength=\u00bb0.3&#8243; width=\u00bb1\/1&#8243; tablet_width_inherit=\u00bbdefault\u00bb animation_type=\u00bbdefault\u00bb bg_image_animation=\u00bbnone\u00bb border_type=\u00bbsimple\u00bb column_border_width=\u00bbnone\u00bb column_border_style=\u00bbsolid\u00bb][vc_column_text css=\u00bb\u00bb text_direction=\u00bbdefault\u00bb]\n<h2><b>Asistencia sanitaria en Oviedo para tu empresa<\/b><\/h2>\n[\/vc_column_text][divider line_type=\u00bbNo Line\u00bb custom_height=\u00bb2vw\u00bb][vc_column_text css=\u00bb\u00bb text_direction=\u00bbdefault\u00bb]<span style=\"font-weight: 400;\">Cuando una empresa necesita alojar a su equipo en Oviedo durante un proyecto temporal, disponer de informaci\u00f3n clara sobre la red sanitaria es fundamental. Conocer la ubicaci\u00f3n de hospitales, centros m\u00e9dicos, mutuas laborales y farmacias de guardia proporciona tranquilidad y facilita una respuesta r\u00e1pida ante cualquier necesidad m\u00e9dica.<\/span>[\/vc_column_text][image_with_animation image_url=\u00bb7021579&#8243; image_size=\u00bblarge_featured\u00bb animation_type=\u00bbentrance\u00bb animation=\u00bbFade In\u00bb animation_easing=\u00bbdefault\u00bb animation_movement_type=\u00bbtransform_y\u00bb hover_animation=\u00bbzoom-crop\u00bb alignment=\u00bb\u00bb img_link_large=\u00bbyes\u00bb border_radius=\u00bbnone\u00bb box_shadow=\u00bbnone\u00bb image_loading=\u00bbdefault\u00bb max_width=\u00bb100%\u00bb max_width_mobile=\u00bbdefault\u00bb margin_top=\u00bb10%\u00bb][\/vc_column_inner][\/vc_row_inner][\/vc_column][vc_column column_padding=\u00bbno-extra-padding\u00bb column_padding_tablet=\u00bbinherit\u00bb column_padding_phone=\u00bbinherit\u00bb column_padding_position=\u00bball\u00bb column_element_direction_desktop=\u00bbdefault\u00bb column_element_spacing=\u00bbdefault\u00bb desktop_text_alignment=\u00bbdefault\u00bb tablet_text_alignment=\u00bbdefault\u00bb phone_text_alignment=\u00bbdefault\u00bb background_color_opacity=\u00bb1&#8243; background_hover_color_opacity=\u00bb1&#8243; column_backdrop_filter=\u00bbnone\u00bb column_shadow=\u00bbnone\u00bb column_border_radius=\u00bbnone\u00bb column_link_target=\u00bb_self\u00bb column_position=\u00bbdefault\u00bb gradient_direction=\u00bbleft_to_right\u00bb overlay_strength=\u00bb0.3&#8243; width=\u00bb1\/2&#8243; tablet_width_inherit=\u00bbdefault\u00bb animation_type=\u00bbdefault\u00bb bg_image_animation=\u00bbnone\u00bb border_type=\u00bbsimple\u00bb column_border_width=\u00bbnone\u00bb column_border_style=\u00bbsolid\u00bb][toggles style=\u00bbminimal_small\u00bb][toggle color=\u00bbAccent-Color\u00bb heading_tag=\u00bbh6&#8243; heading_tag_functionality=\u00bbdefault\u00bb title=\u00bbHospitales y centros de salud en Oviedo\u00bb][vc_column_text css=\u00bb\u00bb text_direction=\u00bbdefault\u00bb]<span style=\"font-weight: 400;\">Oviedo cuenta con una red sanitaria p\u00fablica y privada consolidada, con centros accesibles y dotados de todos los servicios, incluyendo atenci\u00f3n urgente 24 horas.<\/span><\/p>\n<ul>\n<li style=\"font-weight: 400;\" aria-level=\"1\"><b>Hospital Universitario Central de Asturias \u2013 HUCA<\/b><span style=\"font-weight: 400;\"> (Av. Roma, s\/n)<\/span><span style=\"font-weight: 400;\"><br \/>\n<\/span><span style=\"font-weight: 400;\">Principal hospital p\u00fablico del Principado y uno de los m\u00e1s avanzados del norte de Espa\u00f1a. Ofrece servicios de urgencias, hospitalizaci\u00f3n, cirug\u00eda y todas las especialidades m\u00e9dicas.<\/span><\/li>\n<li style=\"font-weight: 400;\" aria-level=\"1\"><b>Hospital Monte Naranco<\/b><span style=\"font-weight: 400;\"> (C\/ Joaqu\u00edn Costa, 26)<\/span><span style=\"font-weight: 400;\"><br \/>\n<\/span><span style=\"font-weight: 400;\">Integrado tambi\u00e9n en el sistema p\u00fablico (SESPA), con atenci\u00f3n ambulatoria, consultas externas y servicios de rehabilitaci\u00f3n.<\/span><\/li>\n<li style=\"font-weight: 400;\" aria-level=\"1\"><b>Centro M\u00e9dico Asturias<\/b><span style=\"font-weight: 400;\"> (C\/ Niza, 8)<\/span><span style=\"font-weight: 400;\"><br \/>\n<\/span><span style=\"font-weight: 400;\">Cl\u00ednica privada de referencia, con atenci\u00f3n personalizada, urgencias, especialidades m\u00e9dicas, pruebas diagn\u00f3sticas y cirug\u00eda.<\/span><\/li>\n<li style=\"font-weight: 400;\" aria-level=\"1\"><b>Cl\u00ednica Covadonga<\/b><span style=\"font-weight: 400;\"> (C\/ Ur\u00eda, 50)<\/span><span style=\"font-weight: 400;\"><br \/>\n<\/span><span style=\"font-weight: 400;\">Centro privado bien situado, con servicios ambulatorios, revisiones m\u00e9dicas y especialidades cl\u00ednicas para seguimiento de tratamientos.<\/span><\/li>\n<\/ul>\n<p><span style=\"font-weight: 400;\">Oviedo dispone adem\u00e1s de centros de salud p\u00fablicos distribuidos en todos los barrios: La Corredoria, Pumar\u00edn, Ventanielles, Otero, La Tenderina, entre otros. La atenci\u00f3n primaria se gestiona con cita previa, aunque algunos centros tambi\u00e9n atienden urgencias leves.<\/span>[\/vc_column_text][\/toggle][toggle color=\u00bbAccent-Color\u00bb heading_tag=\u00bbh6&#8243; heading_tag_functionality=\u00bbdefault\u00bb title=\u00bbMutuas laborales y atenci\u00f3n para empresas en Oviedo\u00bb]<div class=\"nectar-fancy-ul\" data-list-icon=\"icon-salient-thin-line\" data-animation=\"false\" data-animation-delay=\"0\" data-color=\"accent-color\" data-spacing=\"default\" data-alignment=\"left\"> <span style=\"font-weight: 400;\">Las principales mutuas colaboradoras con la Seguridad Social disponen de centros en Oviedo, orientados a la prevenci\u00f3n, diagn\u00f3stico y tratamiento de patolog\u00edas laborales.<\/span><\/p>\n<ul>\n<li style=\"font-weight: 400;\" aria-level=\"1\"><b>FREMAP \u2013 Oviedo<\/b><span style=\"font-weight: 400;\"> (C\/ General Elorza, 56)<\/span><span style=\"font-weight: 400;\"><br \/>\n<\/span><span style=\"font-weight: 400;\">Especializada en accidentes de trabajo, rehabilitaci\u00f3n f\u00edsica y gesti\u00f3n de bajas laborales.<\/span><\/li>\n<li style=\"font-weight: 400;\" aria-level=\"1\"><b>Asepeyo \u2013 Oviedo<\/b><span style=\"font-weight: 400;\"> (C\/ Pepe Cosmen, 4)<\/span><span style=\"font-weight: 400;\"><br \/>\n<\/span><span style=\"font-weight: 400;\">Dispone de consultas m\u00e9dicas laborales, seguimiento de procesos de incapacidad temporal y asesoramiento a empresas.<\/span><\/li>\n<li style=\"font-weight: 400;\" aria-level=\"1\"><b>Mutua Universal \u2013 Oviedo<\/b><span style=\"font-weight: 400;\"> (C\/ Asturias, 3)<\/span><span style=\"font-weight: 400;\"><br \/>\n<\/span><span style=\"font-weight: 400;\">Ofrece servicios m\u00e9dicos, fisioterapia, atenci\u00f3n psicol\u00f3gica y programas de salud laboral.<\/span><\/li>\n<li style=\"font-weight: 400;\" aria-level=\"1\"><b>Ibermutua \u2013 Oviedo<\/b><span style=\"font-weight: 400;\"> (C\/ Fern\u00e1ndez Ladreda, 35)<\/span><span style=\"font-weight: 400;\"><br \/>\n<\/span><span style=\"font-weight: 400;\">Atiende a trabajadores desplazados con una cobertura integral: diagn\u00f3stico, tratamiento y seguimiento en entorno laboral.<\/span><\/li>\n<\/ul>\n<p><span style=\"font-weight: 400;\">Estas entidades tambi\u00e9n proporcionan servicios complementarios para promover el bienestar f\u00edsico y emocional de los equipos durante su estancia en Oviedo.<\/span> <\/div>[\/toggle][toggle color=\u00bbAccent-Color\u00bb heading_tag=\u00bbh6&#8243; heading_tag_functionality=\u00bbdefault\u00bb title=\u00bbFarmacias de guardia en Oviedo\u00bb]<div class=\"nectar-fancy-ul\" data-list-icon=\"icon-salient-thin-line\" data-animation=\"false\" data-animation-delay=\"0\" data-color=\"accent-color\" data-spacing=\"default\" data-alignment=\"left\"> <span style=\"font-weight: 400;\">Oviedo dispone de farmacias de guardia que prestan servicio en turnos rotativos durante las 24 horas del d\u00eda, incluyendo noches, domingos y festivos. Est\u00e1n distribuidas por diferentes zonas de la ciudad para asegurar el acceso a medicamentos en cualquier momento.<\/span><\/p>\n<ul>\n<li style=\"font-weight: 400;\" aria-level=\"1\"><span style=\"font-weight: 400;\">Farmacia Cabal \u2013 C\/ Ur\u00eda, 54<\/span><\/li>\n<li style=\"font-weight: 400;\" aria-level=\"1\"><span style=\"font-weight: 400;\">Farmacia Bouso\u00f1o \u2013 C\/ Fuertes Acevedo, 48<\/span><\/li>\n<li style=\"font-weight: 400;\" aria-level=\"1\">Farmacia Fern\u00e1ndez Costales \u2013 C\/ La Arga\u00f1osa, 61<\/li>\n<li style=\"font-weight: 400;\" aria-level=\"1\">Farmacia Elorza \u2013 C\/ General Elorza, 41<\/li>\n<\/ul>\n <\/div>[\/toggle][toggle color=\u00bbAccent-Color\u00bb heading_tag=\u00bbh6&#8243; heading_tag_functionality=\u00bbdefault\u00bb title=\u00bbTel\u00e9fonos de emergencia en Oviedo\u00bb][vc_column_text css=\u00bb\u00bb text_direction=\u00bbdefault\u00bb]<span style=\"font-weight: 400;\">Ante cualquier urgencia m\u00e9dica, incidente o situaci\u00f3n imprevista durante la estancia en Oviedo, estos son los contactos clave:<\/span><\/p>\n<ul>\n<li style=\"font-weight: 400;\" aria-level=\"1\"><span style=\"font-weight: 400;\">Emergencias generales \u2013 112<\/span><\/li>\n<li style=\"font-weight: 400;\" aria-level=\"1\"><span style=\"font-weight: 400;\">Urgencias sanitarias (SAMU-Asturias) \u2013 984 100 400<\/span><\/li>\n<li style=\"font-weight: 400;\" aria-level=\"1\"><span style=\"font-weight: 400;\">Polic\u00eda Local de Oviedo \u2013 092<\/span><\/li>\n<li style=\"font-weight: 400;\" aria-level=\"1\"><span style=\"font-weight: 400;\">Polic\u00eda Nacional \u2013 091<\/span><\/li>\n<li style=\"font-weight: 400;\" aria-level=\"1\"><span style=\"font-weight: 400;\">Guardia Civil \u2013 062<\/span><\/li>\n<li style=\"font-weight: 400;\" aria-level=\"1\"><span style=\"font-weight: 400;\">Bomberos de Oviedo \u2013 080<\/span><b><br \/>\n<\/b><\/li>\n<\/ul>\n<p><span style=\"font-weight: 400;\">Todos estos servicios est\u00e1n disponibles las 24 horas y garantizan una respuesta r\u00e1pida ante cualquier situaci\u00f3n cr\u00edtica.<\/span>[\/vc_column_text][\/toggle][\/toggles][\/vc_column][\/vc_row][vc_row type=\u00bbfull_width_background\u00bb full_screen_row_position=\u00bbmiddle\u00bb column_margin=\u00bbdefault\u00bb column_direction=\u00bbdefault\u00bb column_direction_tablet=\u00bbdefault\u00bb column_direction_phone=\u00bbdefault\u00bb scene_position=\u00bbcenter\u00bb top_padding=\u00bb6%\u00bb bottom_padding=\u00bb6%\u00bb text_color=\u00bbdark\u00bb text_align=\u00bbleft\u00bb row_border_radius=\u00bbnone\u00bb row_border_radius_applies=\u00bbbg\u00bb overflow=\u00bbvisible\u00bb overlay_strength=\u00bb0.3&#8243; gradient_direction=\u00bbleft_to_right\u00bb shape_divider_position=\u00bbbottom\u00bb bg_image_animation=\u00bbnone\u00bb shape_type=\u00bb\u00bb gradient_type=\u00bbdefault\u00bb][vc_column column_padding=\u00bbno-extra-padding\u00bb column_padding_tablet=\u00bbinherit\u00bb column_padding_phone=\u00bbinherit\u00bb column_padding_position=\u00bball\u00bb column_element_direction_desktop=\u00bbdefault\u00bb column_element_spacing=\u00bbdefault\u00bb desktop_text_alignment=\u00bbdefault\u00bb tablet_text_alignment=\u00bbdefault\u00bb phone_text_alignment=\u00bbdefault\u00bb background_color_opacity=\u00bb1&#8243; background_hover_color_opacity=\u00bb1&#8243; column_backdrop_filter=\u00bbnone\u00bb column_shadow=\u00bbnone\u00bb column_border_radius=\u00bbnone\u00bb column_link_target=\u00bb_self\u00bb column_position=\u00bbdefault\u00bb gradient_direction=\u00bbleft_to_right\u00bb overlay_strength=\u00bb0.3&#8243; width=\u00bb1\/1&#8243; tablet_width_inherit=\u00bbdefault\u00bb animation_type=\u00bbdefault\u00bb bg_image_animation=\u00bbnone\u00bb border_type=\u00bbsimple\u00bb column_border_width=\u00bbnone\u00bb column_border_style=\u00bbsolid\u00bb][vc_column_text css=\u00bb\u00bb text_direction=\u00bbdefault\u00bb]\n<h2 style=\"text-align: center;\"><b>\u00bfPor qu\u00e9 elegir Homyspace para tu alquiler temporal en Oviedo?<\/b><\/h2>\n[\/vc_column_text][vc_row_inner equal_height=\u00bbyes\u00bb content_placement=\u00bbmiddle\u00bb column_margin=\u00bbdefault\u00bb column_direction=\u00bbdefault\u00bb column_direction_tablet=\u00bbdefault\u00bb column_direction_phone=\u00bbdefault\u00bb text_align=\u00bbleft\u00bb row_position=\u00bbdefault\u00bb row_position_tablet=\u00bbinherit\u00bb row_position_phone=\u00bbinherit\u00bb overflow=\u00bbvisible\u00bb pointer_events=\u00bball\u00bb css=\u00bb.vc_custom_1741006707052{margin-top: 5% !important;}\u00bb][vc_column_inner column_padding=\u00bbpadding-3-percent\u00bb column_padding_tablet=\u00bbinherit\u00bb column_padding_phone=\u00bbinherit\u00bb column_padding_position=\u00bball\u00bb column_element_direction_desktop=\u00bbdefault\u00bb column_element_spacing=\u00bbdefault\u00bb desktop_text_alignment=\u00bbdefault\u00bb tablet_text_alignment=\u00bbdefault\u00bb phone_text_alignment=\u00bbdefault\u00bb background_color=\u00bb#ffffff\u00bb background_color_opacity=\u00bb1&#8243; background_hover_color_opacity=\u00bb1&#8243; column_backdrop_filter=\u00bbnone\u00bb column_shadow=\u00bbnone\u00bb column_border_radius=\u00bb15px\u00bb column_link_target=\u00bb_self\u00bb overflow=\u00bbvisible\u00bb enable_gradient=\u00bbtrue\u00bb color_overlay_2=\u00bb#f9fafb\u00bb gradient_direction=\u00bbleft_t_to_right_b\u00bb overlay_strength=\u00bb1&#8243; width=\u00bb1\/2&#8243; tablet_width_inherit=\u00bbdefault\u00bb animation_type=\u00bbdefault\u00bb bg_image_animation=\u00bbnone\u00bb border_type=\u00bbsimple\u00bb column_border_width=\u00bb1px\u00bb column_border_color=\u00bb#e8e8e8&#8243; column_border_style=\u00bbsolid\u00bb column_padding_type=\u00bbdefault\u00bb gradient_type=\u00bbdefault\u00bb][vc_column_text css=\u00bb\u00bb text_direction=\u00bbdefault\u00bb]\n<h3><span style=\"color: #33cccc;\"><b>Atenci\u00f3n personalizada<\/b><\/span><\/h3>\n<p><span style=\"font-weight: 400;\">En Homyspace contar\u00e1s con un gestor experto en Oviedo que te guiar\u00e1 en cada etapa: desde la identificaci\u00f3n del alojamiento m\u00e1s adecuado hasta el seguimiento durante toda la estancia. Nos encargamos de la log\u00edstica para que t\u00fa puedas centrarte en el trabajo.<\/span>[\/vc_column_text][\/vc_column_inner][vc_column_inner column_padding=\u00bbpadding-3-percent\u00bb column_padding_tablet=\u00bbinherit\u00bb column_padding_phone=\u00bbinherit\u00bb column_padding_position=\u00bball\u00bb column_element_direction_desktop=\u00bbdefault\u00bb column_element_spacing=\u00bbdefault\u00bb desktop_text_alignment=\u00bbdefault\u00bb tablet_text_alignment=\u00bbdefault\u00bb phone_text_alignment=\u00bbdefault\u00bb background_color=\u00bb#ffffff\u00bb background_color_opacity=\u00bb1&#8243; background_hover_color_opacity=\u00bb1&#8243; column_backdrop_filter=\u00bbnone\u00bb column_shadow=\u00bbnone\u00bb column_border_radius=\u00bb15px\u00bb column_link_target=\u00bb_self\u00bb overflow=\u00bbvisible\u00bb enable_gradient=\u00bbtrue\u00bb color_overlay=\u00bb#ffffff\u00bb color_overlay_2=\u00bb#f9fafb\u00bb gradient_direction=\u00bbleft_t_to_right_b\u00bb overlay_strength=\u00bb1&#8243; width=\u00bb1\/2&#8243; tablet_width_inherit=\u00bbdefault\u00bb animation_type=\u00bbdefault\u00bb bg_image_animation=\u00bbnone\u00bb border_type=\u00bbsimple\u00bb column_border_width=\u00bb1px\u00bb column_border_color=\u00bb#e8e8e8&#8243; column_border_style=\u00bbsolid\u00bb column_padding_type=\u00bbdefault\u00bb gradient_type=\u00bbdefault\u00bb][vc_column_text css=\u00bb\u00bb text_direction=\u00bbdefault\u00bb]\n<h3><span style=\"color: #33cccc;\"><b>Experiencia contrastada<\/b><\/span><\/h3>\n<p><span style=\"font-weight: 400;\">Llevamos a\u00f1os gestionando alojamientos temporales para equipos profesionales en toda Espa\u00f1a. Sabemos lo que necesitan las empresas y aplicamos ese conocimiento tambi\u00e9n en Oviedo, adapt\u00e1ndonos a cada perfil y tipo de desplazamiento.<\/span>[\/vc_column_text][\/vc_column_inner][\/vc_row_inner][vc_row_inner equal_height=\u00bbyes\u00bb content_placement=\u00bbmiddle\u00bb column_margin=\u00bbdefault\u00bb column_direction=\u00bbdefault\u00bb column_direction_tablet=\u00bbdefault\u00bb column_direction_phone=\u00bbdefault\u00bb text_align=\u00bbleft\u00bb row_position=\u00bbdefault\u00bb row_position_tablet=\u00bbinherit\u00bb row_position_phone=\u00bbinherit\u00bb overflow=\u00bbvisible\u00bb pointer_events=\u00bball\u00bb css=\u00bb.vc_custom_1741006707052{margin-top: 5% !important;}\u00bb][vc_column_inner column_padding=\u00bbpadding-3-percent\u00bb column_padding_tablet=\u00bbinherit\u00bb column_padding_phone=\u00bbinherit\u00bb column_padding_position=\u00bball\u00bb column_element_direction_desktop=\u00bbdefault\u00bb column_element_spacing=\u00bbdefault\u00bb desktop_text_alignment=\u00bbdefault\u00bb tablet_text_alignment=\u00bbdefault\u00bb phone_text_alignment=\u00bbdefault\u00bb background_color=\u00bb#ffffff\u00bb background_color_opacity=\u00bb1&#8243; background_hover_color_opacity=\u00bb1&#8243; column_backdrop_filter=\u00bbnone\u00bb column_shadow=\u00bbnone\u00bb column_border_radius=\u00bb15px\u00bb column_link_target=\u00bb_self\u00bb overflow=\u00bbvisible\u00bb enable_gradient=\u00bbtrue\u00bb color_overlay_2=\u00bb#f9fafb\u00bb gradient_direction=\u00bbleft_t_to_right_b\u00bb overlay_strength=\u00bb1&#8243; width=\u00bb1\/2&#8243; tablet_width_inherit=\u00bbdefault\u00bb animation_type=\u00bbdefault\u00bb bg_image_animation=\u00bbnone\u00bb border_type=\u00bbsimple\u00bb column_border_width=\u00bb1px\u00bb column_border_color=\u00bb#e8e8e8&#8243; column_border_style=\u00bbsolid\u00bb column_padding_type=\u00bbdefault\u00bb gradient_type=\u00bbdefault\u00bb][vc_column_text css=\u00bb\u00bb text_direction=\u00bbdefault\u00bb]\n<h3><span style=\"color: #33cccc;\"><b>Conocimiento del entorno<\/b><\/span><\/h3>\n<p><span style=\"font-weight: 400;\">Aunque ofrecemos cobertura nacional, conocemos a fondo el panorama inmobiliario de Oviedo. Esto nos permite proponerte alojamientos bien situados, funcionales y alineados con las necesidades espec\u00edficas de tu equipo.<\/span>[\/vc_column_text][\/vc_column_inner][vc_column_inner column_padding=\u00bbpadding-3-percent\u00bb column_padding_tablet=\u00bbinherit\u00bb column_padding_phone=\u00bbinherit\u00bb column_padding_position=\u00bball\u00bb column_element_direction_desktop=\u00bbdefault\u00bb column_element_spacing=\u00bbdefault\u00bb desktop_text_alignment=\u00bbdefault\u00bb tablet_text_alignment=\u00bbdefault\u00bb phone_text_alignment=\u00bbdefault\u00bb background_color=\u00bb#ffffff\u00bb background_color_opacity=\u00bb1&#8243; background_hover_color_opacity=\u00bb1&#8243; column_backdrop_filter=\u00bbnone\u00bb column_shadow=\u00bbnone\u00bb column_border_radius=\u00bb15px\u00bb column_link_target=\u00bb_self\u00bb overflow=\u00bbvisible\u00bb enable_gradient=\u00bbtrue\u00bb color_overlay=\u00bb#ffffff\u00bb color_overlay_2=\u00bb#f9fafb\u00bb gradient_direction=\u00bbleft_t_to_right_b\u00bb overlay_strength=\u00bb1&#8243; width=\u00bb1\/2&#8243; tablet_width_inherit=\u00bbdefault\u00bb animation_type=\u00bbdefault\u00bb bg_image_animation=\u00bbnone\u00bb border_type=\u00bbsimple\u00bb column_border_width=\u00bb1px\u00bb column_border_color=\u00bb#e8e8e8&#8243; column_border_style=\u00bbsolid\u00bb column_padding_type=\u00bbdefault\u00bb gradient_type=\u00bbdefault\u00bb][vc_column_text css=\u00bb\u00bb text_direction=\u00bbdefault\u00bb]\n<h3><span style=\"color: #33cccc;\"><b>Soporte \u00e1gil y constante<\/b><\/span><\/h3>\n<p><span style=\"font-weight: 400;\">Desde el primer contacto hasta el \u00faltimo d\u00eda de estancia, estamos a tu lado para resolver cualquier duda, cambio o incidencia que surja. En Homyspace trabajamos para que el alojamiento no sea una preocupaci\u00f3n, sino una soluci\u00f3n eficiente.<\/span>[\/vc_column_text][\/vc_column_inner][\/vc_row_inner][vc_row_inner column_margin=\u00bbdefault\u00bb column_direction=\u00bbdefault\u00bb column_direction_tablet=\u00bbdefault\u00bb column_direction_phone=\u00bbdefault\u00bb top_padding=\u00bb2%\u00bb text_align=\u00bbcenter\u00bb row_position=\u00bbdefault\u00bb row_position_tablet=\u00bbinherit\u00bb row_position_phone=\u00bbinherit\u00bb overflow=\u00bbvisible\u00bb pointer_events=\u00bball\u00bb][vc_column_inner column_padding=\u00bbno-extra-padding\u00bb column_padding_tablet=\u00bbinherit\u00bb column_padding_phone=\u00bbinherit\u00bb column_padding_position=\u00bball\u00bb column_element_direction_desktop=\u00bbdefault\u00bb column_element_spacing=\u00bbdefault\u00bb centered_text=\u00bbtrue\u00bb desktop_text_alignment=\u00bbcenter\u00bb tablet_text_alignment=\u00bbdefault\u00bb phone_text_alignment=\u00bbdefault\u00bb background_color_opacity=\u00bb1&#8243; background_hover_color_opacity=\u00bb1&#8243; column_backdrop_filter=\u00bbnone\u00bb column_shadow=\u00bbnone\u00bb column_border_radius=\u00bbnone\u00bb column_link_target=\u00bb_self\u00bb overflow=\u00bbvisible\u00bb gradient_direction=\u00bbleft_to_right\u00bb overlay_strength=\u00bb0.3&#8243; width=\u00bb1\/1&#8243; tablet_width_inherit=\u00bbdefault\u00bb animation_type=\u00bbdefault\u00bb bg_image_animation=\u00bbnone\u00bb border_type=\u00bbsimple\u00bb column_border_width=\u00bbnone\u00bb column_border_style=\u00bbsolid\u00bb column_padding_type=\u00bbdefault\u00bb gradient_type=\u00bbdefault\u00bb][nectar_btn size=\u00bblarge\u00bb open_new_tab=\u00bbtrue\u00bb button_style=\u00bbregular\u00bb button_color_2=\u00bbAccent-Color\u00bb icon_family=\u00bbnone\u00bb url=\u00bbhttps:\/\/www.homyspace.com\/solicitudes\/new?city=Oviedo%2C+Espa%C3%B1a&amp;request_channel=CITY_LANDING\u00bb text=\u00bbEncontrar alojamiento\u00bb css_animation=\u00bbnone\u00bb margin_bottom=\u00bb-2%\u00bb][nectar_responsive_text inherited_font_style=\u00bbdefault\u00bb font_size_desktop=\u00bb0.8rem\u00bb text_direction=\u00bbdefault\u00bb]en Oviedo[\/nectar_responsive_text][\/vc_column_inner][\/vc_row_inner][\/vc_column][\/vc_row][vc_row type=\u00bbfull_width_background\u00bb full_screen_row_position=\u00bbmiddle\u00bb column_margin=\u00bbdefault\u00bb column_direction=\u00bbdefault\u00bb column_direction_tablet=\u00bbdefault\u00bb column_direction_phone=\u00bbdefault\u00bb bg_color=\u00bb#f9fafb\u00bb scene_position=\u00bbcenter\u00bb top_padding=\u00bb6%\u00bb bottom_padding=\u00bb6%\u00bb left_padding_phone=\u00bb5%\u00bb right_padding_phone=\u00bb8%\u00bb text_color=\u00bbdark\u00bb text_align=\u00bbleft\u00bb row_border_radius=\u00bbnone\u00bb row_border_radius_applies=\u00bbbg\u00bb overflow=\u00bbvisible\u00bb overlay_strength=\u00bb0.3&#8243; gradient_direction=\u00bbleft_to_right\u00bb shape_divider_position=\u00bbbottom\u00bb bg_image_animation=\u00bbnone\u00bb shape_type=\u00bb\u00bb gradient_type=\u00bbdefault\u00bb][vc_column column_padding=\u00bbno-extra-padding\u00bb column_padding_tablet=\u00bbinherit\u00bb column_padding_phone=\u00bbinherit\u00bb column_padding_position=\u00bball\u00bb column_element_direction_desktop=\u00bbdefault\u00bb column_element_spacing=\u00bbdefault\u00bb desktop_text_alignment=\u00bbdefault\u00bb tablet_text_alignment=\u00bbdefault\u00bb phone_text_alignment=\u00bbdefault\u00bb background_color_opacity=\u00bb1&#8243; background_hover_color_opacity=\u00bb1&#8243; column_backdrop_filter=\u00bbnone\u00bb column_shadow=\u00bbnone\u00bb column_border_radius=\u00bbnone\u00bb column_link_target=\u00bb_self\u00bb column_position=\u00bbdefault\u00bb gradient_direction=\u00bbleft_to_right\u00bb overlay_strength=\u00bb0.3&#8243; width=\u00bb1\/1&#8243; tablet_width_inherit=\u00bbdefault\u00bb animation_type=\u00bbdefault\u00bb bg_image_animation=\u00bbnone\u00bb border_type=\u00bbsimple\u00bb column_border_width=\u00bbnone\u00bb column_border_style=\u00bbsolid\u00bb][vc_row_inner equal_height=\u00bbyes\u00bb content_placement=\u00bbmiddle\u00bb column_margin=\u00bbdefault\u00bb column_direction=\u00bbdefault\u00bb column_direction_tablet=\u00bbdefault\u00bb column_direction_phone=\u00bbdefault\u00bb text_align=\u00bbleft\u00bb row_position=\u00bbdefault\u00bb row_position_tablet=\u00bbinherit\u00bb row_position_phone=\u00bbinherit\u00bb overflow=\u00bbvisible\u00bb pointer_events=\u00bball\u00bb css=\u00bb.vc_custom_1743430751986{margin-bottom: -20px !important;}\u00bb][vc_column_inner column_padding=\u00bbno-extra-padding\u00bb column_padding_tablet=\u00bbinherit\u00bb column_padding_phone=\u00bbinherit\u00bb column_padding_position=\u00bball\u00bb column_element_direction_desktop=\u00bbdefault\u00bb column_element_spacing=\u00bbdefault\u00bb desktop_text_alignment=\u00bbdefault\u00bb tablet_text_alignment=\u00bbdefault\u00bb phone_text_alignment=\u00bbdefault\u00bb background_color_opacity=\u00bb1&#8243; background_hover_color_opacity=\u00bb1&#8243; column_backdrop_filter=\u00bbnone\u00bb column_shadow=\u00bbnone\u00bb column_border_radius=\u00bbnone\u00bb column_link_target=\u00bb_self\u00bb overflow=\u00bbvisible\u00bb gradient_direction=\u00bbleft_to_right\u00bb overlay_strength=\u00bb0.3&#8243; width=\u00bb1\/2&#8243; tablet_width_inherit=\u00bbdefault\u00bb animation_type=\u00bbdefault\u00bb bg_image_animation=\u00bbnone\u00bb border_type=\u00bbsimple\u00bb column_border_width=\u00bbnone\u00bb column_border_style=\u00bbsolid\u00bb column_padding_type=\u00bbdefault\u00bb gradient_type=\u00bbdefault\u00bb][vc_column_text css=\u00bb\u00bb text_direction=\u00bbdefault\u00bb]\n<h2><b>Tradici\u00f3n, cultura y vida en Oviedo<\/b><\/h2>\n[\/vc_column_text][vc_column_text css=\u00bb\u00bb text_direction=\u00bbdefault\u00bb]<span style=\"font-weight: 400;\">Oviedo es una ciudad con alma asturiana, donde trabajar se combina f\u00e1cilmente con disfrutar de su entorno. Al terminar la jornada, puedes pasear por su casco antiguo, tomar una sidra en una terraza o explorar su patrimonio hist\u00f3rico. Una ciudad acogedora y vibrante, donde tradici\u00f3n, cultura y modernidad conviven de forma natural.<\/span>[\/vc_column_text][\/vc_column_inner][vc_column_inner column_padding=\u00bbno-extra-padding\u00bb column_padding_tablet=\u00bbinherit\u00bb column_padding_phone=\u00bbinherit\u00bb column_padding_position=\u00bball\u00bb column_element_direction_desktop=\u00bbdefault\u00bb column_element_spacing=\u00bbdefault\u00bb desktop_text_alignment=\u00bbdefault\u00bb tablet_text_alignment=\u00bbdefault\u00bb phone_text_alignment=\u00bbdefault\u00bb background_color_opacity=\u00bb1&#8243; background_hover_color_opacity=\u00bb1&#8243; column_backdrop_filter=\u00bbnone\u00bb column_shadow=\u00bbnone\u00bb column_border_radius=\u00bbnone\u00bb column_link_target=\u00bb_self\u00bb overflow=\u00bbvisible\u00bb gradient_direction=\u00bbleft_to_right\u00bb overlay_strength=\u00bb0.3&#8243; width=\u00bb1\/2&#8243; tablet_width_inherit=\u00bbdefault\u00bb animation_type=\u00bbdefault\u00bb bg_image_animation=\u00bbnone\u00bb border_type=\u00bbsimple\u00bb column_border_width=\u00bbnone\u00bb column_border_style=\u00bbsolid\u00bb][image_with_animation image_url=\u00bb7022039&#8243; image_size=\u00bblarge_featured\u00bb animation_type=\u00bbentrance\u00bb animation=\u00bbNone\u00bb animation_movement_type=\u00bbtransform_y\u00bb hover_animation=\u00bbnone\u00bb alignment=\u00bb\u00bb border_radius=\u00bbnone\u00bb box_shadow=\u00bbnone\u00bb image_loading=\u00bbdefault\u00bb max_width=\u00bb100%\u00bb max_width_mobile=\u00bbdefault\u00bb][\/vc_column_inner][\/vc_row_inner][carousel script=\u00bbflickity\u00bb flickity_formatting=\u00bbdefault\u00bb desktop_cols_flickity=\u00bb2&#8243; desktop_small_cols_flickity=\u00bb2&#8243; tablet_cols_flickity=\u00bb2&#8243; phone_cols_flickity=\u00bb1&#8243; flickity_controls=\u00bbdefault\u00bb color=\u00bbaccent-color\u00bb flickity_overflow=\u00bbvisible\u00bb flickity_wrap_around=\u00bbno-wrap\u00bb pagination_alignment_flickity=\u00bbdefault\u00bb flickity_spacing=\u00bbdefault\u00bb flickity_column_vertical_alignment=\u00bbdefault\u00bb column_padding=\u00bb0&#8243; flickity_element_spacing=\u00bbdefault\u00bb border_radius=\u00bbnone\u00bb][item simple_slider_bg_image_position=\u00bbdefault\u00bb simple_slider_overlay_strength=\u00bb0.3&#8243; simple_slider_bg_image_loading=\u00bbdefault\u00bb id=\u00bb1747037310758-7&#8243; title=\u00bbItem\u00bb tab_id=\u00bb1747037310758-5&#8243;][vc_row_inner equal_height=\u00bbyes\u00bb content_placement=\u00bbmiddle\u00bb column_margin=\u00bbdefault\u00bb column_direction=\u00bbdefault\u00bb column_direction_tablet=\u00bbdefault\u00bb column_direction_phone=\u00bbdefault\u00bb text_align=\u00bbleft\u00bb row_position=\u00bbdefault\u00bb row_position_tablet=\u00bbinherit\u00bb row_position_phone=\u00bbinherit\u00bb overflow=\u00bbvisible\u00bb pointer_events=\u00bball\u00bb css=\u00bb.vc_custom_1741006707052{margin-top: 5% !important;}\u00bb][vc_column_inner column_padding=\u00bbpadding-3-percent\u00bb column_padding_tablet=\u00bbinherit\u00bb column_padding_phone=\u00bbinherit\u00bb column_padding_position=\u00bball\u00bb column_element_direction_desktop=\u00bbdefault\u00bb column_element_spacing=\u00bbdefault\u00bb desktop_text_alignment=\u00bbdefault\u00bb tablet_text_alignment=\u00bbdefault\u00bb phone_text_alignment=\u00bbdefault\u00bb background_color=\u00bb#ffffff\u00bb background_color_opacity=\u00bb1&#8243; background_hover_color_opacity=\u00bb1&#8243; column_backdrop_filter=\u00bbnone\u00bb column_shadow=\u00bbnone\u00bb column_border_radius=\u00bb15px\u00bb column_link_target=\u00bb_self\u00bb overflow=\u00bbvisible\u00bb enable_gradient=\u00bbtrue\u00bb color_overlay_2=\u00bb#f9fafb\u00bb gradient_direction=\u00bbleft_t_to_right_b\u00bb overlay_strength=\u00bb1&#8243; width=\u00bb1\/1&#8243; tablet_width_inherit=\u00bbdefault\u00bb animation_type=\u00bbdefault\u00bb bg_image_animation=\u00bbnone\u00bb border_type=\u00bbsimple\u00bb column_border_width=\u00bb1px\u00bb column_border_color=\u00bb#e8e8e8&#8243; column_border_style=\u00bbsolid\u00bb column_padding_type=\u00bbdefault\u00bb gradient_type=\u00bbdefault\u00bb][vc_column_text css=\u00bb\u00bb text_direction=\u00bbdefault\u00bb]\n<h3><span style=\"color: #33cccc;\"><b>Fiestas populares<\/b><\/span><\/h3>\n<p><span style=\"font-weight: 400;\">Las Fiestas de San Mateo, en septiembre, son el gran evento festivo de la ciudad: conciertos, teatro en la calle, fuegos artificiales y la tradicional \u00abdescarga\u00bb llenan Oviedo de ambiente durante m\u00e1s de una semana. Tambi\u00e9n destacan celebraciones como la Semana Santa, la Ascensi\u00f3n o el D\u00eda de Am\u00e9rica en Asturias, con desfiles y muestras folcl\u00f3ricas que reflejan la conexi\u00f3n con la emigraci\u00f3n asturiana.<\/span>[\/vc_column_text][\/vc_column_inner][\/vc_row_inner][\/item][item simple_slider_bg_image_position=\u00bbdefault\u00bb simple_slider_overlay_strength=\u00bb0.3&#8243; simple_slider_bg_image_loading=\u00bbdefault\u00bb id=\u00bb1747037310815-9&#8243; title=\u00bbItem\u00bb tab_id=\u00bb1747037310816-5&#8243;][vc_row_inner equal_height=\u00bbyes\u00bb content_placement=\u00bbmiddle\u00bb column_margin=\u00bbdefault\u00bb column_direction=\u00bbdefault\u00bb column_direction_tablet=\u00bbdefault\u00bb column_direction_phone=\u00bbdefault\u00bb text_align=\u00bbleft\u00bb row_position=\u00bbdefault\u00bb row_position_tablet=\u00bbinherit\u00bb row_position_phone=\u00bbinherit\u00bb overflow=\u00bbvisible\u00bb pointer_events=\u00bball\u00bb css=\u00bb.vc_custom_1741006707052{margin-top: 5% !important;}\u00bb][vc_column_inner column_padding=\u00bbpadding-3-percent\u00bb column_padding_tablet=\u00bbinherit\u00bb column_padding_phone=\u00bbinherit\u00bb column_padding_position=\u00bball\u00bb column_element_direction_desktop=\u00bbdefault\u00bb column_element_spacing=\u00bbdefault\u00bb desktop_text_alignment=\u00bbdefault\u00bb tablet_text_alignment=\u00bbdefault\u00bb phone_text_alignment=\u00bbdefault\u00bb background_color=\u00bb#ffffff\u00bb background_color_opacity=\u00bb1&#8243; background_hover_color_opacity=\u00bb1&#8243; column_backdrop_filter=\u00bbnone\u00bb column_shadow=\u00bbnone\u00bb column_border_radius=\u00bb15px\u00bb column_link_target=\u00bb_self\u00bb overflow=\u00bbvisible\u00bb enable_gradient=\u00bbtrue\u00bb color_overlay_2=\u00bb#f9fafb\u00bb gradient_direction=\u00bbleft_t_to_right_b\u00bb overlay_strength=\u00bb1&#8243; width=\u00bb1\/1&#8243; tablet_width_inherit=\u00bbdefault\u00bb animation_type=\u00bbdefault\u00bb bg_image_animation=\u00bbnone\u00bb border_type=\u00bbsimple\u00bb column_border_width=\u00bb1px\u00bb column_border_color=\u00bb#e8e8e8&#8243; column_border_style=\u00bbsolid\u00bb column_padding_type=\u00bbdefault\u00bb gradient_type=\u00bbdefault\u00bb][vc_column_text css=\u00bb\u00bb text_direction=\u00bbdefault\u00bb]\n<h3><span style=\"color: #33cccc;\"><b>Cultura y espect\u00e1culos<\/b><\/span><\/h3>\n<p><span style=\"font-weight: 400;\">Oviedo cuenta con una intensa agenda cultural. El Teatro Campoamor \u2014sede de los Premios Princesa de Asturias\u2014 y el Teatro Filarm\u00f3nica ofrecen \u00f3pera, conciertos y teatro durante todo el a\u00f1o. El Auditorio Pr\u00edncipe Felipe y espacios como el Centro de Arte LABoral completan la programaci\u00f3n con m\u00fasica cl\u00e1sica, contempor\u00e1nea y exposiciones. La ciudad tambi\u00e9n acoge festivales como el FICX (Gij\u00f3n) y el de Cine de Terror de Avil\u00e9s, a pocos kil\u00f3metros.<\/span>[\/vc_column_text][\/vc_column_inner][\/vc_row_inner][\/item][item simple_slider_bg_image_position=\u00bbdefault\u00bb simple_slider_overlay_strength=\u00bb0.3&#8243; simple_slider_bg_image_loading=\u00bbdefault\u00bb id=\u00bb1747037310873-0&#8243; title=\u00bbItem\u00bb tab_id=\u00bb1747037310874-7&#8243;][vc_row_inner equal_height=\u00bbyes\u00bb content_placement=\u00bbmiddle\u00bb column_margin=\u00bbdefault\u00bb column_direction=\u00bbdefault\u00bb column_direction_tablet=\u00bbdefault\u00bb column_direction_phone=\u00bbdefault\u00bb text_align=\u00bbleft\u00bb row_position=\u00bbdefault\u00bb row_position_tablet=\u00bbinherit\u00bb row_position_phone=\u00bbinherit\u00bb overflow=\u00bbvisible\u00bb pointer_events=\u00bball\u00bb css=\u00bb.vc_custom_1741006707052{margin-top: 5% !important;}\u00bb][vc_column_inner column_padding=\u00bbpadding-3-percent\u00bb column_padding_tablet=\u00bbinherit\u00bb column_padding_phone=\u00bbinherit\u00bb column_padding_position=\u00bball\u00bb column_element_direction_desktop=\u00bbdefault\u00bb column_element_spacing=\u00bbdefault\u00bb desktop_text_alignment=\u00bbdefault\u00bb tablet_text_alignment=\u00bbdefault\u00bb phone_text_alignment=\u00bbdefault\u00bb background_color=\u00bb#ffffff\u00bb background_color_opacity=\u00bb1&#8243; background_hover_color_opacity=\u00bb1&#8243; column_backdrop_filter=\u00bbnone\u00bb column_shadow=\u00bbnone\u00bb column_border_radius=\u00bb15px\u00bb column_link_target=\u00bb_self\u00bb overflow=\u00bbvisible\u00bb enable_gradient=\u00bbtrue\u00bb color_overlay_2=\u00bb#f9fafb\u00bb gradient_direction=\u00bbleft_t_to_right_b\u00bb overlay_strength=\u00bb1&#8243; width=\u00bb1\/1&#8243; tablet_width_inherit=\u00bbdefault\u00bb animation_type=\u00bbdefault\u00bb bg_image_animation=\u00bbnone\u00bb border_type=\u00bbsimple\u00bb column_border_width=\u00bb1px\u00bb column_border_color=\u00bb#e8e8e8&#8243; column_border_style=\u00bbsolid\u00bb column_padding_type=\u00bbdefault\u00bb gradient_type=\u00bbdefault\u00bb][vc_column_text css=\u00bb\u00bb text_direction=\u00bbdefault\u00bb]\n<h3><span style=\"color: #33cccc;\"><b>Gastronom\u00eda asturiana con sabor y tradici\u00f3n<\/b><\/span><\/h3>\n<p><span style=\"font-weight: 400;\">Comer en Oviedo es siempre un placer. Desde fabada, cachopo o caldereta de pescado hasta tapas de autor en el centro, la cocina ovetense combina productos de calidad con tradici\u00f3n y modernidad. La sidra asturiana \u2014escanciada en mesa\u2014 es imprescindible, y se disfruta en sidrer\u00edas de Gascona, el Font\u00e1n o barrios como La Florida o Pumar\u00edn.<\/span>[\/vc_column_text][\/vc_column_inner][\/vc_row_inner][\/item][item simple_slider_bg_image_position=\u00bbdefault\u00bb simple_slider_overlay_strength=\u00bb0.3&#8243; simple_slider_bg_image_loading=\u00bbdefault\u00bb id=\u00bb1747037310928-9&#8243; title=\u00bbItem\u00bb tab_id=\u00bb1747037310929-5&#8243;][vc_row_inner equal_height=\u00bbyes\u00bb content_placement=\u00bbmiddle\u00bb column_margin=\u00bbdefault\u00bb column_direction=\u00bbdefault\u00bb column_direction_tablet=\u00bbdefault\u00bb column_direction_phone=\u00bbdefault\u00bb text_align=\u00bbleft\u00bb row_position=\u00bbdefault\u00bb row_position_tablet=\u00bbinherit\u00bb row_position_phone=\u00bbinherit\u00bb overflow=\u00bbvisible\u00bb pointer_events=\u00bball\u00bb css=\u00bb.vc_custom_1741006707052{margin-top: 5% !important;}\u00bb][vc_column_inner column_padding=\u00bbpadding-3-percent\u00bb column_padding_tablet=\u00bbinherit\u00bb column_padding_phone=\u00bbinherit\u00bb column_padding_position=\u00bball\u00bb column_element_direction_desktop=\u00bbdefault\u00bb column_element_spacing=\u00bbdefault\u00bb desktop_text_alignment=\u00bbdefault\u00bb tablet_text_alignment=\u00bbdefault\u00bb phone_text_alignment=\u00bbdefault\u00bb background_color=\u00bb#ffffff\u00bb background_color_opacity=\u00bb1&#8243; background_hover_color_opacity=\u00bb1&#8243; column_backdrop_filter=\u00bbnone\u00bb column_shadow=\u00bbnone\u00bb column_border_radius=\u00bb15px\u00bb column_link_target=\u00bb_self\u00bb overflow=\u00bbvisible\u00bb enable_gradient=\u00bbtrue\u00bb color_overlay_2=\u00bb#f9fafb\u00bb gradient_direction=\u00bbleft_t_to_right_b\u00bb overlay_strength=\u00bb1&#8243; width=\u00bb1\/1&#8243; tablet_width_inherit=\u00bbdefault\u00bb animation_type=\u00bbdefault\u00bb bg_image_animation=\u00bbnone\u00bb border_type=\u00bbsimple\u00bb column_border_width=\u00bb1px\u00bb column_border_color=\u00bb#e8e8e8&#8243; column_border_style=\u00bbsolid\u00bb column_padding_type=\u00bbdefault\u00bb gradient_type=\u00bbdefault\u00bb][vc_column_text css=\u00bb\u00bb text_direction=\u00bbdefault\u00bb]\n<h3><span style=\"color: #33cccc;\"><b>Entre ra\u00edces y vanguardia<\/b><\/span><\/h3>\n<p><span style=\"font-weight: 400;\">Oviedo es gaitas y \u00f3pera, arquitectura prerrom\u00e1nica y esculturas contempor\u00e1neas, romer\u00edas populares y museos de arte. Una ciudad que mantiene su esencia sin renunciar a la innovaci\u00f3n, donde cualquier profesional desplazado encontrar\u00e1 no solo un lugar eficiente para trabajar, sino tambi\u00e9n un entorno c\u00e1lido y lleno de vida donde quedarse un poco m\u00e1s.<\/span>[\/vc_column_text][\/vc_column_inner][\/vc_row_inner][\/item][\/carousel][divider line_type=\u00bbNo Line\u00bb custom_height=\u00bb2vw\u00bb][\/vc_column][\/vc_row][vc_row type=\u00bbfull_width_content\u00bb full_screen_row_position=\u00bbmiddle\u00bb column_margin=\u00bbcustom\u00bb column_margin_custom=\u00bb7vw\u00bb equal_height=\u00bbyes\u00bb content_placement=\u00bbmiddle\u00bb column_direction=\u00bbdefault\u00bb column_direction_tablet=\u00bbdefault\u00bb column_direction_phone=\u00bbdefault\u00bb bg_color=\u00bb#f9fafb\u00bb scene_position=\u00bbcenter\u00bb top_padding=\u00bb3%\u00bb bottom_padding=\u00bb12%\u00bb left_padding_desktop=\u00bb7vw\u00bb constrain_group_2=\u00bbyes\u00bb right_padding_desktop=\u00bb7vw\u00bb text_color=\u00bbdark\u00bb text_align=\u00bbleft\u00bb row_border_radius=\u00bbnone\u00bb row_border_radius_applies=\u00bbbg\u00bb overflow=\u00bbvisible\u00bb advanced_gradient_angle=\u00bb0&#8243; overlay_strength=\u00bb0.8&#8243; gradient_direction=\u00bbleft_to_right\u00bb shape_divider_color=\u00bb#000000&#8243; shape_divider_position=\u00bbbottom\u00bb shape_divider_height=\u00bb99%\u00bb bg_image_animation=\u00bbnone\u00bb shape_type=\u00bbstraight_section\u00bb gradient_type=\u00bbdefault\u00bb][vc_column left_padding_desktop=\u00bb2vw\u00bb column_element_direction_desktop=\u00bbdefault\u00bb column_element_spacing=\u00bbdefault\u00bb desktop_text_alignment=\u00bbdefault\u00bb tablet_text_alignment=\u00bbdefault\u00bb phone_text_alignment=\u00bbdefault\u00bb background_color_opacity=\u00bb1&#8243; background_hover_color_opacity=\u00bb1&#8243; column_backdrop_filter=\u00bbnone\u00bb column_shadow=\u00bbnone\u00bb column_border_radius=\u00bbnone\u00bb column_link_target=\u00bb_self\u00bb column_position=\u00bbdefault\u00bb advanced_gradient_angle=\u00bb0&#8243; gradient_direction=\u00bbleft_to_right\u00bb overlay_strength=\u00bb0.3&#8243; width=\u00bb1\/2&#8243; tablet_width_inherit=\u00bbdefault\u00bb animation_type=\u00bbdefault\u00bb bg_image_animation=\u00bbnone\u00bb border_type=\u00bbsimple\u00bb column_border_width=\u00bbnone\u00bb column_border_style=\u00bbsolid\u00bb column_padding_type=\u00bbadvanced\u00bb gradient_type=\u00bbdefault\u00bb][vc_row_inner column_margin=\u00bbdefault\u00bb column_direction=\u00bbdefault\u00bb column_direction_tablet=\u00bbdefault\u00bb column_direction_phone=\u00bbdefault\u00bb bottom_padding=\u00bb4%\u00bb text_align=\u00bbleft\u00bb row_position=\u00bbdefault\u00bb row_position_tablet=\u00bbinherit\u00bb row_position_phone=\u00bbinherit\u00bb overflow=\u00bbvisible\u00bb pointer_events=\u00bball\u00bb][vc_column_inner column_padding=\u00bbno-extra-padding\u00bb column_padding_tablet=\u00bbinherit\u00bb column_padding_phone=\u00bbinherit\u00bb column_padding_position=\u00bball\u00bb column_element_direction_desktop=\u00bbdefault\u00bb column_element_spacing=\u00bbdefault\u00bb centered_text=\u00bbtrue\u00bb desktop_text_alignment=\u00bbdefault\u00bb tablet_text_alignment=\u00bbdefault\u00bb phone_text_alignment=\u00bbdefault\u00bb background_color_opacity=\u00bb1&#8243; background_hover_color_opacity=\u00bb1&#8243; column_backdrop_filter=\u00bbnone\u00bb column_shadow=\u00bbnone\u00bb column_border_radius=\u00bbnone\u00bb column_link_target=\u00bb_self\u00bb overflow=\u00bbvisible\u00bb advanced_gradient_angle=\u00bb0&#8243; gradient_direction=\u00bbleft_to_right\u00bb overlay_strength=\u00bb0.3&#8243; width=\u00bb1\/1&#8243; tablet_width_inherit=\u00bbdefault\u00bb animation_type=\u00bbdefault\u00bb bg_image_animation=\u00bbnone\u00bb border_type=\u00bbsimple\u00bb column_border_width=\u00bbnone\u00bb column_border_style=\u00bbsolid\u00bb gradient_type=\u00bbdefault\u00bb][nectar_highlighted_text style=\u00bbnone\u00bb font_line_height=\u00bb1.2&#8243; text_direction=\u00bbdefault\u00bb]\n<h2><b>Preguntas frecuentes: todo lo que necesitas saber sobre el alquiler temporal en Oviedo con Homyspace<\/b><\/h2>\n[\/nectar_highlighted_text][\/vc_column_inner][\/vc_row_inner][toggles style=\u00bbminimal_shadow\u00bb accordion=\u00bbtrue\u00bb accordion_starting_functionality=\u00bbdefault\u00bb border_radius=\u00bbnone\u00bb][toggle color=\u00bbAccent-Color\u00bb heading_tag=\u00bbh3&#8243; heading_tag_functionality=\u00bbdefault\u00bb title=\u00bb\u00bfQu\u00e9 incluye el contrato de alquiler temporal en Oviedo con Homyspace?\u00bb][vc_column_text css=\u00bb\u00bb text_direction=\u00bbdefault\u00bb]<span style=\"font-weight: 400;\">En Homyspace utilizamos contratos espec\u00edficos para estancias por motivos profesionales. Estos documentos est\u00e1n pensados para ofrecer claridad y seguridad tanto a la empresa como al propietario. En ellos se recogen aspectos como la duraci\u00f3n del alquiler, las condiciones de uso, los servicios incluidos y las obligaciones de cada parte. Todo queda definido desde el principio para evitar malentendidos.<\/span>[\/vc_column_text][\/toggle][toggle color=\u00bbAccent-Color\u00bb heading_tag=\u00bbh3&#8243; heading_tag_functionality=\u00bbdefault\u00bb title=\u00bb\u00bfQu\u00e9 ocurre si hay que modificar las fechas o cancelar antes de tiempo?\u00bb][vc_column_text css=\u00bb\u00bb text_direction=\u00bbdefault\u00bb]<span style=\"font-weight: 400;\">Sabemos que los planes de trabajo pueden cambiar en cualquier momento. Si tu empresa necesita acortar la estancia o modificar las fechas en Oviedo, revisamos las condiciones acordadas y buscamos una soluci\u00f3n flexible que minimice los costes. Nuestro equipo est\u00e1 preparado para adaptarse r\u00e1pidamente a nuevas circunstancias.<\/span>[\/vc_column_text][\/toggle][toggle color=\u00bbAccent-Color\u00bb heading_tag=\u00bbh3&#8243; heading_tag_functionality=\u00bbdefault\u00bb title=\u00bb\u00bfCu\u00e1l es la duraci\u00f3n m\u00ednima para contratar un alquiler temporal en Oviedo?\u00bb][vc_column_text css=\u00bb\u00bb text_direction=\u00bbdefault\u00bb]<span style=\"font-weight: 400;\">Ofrecemos alojamientos a partir de 15 d\u00edas, y tambi\u00e9n gestionamos estancias m\u00e1s largas seg\u00fan las necesidades de cada empresa: desde proyectos de varias semanas hasta desplazamientos de varios meses. Estudiamos cada caso para ofrecerte la mejor opci\u00f3n en cuanto a ubicaci\u00f3n, precio y disponibilidad.<\/span>[\/vc_column_text][\/toggle][toggle color=\u00bbAccent-Color\u00bb heading_tag=\u00bbh3&#8243; heading_tag_functionality=\u00bbdefault\u00bb title=\u00bb\u00bfTu empresa va a trasladar personal a Oviedo y necesita alojamiento?\u00bb][vc_column_text css=\u00bb\u00bb text_direction=\u00bbdefault\u00bb]<span style=\"font-weight: 400;\">Escr\u00edbenos a <\/span><b>hola@homyspace.com<\/b><span style=\"font-weight: 400;\"> o cont\u00e1ctanos a trav\u00e9s de nuestra web. Te ayudaremos a encontrar la soluci\u00f3n perfecta para tu equipo, sin complicaciones.<\/span>[\/vc_column_text][\/toggle][\/toggles][nectar_btn size=\u00bblarge\u00bb open_new_tab=\u00bbtrue\u00bb button_style=\u00bbregular\u00bb button_color_2=\u00bbAccent-Color\u00bb icon_family=\u00bbnone\u00bb url=\u00bbhttps:\/\/www.homyspace.com\/solicitudes\/new?city=Oviedo%2C+Espa%C3%B1a&amp;request_channel=CITY_LANDING\u00bb text=\u00bbEncontrar alojamiento\u00bb css_animation=\u00bbnone\u00bb][nectar_responsive_text inherited_font_style=\u00bbdefault\u00bb font_size_desktop=\u00bb0.8rem\u00bb text_direction=\u00bbdefault\u00bb]en Oviedo[\/nectar_responsive_text][\/vc_column][vc_column right_padding_desktop=\u00bb2vw\u00bb top_margin_tablet=\u00bb10%\u00bb column_element_direction_desktop=\u00bbdefault\u00bb column_element_spacing=\u00bbdefault\u00bb desktop_text_alignment=\u00bbdefault\u00bb tablet_text_alignment=\u00bbdefault\u00bb phone_text_alignment=\u00bbdefault\u00bb background_color_opacity=\u00bb1&#8243; background_hover_color_opacity=\u00bb1&#8243; column_backdrop_filter=\u00bbnone\u00bb column_shadow=\u00bbnone\u00bb column_border_radius=\u00bbnone\u00bb column_link_target=\u00bb_self\u00bb column_position=\u00bbdefault\u00bb advanced_gradient_angle=\u00bb0&#8243; gradient_direction=\u00bbleft_to_right\u00bb overlay_strength=\u00bb0.3&#8243; width=\u00bb1\/2&#8243; tablet_width_inherit=\u00bbdefault\u00bb animation_type=\u00bbdefault\u00bb bg_image_animation=\u00bbnone\u00bb border_type=\u00bbsimple\u00bb column_border_width=\u00bbnone\u00bb column_border_style=\u00bbsolid\u00bb column_padding_type=\u00bbadvanced\u00bb gradient_type=\u00bbdefault\u00bb][vc_row_inner column_margin=\u00bbdefault\u00bb column_direction=\u00bbdefault\u00bb column_direction_tablet=\u00bbdefault\u00bb column_direction_phone=\u00bbdefault\u00bb text_align=\u00bbleft\u00bb row_position=\u00bbdefault\u00bb row_position_tablet=\u00bbinherit\u00bb row_position_phone=\u00bbinherit\u00bb overflow=\u00bbvisible\u00bb pointer_events=\u00bball\u00bb][vc_column_inner column_padding=\u00bbno-extra-padding\u00bb column_padding_tablet=\u00bbinherit\u00bb column_padding_phone=\u00bbinherit\u00bb column_padding_position=\u00bball\u00bb column_element_direction_desktop=\u00bbdefault\u00bb column_element_spacing=\u00bbdefault\u00bb desktop_text_alignment=\u00bbdefault\u00bb tablet_text_alignment=\u00bbdefault\u00bb phone_text_alignment=\u00bbdefault\u00bb background_color_opacity=\u00bb1&#8243; background_hover_color_opacity=\u00bb1&#8243; column_backdrop_filter=\u00bbnone\u00bb column_shadow=\u00bbnone\u00bb column_border_radius=\u00bbnone\u00bb column_link_target=\u00bb_self\u00bb overflow=\u00bbhidden\u00bb advanced_gradient_radial_position=\u00bbtop right\u00bb width=\u00bb1\/1&#8243; tablet_width_inherit=\u00bbdefault\u00bb animation_type=\u00bbdefault\u00bb bg_image_animation=\u00bbnone\u00bb border_type=\u00bbsimple\u00bb column_border_width=\u00bbnone\u00bb column_border_style=\u00bbsolid\u00bb column_padding_type=\u00bbdefault\u00bb gradient_type=\u00bbadvanced\u00bb advanced_gradient_display_type=\u00bbradial\u00bb][image_with_animation image_url=\u00bb7021547&#8243; image_size=\u00bbfull\u00bb animation_type=\u00bbentrance\u00bb animation=\u00bbFade In\u00bb animation_easing=\u00bbdefault\u00bb animation_movement_type=\u00bbtransform_y\u00bb hover_animation=\u00bbzoom-crop\u00bb alignment=\u00bb\u00bb img_link_large=\u00bbyes\u00bb border_radius=\u00bbnone\u00bb box_shadow=\u00bbnone\u00bb image_loading=\u00bbdefault\u00bb max_width=\u00bb100%\u00bb max_width_mobile=\u00bbdefault\u00bb][\/vc_column_inner][\/vc_row_inner][\/vc_column][\/vc_row]\n","protected":false},"excerpt":{"rendered":"<p>[vc_row type=\u00bbfull_width_content\u00bb full_screen_row_position=\u00bbmiddle\u00bb column_margin=\u00bb70px\u00bb equal_height=\u00bbyes\u00bb content_placement=\u00bbtop\u00bb column_direction=\u00bbdefault\u00bb column_direction_tablet=\u00bbdefault\u00bb column_direction_phone=\u00bbdefault\u00bb bg_color=\u00bb#f3f4f6&#8243; scene_position=\u00bbcenter\u00bb top_padding=\u00bb6%\u00bb constrain_group_1=\u00bbyes\u00bb bottom_padding=\u00bb6%\u00bb left_padding_desktop=\u00bb12%\u00bb constrain_group_2=\u00bbyes\u00bb right_padding_desktop=\u00bb12%\u00bb left_padding_phone=\u00bb0%\u00bb constrain_group_6=\u00bbyes\u00bb right_padding_phone=\u00bb0%\u00bb&#8230;<\/p>\n","protected":false},"author":1,"featured_media":0,"parent":0,"menu_order":0,"comment_status":"closed","ping_status":"closed","template":"","meta":{"footnotes":""},"class_list":["post-7022027","page","type-page","status-publish"],"_links":{"self":[{"href":"https:\/\/www.homyspace.com\/blog\/wp-json\/wp\/v2\/pages\/7022027","targetHints":{"allow":["GET"]}}],"collection":[{"href":"https:\/\/www.homyspace.com\/blog\/wp-json\/wp\/v2\/pages"}],"about":[{"href":"https:\/\/www.homyspace.com\/blog\/wp-json\/wp\/v2\/types\/page"}],"author":[{"embeddable":true,"href":"https:\/\/www.homyspace.com\/blog\/wp-json\/wp\/v2\/users\/1"}],"replies":[{"embeddable":true,"href":"https:\/\/www.homyspace.com\/blog\/wp-json\/wp\/v2\/comments?post=7022027"}],"version-history":[{"count":0,"href":"https:\/\/www.homyspace.com\/blog\/wp-json\/wp\/v2\/pages\/7022027\/revisions"}],"wp:attachment":[{"href":"https:\/\/www.homyspace.com\/blog\/wp-json\/wp\/v2\/media?parent=7022027"}],"curies":[{"name":"wp","href":"https:\/\/api.w.org\/{rel}","templated":true}]}}